{"id":2804,"date":"2025-12-24T14:57:57","date_gmt":"2025-12-24T12:57:57","guid":{"rendered":"https:\/\/corpeverest.com\/containers-everest\/"},"modified":"2026-02-02T16:30:49","modified_gmt":"2026-02-02T14:30:49","slug":"containers-everest","status":"publish","type":"page","link":"https:\/\/corpeverest.com\/ca\/containers-everest\/","title":{"rendered":"Containers Everest"},"content":{"rendered":"\n\n  <div class=\"banner has-hover has-video\" id=\"banner-1217652434\">\n          <div class=\"banner-inner fill\">\n        <div class=\"banner-bg fill\" >\n                        \t<div class=\"video-overlay no-click fill visible\"><\/div>\n\t<video class=\"video-bg fill visible\" preload playsinline autoplay muted loop>\n\t\t<source src=\"https:\/\/corpeverest.com\/wp-content\/uploads\/2023\/06\/productos-y-servicios.mp4\" type=\"video\/mp4\">\t<\/video>\n            <div class=\"overlay\"><\/div>            \n                    <\/div>\n\t\t\n        <div class=\"banner-layers container\">\n            <div class=\"fill banner-link\"><\/div>            \n\n   <div id=\"text-box-1895995984\" class=\"text-box banner-layer x95 md-x100 lg-x100 y100 md-y50 lg-y50 res-text\">\n                                <div class=\"text-box-content text dark\">\n              \n              <div class=\"text-inner text-right\">\n                  \n\n<h1><strong>Containers Everest<\/strong><\/h1>\n\n<div class=\"is-divider divider clearfix\" style=\"max-width:117px;height:13px;background-color:rgb(231, 59, 72);\"><\/div>\n\n\n              <\/div>\n           <\/div>\n                            \n<style>\n#text-box-1895995984 {\n  width: 90%;\n}\n#text-box-1895995984 .text-box-content {\n  font-size: 100%;\n}\n@media (min-width:550px) {\n  #text-box-1895995984 {\n    width: 100%;\n  }\n}\n<\/style>\n    <\/div>\n \n\n        <\/div>\n      <\/div>\n\n            \n<style>\n#banner-1217652434 {\n  padding-top: 200px;\n}\n#banner-1217652434 .overlay {\n  background-color: rgba(0, 0, 0, 0.2);\n}\n@media (min-width:550px) {\n  #banner-1217652434 {\n    padding-top: 400px;\n  }\n}\n<\/style>\n  <\/div>\n\n\n<div class=\"row\"  id=\"row-1612787351\">\n\n\n\t<div id=\"col-541838239\" class=\"col small-12 large-12\"  >\n\t\t\t\t<div class=\"col-inner\"  >\n\t\t\t\n\t\t\t\n\n<p><div class=\"row\"  id=\"row-386021067\"><\/p>\n<p>\n\t<div id=\"col-1227362847\" class=\"col small-12 large-12\"  >\n\t\t\t\t<div class=\"col-inner\"  >\n\t\t\t\n\t\t\t<\/p>\n<p><\/p>\n<p><span><span><a href=\"https:\/\/corpeverest.com\/ca\/\">Inicio<\/a><\/span><\/span><br \/>\n<\/p>\n<p>\t\t<\/div>\n\t\t\t\t\t<\/div>\n\n\t<\/p>\n<p><\/div><\/p>\n\n\n\n\t\t<\/div>\n\t\t\t\t\t<\/div>\n\n\t\n\n<\/div>\n\n<div class=\"wp-block-group is-layout-constrained wp-container-core-group-is-layout-d299dc80 wp-block-group-is-layout-constrained\" style=\"padding-bottom:var(--wp--preset--spacing--70)\">\n<div class=\"wp-block-columns are-vertically-aligned-center is-layout-flex wp-container-core-columns-is-layout-9d6595d7 wp-block-columns-is-layout-flex\">\n<div class=\"wp-block-column is-vertically-aligned-center is-layout-flow wp-block-column-is-layout-flow\">\n<h2 class=\"wp-block-heading bottom-line has-primary-color has-text-color has-link-color wp-elements-45c2951148763b8b9cb5ef575f11c52e\"><strong><strong>La soluci\u00f3 eficient i sostenible per a la gesti\u00f3 dels residus d&#8217;obra<\/strong><\/strong><\/h2>\n\n\n\n<p>A <strong>Containers Everest<\/strong> som especialistes en el <strong>lloguer, el transport i la gesti\u00f3 de residus derivats d&#8217;obres, demolicions i treballs de construcci\u00f3<\/strong> a tot Catalunya. Acompanyem empreses constructores, industrials i de reformes amb un servei professional, \u00e0gil i totalment alineat amb la normativa vigent. <\/p>\n\n\n\n<p>La nostra activitat se centra a facilitar una <strong>gesti\u00f3 de residus d&#8217;obra ordenada, segura i tra\u00e7able<\/strong> , posant a disposici\u00f3 de cada projecte els contenidors i les solucions m\u00e9s adequades segons el tipus de residu, el volum generat i les condicions de l&#8217;entorn de treball.<\/p>\n\n\n\n<p>Amb una operativa basada en <strong>mitjans propis<\/strong> , experi\u00e8ncia contrastada i un coneixement profund del sector de la construcci\u00f3, som un aliat t\u00e8cnic fiable per a obres de qualsevol dimensi\u00f3.<\/p>\n<\/div>\n\n\n\n<div class=\"wp-block-column is-vertically-aligned-center is-layout-flow wp-block-column-is-layout-flow\">\n<figure class=\"wp-block-image size-large\"><img loading=\"lazy\" decoding=\"async\" width=\"1024\" height=\"683\" src=\"https:\/\/corpeverest.com\/wp-content\/uploads\/2025\/11\/IMG_0478-1024x683.jpeg\" alt=\"\" class=\"wp-image-2554\" srcset=\"https:\/\/corpeverest.com\/wp-content\/uploads\/2025\/11\/IMG_0478-1024x683.jpeg 1024w, https:\/\/corpeverest.com\/wp-content\/uploads\/2025\/11\/IMG_0478-300x200.jpeg 300w, https:\/\/corpeverest.com\/wp-content\/uploads\/2025\/11\/IMG_0478-768x512.jpeg 768w, https:\/\/corpeverest.com\/wp-content\/uploads\/2025\/11\/IMG_0478-1536x1024.jpeg 1536w, https:\/\/corpeverest.com\/wp-content\/uploads\/2025\/11\/IMG_0478-2048x1365.jpeg 2048w\" sizes=\"auto, (max-width: 1024px) 100vw, 1024px\" \/><\/figure>\n<\/div>\n<\/div>\n\n\n\n<hr class=\"wp-block-separator has-alpha-channel-opacity\" style=\"margin-top:50px;margin-bottom:50px\"\/>\n\n\n\n<h2 class=\"wp-block-heading has-primary-color has-text-color has-link-color wp-elements-cdaada64759e99bf0cad7dd66aa6fe8f\" style=\"margin-top:var(--wp--preset--spacing--60);margin-bottom:var(--wp--preset--spacing--60)\"><strong><strong><strong>Qui som: una empresa l\u00edder en gesti\u00f3 de residus<\/strong><\/strong><\/strong><\/h2>\n\n\n\n<p><strong>Containers Everest<\/strong> forma part de <strong>Corporaci\u00f3n Everest<\/strong> , un grup amb d\u00e8cades d&#8217;experi\u00e8ncia en serveis mediambientals i gesti\u00f3 de residus a Catalunya. Dins del grup, la nostra especialitzaci\u00f3 \u00e9s clara i concreta: <strong>residus de construcci\u00f3, obra civil i demolicions<\/strong> . <\/p>\n\n\n\n<p>Treballem cada dia per oferir als nostres clients un servei efica\u00e7 i ben coordinat, des del lliurament del contenidor a obra fins a la retirada del residu per a la seva correcta gesti\u00f3. Comptem amb <strong>flota pr\u00f2pia, contenidors homologats i un equip operatiu especialitzat<\/strong> , cosa que ens permet garantir rapidesa, control i compliment legal en cada servei. <\/p>\n\n\n\n<p>El nostre enfocament \u00e9s pr\u00e0ctic i orientat a l&#8217;obra: entenem els ritmes del sector, les exig\u00e8ncies t\u00e8cniques i la import\u00e0ncia de complir terminis sense complicacions.<\/p>\n\n\n\n<h2 class=\"wp-block-heading has-primary-color has-text-color has-link-color wp-elements-37401f51c9b52c545c4066e4080e49a8\" style=\"margin-top:var(--wp--preset--spacing--60);margin-bottom:var(--wp--preset--spacing--60)\"><strong><strong><strong><strong>Els nostres serveis principals<\/strong><\/strong><\/strong><\/strong><\/h2>\n<\/div>\n\n<div class=\"wp-block-group has-background is-layout-constrained wp-container-core-group-is-layout-f40491d9 wp-block-group-is-layout-constrained\" style=\"background-color:#f9f6f3;padding-top:var(--wp--preset--spacing--80);padding-bottom:var(--wp--preset--spacing--80)\">\n<div class=\"wp-block-columns are-vertically-aligned-center is-layout-flex wp-container-core-columns-is-layout-9d6595d7 wp-block-columns-is-layout-flex\">\n<div class=\"wp-block-column is-vertically-aligned-center is-layout-flow wp-block-column-is-layout-flow\">\n<h3 class=\"wp-block-heading has-primary-color has-text-color has-link-color wp-elements-b6614e04240b7ed863e55ffed840ac36\"><strong><strong><strong><strong>Lloguer de contenidors d\u00b4obra<\/strong><\/strong><\/strong><\/strong><\/h3>\n\n\n\n<figure class=\"wp-block-image size-large is-resized\" style=\"margin-top:var(--wp--preset--spacing--50);margin-right:0;margin-bottom:var(--wp--preset--spacing--50);margin-left:0\"><img decoding=\"async\" src=\"https:\/\/corpeverest.com\/wp-content\/uploads\/2025\/05\/IMG_0408-scaled.jpeg\" alt=\"\" style=\"aspect-ratio:16\/9;object-fit:cover;width:530px\"\/><\/figure>\n\n\n\n<p>El <strong>lloguer de contenidors<\/strong> \u00e9s un dels serveis clau de Containers Everest. Est\u00e0 dissenyat per gestionar de forma eficient els residus generats en <strong>obres de construcci\u00f3, reformes, demolicions i feines d&#8217;obra civil<\/strong> , tant en entorns urbans com industrials. Disposem d&#8217;una <strong>\u00e0mplia gamma de contenidors<\/strong> adaptats a diferents volums i tipologies de residus d&#8217;obra. Tots els nostres contenidors estan homologats i preparats per a una operativa segura i conforme a la normativa.   <\/p>\n<\/div>\n\n\n\n<div class=\"wp-block-column is-vertically-aligned-center is-layout-flow wp-block-column-is-layout-flow\">\n<h4 class=\"wp-block-heading\"><strong>Per qu\u00e8 escollir el nostre servei de lloguer de contenidors dobra?<\/strong><\/h4>\n\n\n\n<ul class=\"wp-block-list\">\n<li>Lliurament i retirada r\u00e0pida, coordinada i professional.<\/li>\n\n\n\n<li>Contenidors adaptats a diferents volums i tipus dobra.<\/li>\n\n\n\n<li>Gesti\u00f3 integral del residu des de l&#8217;obra fins al tractament final, assegurant la tra\u00e7abilitat i la correcta derivaci\u00f3 a plantes autoritzades.<\/li>\n\n\n\n<li>Assessorament t\u00e8cnic per triar la soluci\u00f3 m\u00e9s adequada a cada cas.<\/li>\n<\/ul>\n\n\n\n<p>M\u00e9s enll\u00e0 del contenidor, aportem <strong>criteri i acompanyament<\/strong> per ajudar-te a organitzar millor la gesti\u00f3 de residus a la teva obra, evitant incid\u00e8ncies, impropis o retards.<\/p>\n\n\n\n<p>L&#8217;\u00fas de contenidors espec\u00edfics permet mantenir l&#8217;obra <strong>m\u00e9s ordenada, segura i alineada amb les exig\u00e8ncies legals<\/strong> , facilitant tamb\u00e9 la separaci\u00f3 correcta de residus quan \u00e9s necessari.<\/p>\n\n\n\n<p><strong>Donem servei a:<br\/><\/strong> Caldes de Montbui, Cardedeu, Franqueses del Vall\u00e8s, Granollers, Mollet del Vall\u00e8s, Parets del Vall\u00e8s, Sant Celoni, Cerdanyola del Vall\u00e8s, Montcada i Reixac, Rub\u00ed, <a href=\"https:\/\/corpeverest.com\/ca\/containers-everest\/lloguer-de-contenidors-per-a-obres-a-sabadell\/\">Sabadell<\/a> , Sant Cugat del Vall\u00e8s i Terrassa.<\/p>\n<\/div>\n<\/div>\n\n\n\n<hr class=\"wp-block-separator has-alpha-channel-opacity\" style=\"margin-top:50px;margin-bottom:50px\"\/>\n\n\n\n<div class=\"wp-block-columns are-vertically-aligned-center is-layout-flex wp-container-core-columns-is-layout-9d6595d7 wp-block-columns-is-layout-flex\">\n<div class=\"wp-block-column is-vertically-aligned-center is-layout-flow wp-block-column-is-layout-flow\">\n<h3 class=\"wp-block-heading has-primary-color has-text-color has-link-color wp-elements-6782acb944b1f073aa6a12bf621021ee\"><strong><strong><strong><strong><strong>Sacs de runes: una soluci\u00f3 pr\u00e0ctica i flexible<\/strong><\/strong><\/strong><\/strong><\/strong><\/h3>\n\n\n\n<figure class=\"wp-block-image size-full is-resized\" style=\"margin-top:var(--wp--preset--spacing--50);margin-right:0;margin-bottom:var(--wp--preset--spacing--50);margin-left:0\"><img loading=\"lazy\" decoding=\"async\" width=\"605\" height=\"401\" src=\"https:\/\/corpeverest.com\/wp-content\/uploads\/2025\/09\/servicios-recogida-residuos-diversos.png\" alt=\"\" class=\"wp-image-2501\" style=\"aspect-ratio:16\/9;object-fit:cover;width:530px\" srcset=\"https:\/\/corpeverest.com\/wp-content\/uploads\/2025\/09\/servicios-recogida-residuos-diversos.png 605w, https:\/\/corpeverest.com\/wp-content\/uploads\/2025\/09\/servicios-recogida-residuos-diversos-300x199.png 300w\" sizes=\"auto, (max-width: 605px) 100vw, 605px\" \/><\/figure>\n\n\n\n<p>Els <strong>sacs de runes (Big Bag)<\/strong> s\u00f3n una alternativa pr\u00e0ctica quan lespai disponible \u00e9s limitat o el volum de residu generat no justifica un contenidor tradicional. \u00c9s una soluci\u00f3 molt utilitzada en <strong>reformes interiors, rehabilitacions puntuals i treballs de petita escala<\/strong> . <\/p>\n<\/div>\n\n\n\n<div class=\"wp-block-column is-vertically-aligned-center is-layout-flow wp-block-column-is-layout-flow\">\n<p>Aquest servei permet:<\/p>\n\n\n\n<ul class=\"wp-block-list\">\n<li>Retireu residus de forma r\u00e0pida i econ\u00f2mica.<\/li>\n\n\n\n<li>Treballar en espais redu\u00efts on no hi cap un contenidor.<\/li>\n\n\n\n<li>Ideals per gestionar residus lleugers o barrejats propis dobra, sempre que no siguin residus perillosos.<\/li>\n<\/ul>\n\n\n\n<p>Els sacs de runa s\u00f3n adequats per a materials com terra, enderrocs, maons, fusta o materials cer\u00e0mics, sempre que no es tracti de residus perillosos. Una opci\u00f3 flexible que mant\u00e9 l&#8217;efici\u00e8ncia en la retirada i la gesti\u00f3 posterior dels residus. <\/p>\n\n\n\n<p><strong>Donem servei a:<br\/><\/strong> Caldes de Montbui, Cardedeu, Franqueses del Vall\u00e8s, Granollers, Mollet del Vall\u00e8s, Parets del Vall\u00e8s, Sant Celoni, Cerdanyola del Vall\u00e8s, Montcada i Reixac, Rub\u00ed, <a href=\"https:\/\/corpeverest.com\/ca\/containers-everest\/sacs-de-runa-a-sabadell\/\">Sabadell<\/a> , Sant Cugat del Vall\u00e8s i Terrassa.<\/p>\n<\/div>\n<\/div>\n<\/div>\n\n<div class=\"wp-block-group is-layout-constrained wp-container-core-group-is-layout-983e1a77 wp-block-group-is-layout-constrained\" style=\"padding-top:var(--wp--preset--spacing--70);padding-bottom:var(--wp--preset--spacing--70)\">\n<div class=\"wp-block-buttons is-content-justification-center is-layout-flex wp-container-core-buttons-is-layout-16018d1d wp-block-buttons-is-layout-flex\">\n<div class=\"wp-block-button\"><a class=\"wp-block-button__link has-white-color has-secondary-background-color has-text-color has-background has-link-color has-text-align-center wp-element-button\" href=\"#formulario\" style=\"border-radius:0px\">Demana el teu pressupost per a obra<\/a><\/div>\n<\/div>\n\n\n\n<hr class=\"wp-block-separator has-alpha-channel-opacity\" style=\"margin-top:50px;margin-bottom:50px\"\/>\n\n\n\n<h2 class=\"wp-block-heading has-primary-color has-text-color has-link-color wp-elements-bf52949bedcb9369261557f818f267f4\" style=\"margin-top:var(--wp--preset--spacing--60);margin-bottom:var(--wp--preset--spacing--60)\"><strong><strong>Avantatges de treballar amb Containers Everest<\/strong><\/strong><\/h2>\n\n\n\n<ul class=\"wp-block-list\">\n<li>Experi\u00e8ncia consolidada en residus dobra i construcci\u00f3.<\/li>\n\n\n\n<li>Solucions adaptades a cada tipus de projecte, volum i entorn.<\/li>\n\n\n\n<li>Gesti\u00f3 integral del residu, amb control del proc\u00e9s i tra\u00e7abilitat completa, derivant els residus a UTE Castellar, planta de valoritzaci\u00f3 de residus de la construcci\u00f3, quan la tipologia del residu ho permet.<\/li>\n\n\n\n<li>Operativa \u00e0gil, professional i ben coordinada.<\/li>\n\n\n\n<li>Acompanyament t\u00e8cnic per evitar errors i optimitzar-ne la gesti\u00f3.<\/li>\n\n\n\n<li>Pres\u00e8ncia local i coneixement del territori a Catalunya.<\/li>\n<\/ul>\n\n\n\n<div class=\"wp-block-columns are-vertically-aligned-center is-layout-flex wp-container-core-columns-is-layout-9d6595d7 wp-block-columns-is-layout-flex\">\n<div class=\"wp-block-column is-vertically-aligned-center is-layout-flow wp-block-column-is-layout-flow\">\n<h3 class=\"wp-block-heading has-primary-color has-text-color has-link-color wp-elements-eea02570e7aae07e7fbbe5770f3c64df\" style=\"margin-top:var(--wp--preset--spacing--60);margin-bottom:var(--wp--preset--spacing--60)\"><strong><strong><strong><strong>El nostre comprom\u00eds amb la sostenibilitat<\/strong><\/strong><\/strong><\/strong><\/h3>\n\n\n\n<p>A <strong>Containers Everest<\/strong> entenem que una gesti\u00f3 correcta de residus d&#8217;obra \u00e9s clau per avan\u00e7ar cap a un model de construcci\u00f3 m\u00e9s responsable. Per aix\u00f2, treballem alineats amb els principis de l&#8217; <strong>economia circular<\/strong> , prioritzant sempre que sigui possible la classificaci\u00f3 correcta i l&#8217;aprofitament dels materials. <\/p>\n\n\n\n<p>La nostra operativa est\u00e0 dissenyada per reduir impactes innecessaris, optimitzar rutes de transport i garantir que els residus es gestionen de conformitat amb la normativa. Comptar amb mitjans propis ens permet tenir <strong>m\u00e9s control, tra\u00e7abilitat i efici\u00e8ncia<\/strong> en tot el proc\u00e9s. <\/p>\n<\/div>\n\n\n\n<div class=\"wp-block-column is-vertically-aligned-center is-layout-flow wp-block-column-is-layout-flow\">\n<figure class=\"wp-block-image size-large\"><img loading=\"lazy\" decoding=\"async\" width=\"1024\" height=\"683\" src=\"https:\/\/corpeverest.com\/wp-content\/uploads\/2025\/12\/economia-circular-1024x683.jpg\" alt=\"\" class=\"wp-image-2608\" srcset=\"https:\/\/corpeverest.com\/wp-content\/uploads\/2025\/12\/economia-circular-1024x683.jpg 1024w, https:\/\/corpeverest.com\/wp-content\/uploads\/2025\/12\/economia-circular-300x200.jpg 300w, https:\/\/corpeverest.com\/wp-content\/uploads\/2025\/12\/economia-circular-768x512.jpg 768w, https:\/\/corpeverest.com\/wp-content\/uploads\/2025\/12\/economia-circular-1536x1024.jpg 1536w, https:\/\/corpeverest.com\/wp-content\/uploads\/2025\/12\/economia-circular.jpg 1920w\" sizes=\"auto, (max-width: 1024px) 100vw, 1024px\" \/><\/figure>\n\n\n\n<div class=\"wp-block-buttons is-content-justification-center is-layout-flex wp-container-core-buttons-is-layout-16018d1d wp-block-buttons-is-layout-flex\">\n<div class=\"wp-block-button\"><a class=\"wp-block-button__link has-white-color has-secondary-background-color has-text-color has-background has-link-color has-text-align-center wp-element-button\" href=\"https:\/\/corpeverest.com\/ca\/sostenibilitat\/\" style=\"border-radius:0px\">Vull saber m\u00e9s d&#8217;economia circular<\/a><\/div>\n<\/div>\n<\/div>\n<\/div>\n\n\n\n<hr class=\"wp-block-separator has-alpha-channel-opacity\" style=\"margin-top:50px;margin-bottom:50px\"\/>\n\n\n\n<h2 class=\"wp-block-heading has-text-align-left has-primary-color has-text-color has-link-color wp-elements-f5248709094533bcaf80dfafd9d4ff12\" id=\"formulario\" style=\"margin-top:var(--wp--preset--spacing--60);margin-bottom:var(--wp--preset--spacing--60)\"><strong><strong><strong><strong>Solucions per a la construcci\u00f3<\/strong><\/strong><\/strong><\/strong><\/h2>\n\n\n\n<div class=\"wp-block-columns are-vertically-aligned-center is-layout-flex wp-container-core-columns-is-layout-9d6595d7 wp-block-columns-is-layout-flex\">\n<div class=\"wp-block-column is-vertically-aligned-center is-layout-flow wp-block-column-is-layout-flow\" style=\"flex-basis:66.66%\">\n<p>Si necessites un <strong>servei professional de lloguer de contenidors d&#8217;obra<\/strong> o una soluci\u00f3 flexible amb <strong>sacs de runa<\/strong> , a Containers Everest trobar\u00e0s un aliat t\u00e8cnic fiable pel teu projecte.<\/p>\n\n\n\n<p>Treballem amb empreses del sector de la construcci\u00f3, reformes i obra civil que busquen <strong>efici\u00e8ncia, compliment i tranquil\u00b7litat operativa<\/strong> en la gesti\u00f3 dels residus.<\/p>\n\n\n\n<p><strong>Contacta amb el nostre equip i demana un pressupost personalitzat.<\/strong>  T&#8217;ajudem a gestionar els residus de la teva obra de manera m\u00e9s ordenada, efica\u00e7 i responsable.<\/p>\n<\/div>\n\n\n\n<div class=\"wp-block-column is-vertically-aligned-center is-layout-flow wp-block-column-is-layout-flow\" style=\"flex-basis:33.33%\">\n<div class=\"wp-block-contact-form-7-contact-form-selector\">\n<div class=\"wpcf7 no-js\" id=\"wpcf7-f1153-o1\" lang=\"ca\" dir=\"ltr\" data-wpcf7-id=\"1153\">\n<div class=\"screen-reader-response\"><p role=\"status\" aria-live=\"polite\" aria-atomic=\"true\"><\/p> <ul><\/ul><\/div>\n<form action=\"\/ca\/wp-json\/wp\/v2\/pages\/2804#wpcf7-f1153-o1\" method=\"post\" class=\"wpcf7-form init\" aria-label=\"Formulari de contacte\" novalidate=\"novalidate\" data-status=\"init\">\n<fieldset class=\"hidden-fields-container\"><input type=\"hidden\" name=\"_wpcf7\" value=\"1153\" \/><input type=\"hidden\" name=\"_wpcf7_version\" value=\"6.1.5\" \/><input type=\"hidden\" name=\"_wpcf7_locale\" value=\"ca\" \/><input type=\"hidden\" name=\"_wpcf7_unit_tag\" value=\"wpcf7-f1153-o1\" \/><input type=\"hidden\" name=\"_wpcf7_container_post\" value=\"0\" \/><input type=\"hidden\" name=\"_wpcf7_posted_data_hash\" value=\"\" \/><input type=\"hidden\" name=\"_wpcf7_recaptcha_response\" value=\"\" \/>\n<\/fieldset>\n<div class=\"row\">\n\t<div class=\"col medium-6 small-12 large-6\">\n\t\t<div class=\"col-inner\">\n\t\t\t<p><span class=\"wpcf7-form-control-wrap\" data-name=\"nom\"><input size=\"40\" maxlength=\"400\" class=\"wpcf7-form-control wpcf7-text wpcf7-validates-as-required\" aria-required=\"true\" aria-invalid=\"false\" placeholder=\"Nom i Cognoms*\" value=\"\" type=\"text\" name=\"nom\" \/><\/span>\n\t\t\t<\/p>\n\t\t<\/div>\n\t<\/div>\n\t<div class=\"col medium-6 small-12 large-6\">\n\t\t<div class=\"col-inner\">\n\t\t\t<p><span class=\"wpcf7-form-control-wrap\" data-name=\"empresa\"><input size=\"40\" maxlength=\"400\" class=\"wpcf7-form-control wpcf7-text wpcf7-validates-as-required\" aria-required=\"true\" aria-invalid=\"false\" placeholder=\"Empresa*\" value=\"\" type=\"text\" name=\"empresa\" \/><\/span>\n\t\t\t<\/p>\n\t\t<\/div>\n\t<\/div>\n\t<div class=\"col medium-6 small-12 large-6\">\n\t\t<div class=\"col-inner\">\n\t\t\t<p><span class=\"wpcf7-form-control-wrap\" data-name=\"telefon\"><input size=\"40\" maxlength=\"400\" class=\"wpcf7-form-control wpcf7-text wpcf7-validates-as-required\" autocomplete=\"phone\" aria-required=\"true\" aria-invalid=\"false\" placeholder=\"Tel\u00e8fon \/ M\u00f2bil *\" value=\"\" type=\"text\" name=\"telefon\" \/><\/span>\n\t\t\t<\/p>\n\t\t<\/div>\n\t<\/div>\n\t<div class=\"col medium-6 small-12 large-6\">\n\t\t<div class=\"col-inner\">\n\t\t\t<p><span class=\"wpcf7-form-control-wrap\" data-name=\"email\"><input size=\"40\" maxlength=\"400\" class=\"wpcf7-form-control wpcf7-email wpcf7-validates-as-required wpcf7-text wpcf7-validates-as-email\" aria-required=\"true\" aria-invalid=\"false\" placeholder=\"E-mail*\" value=\"\" type=\"email\" name=\"email\" \/><\/span>\n\t\t\t<\/p>\n\t\t<\/div>\n\t<\/div>\n\t<div class=\"col medium-12 small-12 large-12\">\n\t\t<div class=\"col-inner\">\n\t\t\t<p><span class=\"wpcf7-form-control-wrap\" data-name=\"assumpte\"><textarea cols=\"40\" rows=\"10\" maxlength=\"2000\" class=\"wpcf7-form-control wpcf7-textarea wpcf7-validates-as-required\" aria-required=\"true\" aria-invalid=\"false\" placeholder=\"Quelcom que h\u00e0gim de saber?*\" name=\"assumpte\"><\/textarea><\/span>\n\t\t\t<\/p>\n\t\t<\/div>\n\t<\/div>\n\t<div class=\"col medium-12 small-12 large-12\">\n\t\t<div class=\"col-inner\">\n\t\t\t<p><span class=\"wpcf7-form-control-wrap\" data-name=\"condiciones\"><span class=\"wpcf7-form-control wpcf7-acceptance\"><span class=\"wpcf7-list-item\"><label><input type=\"checkbox\" name=\"condiciones\" value=\"1\" aria-invalid=\"false\" \/><span class=\"wpcf7-list-item-label\">He llegit i accepto <a href=\"\/politica-de-privacidad-y-proteccion-de-datos\/\">les condicions<\/a><\/span><\/label><\/span><\/span><\/span>\n\t\t\t<\/p>\n\t\t<\/div>\n\t<\/div>\n\t<div class=\"col medium-12 small-12 large-12\">\n\t\t<div class=\"col-inner\">\n\t\t\t<p><input class=\"wpcf7-form-control wpcf7-submit has-spinner\" type=\"submit\" value=\"Enviar\" \/>\n\t\t\t<\/p>\n\t\t<\/div>\n\t<\/div>\n<\/div><div class=\"wpcf7-response-output\" aria-hidden=\"true\"><\/div>\n<\/form>\n<\/div>\n<\/div>\n<\/div>\n<\/div>\n<\/div>\n","protected":false},"excerpt":{"rendered":"<p>La soluci\u00f3 eficient i sostenible per a la gesti\u00f3 dels residus d&#8217;obra A Containers Everest som especialistes en el lloguer, el transport i la gesti\u00f3 de residus derivats d&#8217;obres, demolicions i treballs de construcci\u00f3 a tot Catalunya. Acompanyem empreses constructores, industrials i de reformes amb un servei professional, \u00e0gil i totalment alineat amb la normativa [&#8230;]\n","protected":false},"author":7,"featured_media":0,"parent":0,"menu_order":21,"comment_status":"closed","ping_status":"closed","template":"page-single-page-nav-transparent.php","meta":{"_acf_changed":false,"footnotes":""},"class_list":["post-2804","page","type-page","status-publish","hentry"],"acf":[],"yoast_head":"<!-- This site is optimized with the Yoast SEO plugin v27.0 - https:\/\/yoast.com\/product\/yoast-seo-wordpress\/ -->\n<title>Containers Everest | Gesti\u00f3 de contenidors i sacs de runa<\/title>\n<meta name=\"description\" content=\"Lloguer i gesti\u00f3 de contenidors d\u00b4obra a Catalunya amb entrega, recollida i tractament professional de residus. Solucions eficients.\" \/>\n<meta name=\"robots\" content=\"index, follow, max-snippet:-1, max-image-preview:large, max-video-preview:-1\" \/>\n<link rel=\"canonical\" href=\"https:\/\/corpeverest.com\/ca\/containers-everest\/\" \/>\n<meta property=\"og:locale\" content=\"ca_ES\" \/>\n<meta property=\"og:type\" content=\"article\" \/>\n<meta property=\"og:title\" content=\"Containers Everest | Gesti\u00f3 de contenidors i sacs de runa\" \/>\n<meta property=\"og:description\" content=\"Lloguer i gesti\u00f3 de contenidors d\u00b4obra a Catalunya amb entrega, recollida i tractament professional de residus. Solucions eficients.\" \/>\n<meta property=\"og:url\" content=\"https:\/\/corpeverest.com\/ca\/containers-everest\/\" \/>\n<meta property=\"og:site_name\" content=\"Corporaci\u00f3n Everest\" \/>\n<meta property=\"article:modified_time\" content=\"2026-02-02T14:30:49+00:00\" \/>\n<meta property=\"og:image\" content=\"https:\/\/corpeverest.com\/wp-content\/uploads\/2025\/11\/IMG_0478-scaled.jpeg\" \/>\n\t<meta property=\"og:image:width\" content=\"2560\" \/>\n\t<meta property=\"og:image:height\" content=\"1707\" \/>\n\t<meta property=\"og:image:type\" content=\"image\/jpeg\" \/>\n<meta name=\"twitter:card\" content=\"summary_large_image\" \/>\n<meta name=\"twitter:label1\" content=\"Temps estimat de lectura\" \/>\n\t<meta name=\"twitter:data1\" content=\"5 minuts\" \/>\n<script type=\"application\/ld+json\" class=\"yoast-schema-graph\">{\"@context\":\"https:\/\/schema.org\",\"@graph\":[{\"@type\":\"WebPage\",\"@id\":\"https:\/\/corpeverest.com\/ca\/containers-everest\/\",\"url\":\"https:\/\/corpeverest.com\/ca\/containers-everest\/\",\"name\":\"Containers Everest | Gesti\u00f3 de contenidors i sacs de runa\",\"isPartOf\":{\"@id\":\"https:\/\/corpeverest.com\/ca\/#website\"},\"primaryImageOfPage\":{\"@id\":\"https:\/\/corpeverest.com\/ca\/containers-everest\/#primaryimage\"},\"image\":{\"@id\":\"https:\/\/corpeverest.com\/ca\/containers-everest\/#primaryimage\"},\"thumbnailUrl\":\"https:\/\/corpeverest.com\/wp-content\/uploads\/2025\/11\/IMG_0478-1024x683.jpeg\",\"datePublished\":\"2025-12-24T12:57:57+00:00\",\"dateModified\":\"2026-02-02T14:30:49+00:00\",\"description\":\"Lloguer i gesti\u00f3 de contenidors d\u00b4obra a Catalunya amb entrega, recollida i tractament professional de residus. Solucions eficients.\",\"breadcrumb\":{\"@id\":\"https:\/\/corpeverest.com\/ca\/containers-everest\/#breadcrumb\"},\"inLanguage\":\"ca\",\"potentialAction\":[{\"@type\":\"ReadAction\",\"target\":[\"https:\/\/corpeverest.com\/ca\/containers-everest\/\"]}]},{\"@type\":\"ImageObject\",\"inLanguage\":\"ca\",\"@id\":\"https:\/\/corpeverest.com\/ca\/containers-everest\/#primaryimage\",\"url\":\"https:\/\/corpeverest.com\/wp-content\/uploads\/2025\/11\/IMG_0478-1024x683.jpeg\",\"contentUrl\":\"https:\/\/corpeverest.com\/wp-content\/uploads\/2025\/11\/IMG_0478-1024x683.jpeg\"},{\"@type\":\"BreadcrumbList\",\"@id\":\"https:\/\/corpeverest.com\/ca\/containers-everest\/#breadcrumb\",\"itemListElement\":[{\"@type\":\"ListItem\",\"position\":1,\"name\":\"Inicio\",\"item\":\"https:\/\/corpeverest.com\/ca\/\"},{\"@type\":\"ListItem\",\"position\":2,\"name\":\"Containers Everest\"}]},{\"@type\":\"WebSite\",\"@id\":\"https:\/\/corpeverest.com\/ca\/#website\",\"url\":\"https:\/\/corpeverest.com\/ca\/\",\"name\":\"Corporaci\u00f3n Everest\",\"description\":\"\",\"publisher\":{\"@id\":\"https:\/\/corpeverest.com\/ca\/#organization\"},\"potentialAction\":[{\"@type\":\"SearchAction\",\"target\":{\"@type\":\"EntryPoint\",\"urlTemplate\":\"https:\/\/corpeverest.com\/ca\/?s={search_term_string}\"},\"query-input\":{\"@type\":\"PropertyValueSpecification\",\"valueRequired\":true,\"valueName\":\"search_term_string\"}}],\"inLanguage\":\"ca\"},{\"@type\":\"Organization\",\"@id\":\"https:\/\/corpeverest.com\/ca\/#organization\",\"name\":\"Corporaci\u00f3n Everest\",\"url\":\"https:\/\/corpeverest.com\/ca\/\",\"logo\":{\"@type\":\"ImageObject\",\"inLanguage\":\"ca\",\"@id\":\"https:\/\/corpeverest.com\/ca\/#\/schema\/logo\/image\/\",\"url\":\"https:\/\/corpeverest.com\/wp-content\/uploads\/2025\/06\/Logo-Corp.-Everest-8-e1750092926475.png\",\"contentUrl\":\"https:\/\/corpeverest.com\/wp-content\/uploads\/2025\/06\/Logo-Corp.-Everest-8-e1750092926475.png\",\"width\":500,\"height\":180,\"caption\":\"Corporaci\u00f3n Everest\"},\"image\":{\"@id\":\"https:\/\/corpeverest.com\/ca\/#\/schema\/logo\/image\/\"}}]}<\/script>\n<!-- \/ Yoast SEO plugin. -->","yoast_head_json":{"title":"Containers Everest | Gesti\u00f3 de contenidors i sacs de runa","description":"Lloguer i gesti\u00f3 de contenidors d\u00b4obra a Catalunya amb entrega, recollida i tractament professional de residus. Solucions eficients.","robots":{"index":"index","follow":"follow","max-snippet":"max-snippet:-1","max-image-preview":"max-image-preview:large","max-video-preview":"max-video-preview:-1"},"canonical":"https:\/\/corpeverest.com\/ca\/containers-everest\/","og_locale":"ca_ES","og_type":"article","og_title":"Containers Everest | Gesti\u00f3 de contenidors i sacs de runa","og_description":"Lloguer i gesti\u00f3 de contenidors d\u00b4obra a Catalunya amb entrega, recollida i tractament professional de residus. Solucions eficients.","og_url":"https:\/\/corpeverest.com\/ca\/containers-everest\/","og_site_name":"Corporaci\u00f3n Everest","article_modified_time":"2026-02-02T14:30:49+00:00","og_image":[{"width":2560,"height":1707,"url":"https:\/\/corpeverest.com\/wp-content\/uploads\/2025\/11\/IMG_0478-scaled.jpeg","type":"image\/jpeg"}],"twitter_card":"summary_large_image","twitter_misc":{"Temps estimat de lectura":"5 minuts"},"schema":{"@context":"https:\/\/schema.org","@graph":[{"@type":"WebPage","@id":"https:\/\/corpeverest.com\/ca\/containers-everest\/","url":"https:\/\/corpeverest.com\/ca\/containers-everest\/","name":"Containers Everest | Gesti\u00f3 de contenidors i sacs de runa","isPartOf":{"@id":"https:\/\/corpeverest.com\/ca\/#website"},"primaryImageOfPage":{"@id":"https:\/\/corpeverest.com\/ca\/containers-everest\/#primaryimage"},"image":{"@id":"https:\/\/corpeverest.com\/ca\/containers-everest\/#primaryimage"},"thumbnailUrl":"https:\/\/corpeverest.com\/wp-content\/uploads\/2025\/11\/IMG_0478-1024x683.jpeg","datePublished":"2025-12-24T12:57:57+00:00","dateModified":"2026-02-02T14:30:49+00:00","description":"Lloguer i gesti\u00f3 de contenidors d\u00b4obra a Catalunya amb entrega, recollida i tractament professional de residus. Solucions eficients.","breadcrumb":{"@id":"https:\/\/corpeverest.com\/ca\/containers-everest\/#breadcrumb"},"inLanguage":"ca","potentialAction":[{"@type":"ReadAction","target":["https:\/\/corpeverest.com\/ca\/containers-everest\/"]}]},{"@type":"ImageObject","inLanguage":"ca","@id":"https:\/\/corpeverest.com\/ca\/containers-everest\/#primaryimage","url":"https:\/\/corpeverest.com\/wp-content\/uploads\/2025\/11\/IMG_0478-1024x683.jpeg","contentUrl":"https:\/\/corpeverest.com\/wp-content\/uploads\/2025\/11\/IMG_0478-1024x683.jpeg"},{"@type":"BreadcrumbList","@id":"https:\/\/corpeverest.com\/ca\/containers-everest\/#breadcrumb","itemListElement":[{"@type":"ListItem","position":1,"name":"Inicio","item":"https:\/\/corpeverest.com\/ca\/"},{"@type":"ListItem","position":2,"name":"Containers Everest"}]},{"@type":"WebSite","@id":"https:\/\/corpeverest.com\/ca\/#website","url":"https:\/\/corpeverest.com\/ca\/","name":"Corporaci\u00f3n Everest","description":"","publisher":{"@id":"https:\/\/corpeverest.com\/ca\/#organization"},"potentialAction":[{"@type":"SearchAction","target":{"@type":"EntryPoint","urlTemplate":"https:\/\/corpeverest.com\/ca\/?s={search_term_string}"},"query-input":{"@type":"PropertyValueSpecification","valueRequired":true,"valueName":"search_term_string"}}],"inLanguage":"ca"},{"@type":"Organization","@id":"https:\/\/corpeverest.com\/ca\/#organization","name":"Corporaci\u00f3n Everest","url":"https:\/\/corpeverest.com\/ca\/","logo":{"@type":"ImageObject","inLanguage":"ca","@id":"https:\/\/corpeverest.com\/ca\/#\/schema\/logo\/image\/","url":"https:\/\/corpeverest.com\/wp-content\/uploads\/2025\/06\/Logo-Corp.-Everest-8-e1750092926475.png","contentUrl":"https:\/\/corpeverest.com\/wp-content\/uploads\/2025\/06\/Logo-Corp.-Everest-8-e1750092926475.png","width":500,"height":180,"caption":"Corporaci\u00f3n Everest"},"image":{"@id":"https:\/\/corpeverest.com\/ca\/#\/schema\/logo\/image\/"}}]}},"_links":{"self":[{"href":"https:\/\/corpeverest.com\/ca\/wp-json\/wp\/v2\/pages\/2804","targetHints":{"allow":["GET"]}}],"collection":[{"href":"https:\/\/corpeverest.com\/ca\/wp-json\/wp\/v2\/pages"}],"about":[{"href":"https:\/\/corpeverest.com\/ca\/wp-json\/wp\/v2\/types\/page"}],"author":[{"embeddable":true,"href":"https:\/\/corpeverest.com\/ca\/wp-json\/wp\/v2\/users\/7"}],"replies":[{"embeddable":true,"href":"https:\/\/corpeverest.com\/ca\/wp-json\/wp\/v2\/comments?post=2804"}],"version-history":[{"count":2,"href":"https:\/\/corpeverest.com\/ca\/wp-json\/wp\/v2\/pages\/2804\/revisions"}],"predecessor-version":[{"id":2822,"href":"https:\/\/corpeverest.com\/ca\/wp-json\/wp\/v2\/pages\/2804\/revisions\/2822"}],"wp:attachment":[{"href":"https:\/\/corpeverest.com\/ca\/wp-json\/wp\/v2\/media?parent=2804"}],"curies":[{"name":"wp","href":"https:\/\/api.w.org\/{rel}","templated":true}]}}