{"id":2062,"date":"2025-05-20T20:01:40","date_gmt":"2025-05-20T18:01:40","guid":{"rendered":"https:\/\/dev.corpeverest.com\/tractament-de-residus\/industrials-i-comercials\/"},"modified":"2026-01-28T14:34:18","modified_gmt":"2026-01-28T12:34:18","slug":"industrials-i-comercials","status":"publish","type":"page","link":"https:\/\/corpeverest.com\/ca\/tractament-de-residus\/industrials-i-comercials\/","title":{"rendered":"Industrials i comercials"},"content":{"rendered":"\n\n  <div class=\"banner has-hover has-video\" id=\"banner-1111770557\">\n          <div class=\"banner-inner fill\">\n        <div class=\"banner-bg fill\" >\n                        \t<div class=\"video-overlay no-click fill visible\"><\/div>\n\t<video class=\"video-bg fill visible\" preload playsinline autoplay muted loop>\n\t\t<source src=\"https:\/\/corpeverest.com\/wp-content\/uploads\/2023\/06\/productos-y-servicios.mp4\" type=\"video\/mp4\">\t<\/video>\n            <div class=\"overlay\"><\/div>            \n                    <\/div>\n\t\t\n        <div class=\"banner-layers container\">\n            <div class=\"fill banner-link\"><\/div>            \n\n   <div id=\"text-box-1572599651\" class=\"text-box banner-layer x95 md-x100 lg-x100 y100 md-y50 lg-y50 res-text\">\n                                <div class=\"text-box-content text dark\">\n              \n              <div class=\"text-inner text-right\">\n                  \n\n<h1><strong>Industrials i comercials<\/strong><\/h1>\n<div class=\"is-divider divider clearfix\" style=\"max-width:117px;height:13px;background-color:rgb(231, 59, 72);\"><\/div>\n\n\n              <\/div>\n           <\/div>\n                            \n<style>\n#text-box-1572599651 {\n  width: 90%;\n}\n#text-box-1572599651 .text-box-content {\n  font-size: 100%;\n}\n@media (min-width:550px) {\n  #text-box-1572599651 {\n    width: 100%;\n  }\n}\n<\/style>\n    <\/div>\n \n\n        <\/div>\n      <\/div>\n\n            \n<style>\n#banner-1111770557 {\n  padding-top: 200px;\n}\n#banner-1111770557 .overlay {\n  background-color: rgba(0, 0, 0, 0.2);\n}\n@media (min-width:550px) {\n  #banner-1111770557 {\n    padding-top: 400px;\n  }\n}\n<\/style>\n  <\/div>\n\n\n<div class=\"row\"  id=\"row-1880729605\">\n\n\n\t<div id=\"col-1645487609\" class=\"col small-12 large-12\"  >\n\t\t\t\t<div class=\"col-inner\"  >\n\t\t\t\n\t\t\t\n\n<p><div class=\"row\"  id=\"row-878325289\"><\/p>\n<p>\n\t<div id=\"col-158058899\" class=\"col small-12 large-12\"  >\n\t\t\t\t<div class=\"col-inner\"  >\n\t\t\t\n\t\t\t<\/p>\n<p><\/p>\n<p><span><span><a href=\"https:\/\/corpeverest.com\/ca\/\">Inicio<\/a><\/span><\/span><br \/>\n<\/p>\n<p>\t\t<\/div>\n\t\t\t\t\t<\/div>\n\n\t<\/p>\n<p><\/div><\/p>\n\n\n\n\t\t<\/div>\n\t\t\t\t\t<\/div>\n\n\t\n\n<\/div>\n\n<div class=\"wp-block-group is-layout-constrained wp-container-core-group-is-layout-d299dc80 wp-block-group-is-layout-constrained\" style=\"padding-bottom:var(--wp--preset--spacing--70)\">\n<div class=\"wp-block-columns are-vertically-aligned-center is-layout-flex wp-container-core-columns-is-layout-9d6595d7 wp-block-columns-is-layout-flex\">\n<div class=\"wp-block-column is-vertically-aligned-center is-layout-flow wp-block-column-is-layout-flow\">\n<h2 class=\"wp-block-heading bottom-line has-primary-color has-text-color has-link-color wp-elements-4957c6dceccffc827dd6e0f5b8385815\"><strong><strong>Tractament de residus industrials i comercials<\/strong><\/strong><\/h2>\n\n\n\n<p align=\"justify\"><strong>PIRSA i PIDEC: les nostres plantes al servei de la valoritzaci\u00f3 i de l\u2019economia circular.<\/strong><\/p>\n<p align=\"justify\">Els residus industrials i comercials recollits per Foment del Reciclatge es tracten a les plantes PIRSA (Planta Intercomarcal del Reciclatge) i PIDEC (Planta Intercomarcal d&#8217;Economia Circular), instal\u00b7lacions pr\u00f2pies de Corporaci\u00f3 Everest dedicades al tractament i a la valoritzaci\u00f3 de residus no perillosos.<\/p>\n\n\n\n<p><\/p>\n<\/div>\n\n\n\n<div class=\"wp-block-column is-vertically-aligned-center is-layout-flow wp-block-column-is-layout-flow\">\n<figure class=\"wp-block-image size-large\"><img decoding=\"async\" src=\"https:\/\/corpeverest.com\/wp-content\/uploads\/2023\/06\/cdr.png\" alt=\"\"\/><\/figure>\n<\/div>\n<\/div>\n<\/div>\n\n<div class=\"wp-block-group has-background is-layout-constrained wp-container-core-group-is-layout-f40491d9 wp-block-group-is-layout-constrained\" style=\"background-color:#f9f6f3;padding-top:var(--wp--preset--spacing--80);padding-bottom:var(--wp--preset--spacing--80)\">\n<h2 class=\"wp-block-heading\"><strong>Solucions reals per a la ind\u00fastria<\/strong><\/h2>\n\n\n\n<p align=\"justify\">A les nostres plantes donem una nova vida als residus generats per empreses de tots els sectors. Gr\u00e0cies a processos optimitzats i a un enfocament centrat en l\u2019economia circular, transformem materials com ara paper, cartr\u00f3, pl\u00e0stics, metalls i fusta en nous recursos, contribuint a una gesti\u00f3 m\u00e9s responsable i eficient. <\/p>\n<p align=\"justify\">Comptem amb autoritzaci\u00f3 com a gestors de residus a Catalunya i operem sota normatives ISO, assegurant el compliment i la tra\u00e7abilitat de tot el proc\u00e9s.<\/p>\n\n\n\n<p><\/p>\n<\/div>\n\n<div class=\"wp-block-group is-layout-constrained wp-container-core-group-is-layout-983e1a77 wp-block-group-is-layout-constrained\" style=\"padding-top:var(--wp--preset--spacing--70);padding-bottom:var(--wp--preset--spacing--70)\">\n<div class=\"wp-block-columns are-vertically-aligned-center is-layout-flex wp-container-core-columns-is-layout-9d6595d7 wp-block-columns-is-layout-flex\">\n<div class=\"wp-block-column is-vertically-aligned-center is-layout-flow wp-block-column-is-layout-flow\">\n<figure class=\"wp-block-image size-large\"><img decoding=\"async\" src=\"https:\/\/corpeverest.com\/wp-content\/uploads\/2023\/10\/circularitat.png\" alt=\"\"\/><\/figure>\n<\/div>\n\n\n\n<div class=\"wp-block-column is-vertically-aligned-center is-layout-flow wp-block-column-is-layout-flow\">\n<h2 class=\"wp-block-heading has-primary-color has-text-color has-link-color wp-elements-96a3cbb25ca7fd6e230d68056c5b017a\"><strong>Parteix d&#8217;un circuit integral<\/strong><\/h2>\n\n\n\n<p align=\"justify\">Aquestes plantes de reciclatge formen part del model operatiu de Corporaci\u00f3 Everest, en qu\u00e8 controlem tot el cicle del residu, des de la recollida fins al tractament final, sense intermediaris.<\/p>\n\n\n\n<div class=\"wp-block-buttons is-layout-flex wp-block-buttons-is-layout-flex\">\n<div class=\"wp-block-button\"><a class=\"wp-block-button__link has-white-color has-secondary-background-color has-text-color has-background has-link-color wp-element-button\" href=\"https:\/\/corpeverest.com\/ca\/contacte\/\" style=\"border-radius:0px\"><strong>CONTACTE<\/strong><\/a><\/div>\n<\/div>\n<\/div>\n<\/div>\n<\/div>\n","protected":false},"excerpt":{"rendered":"<p>Tractament de residus industrials i comercials PIRSA i PIDEC: les nostres plantes al servei de la valoritzaci\u00f3 i de l\u2019economia circular. Els residus industrials i comercials recollits per Foment del Reciclatge es tracten a les plantes PIRSA (Planta Intercomarcal del Reciclatge) i PIDEC (Planta Intercomarcal d&#8217;Economia Circular), instal\u00b7lacions pr\u00f2pies de Corporaci\u00f3 Everest dedicades al tractament [&#8230;]\n","protected":false},"author":2,"featured_media":0,"parent":2060,"menu_order":1,"comment_status":"closed","ping_status":"closed","template":"page-single-page-nav-transparent.php","meta":{"_acf_changed":false,"footnotes":""},"class_list":["post-2062","page","type-page","status-publish","hentry"],"acf":[],"yoast_head":"<!-- This site is optimized with the Yoast SEO plugin v27.0 - https:\/\/yoast.com\/product\/yoast-seo-wordpress\/ -->\n<title>Tractament de Residus Industrials | Corporaci\u00f3 Everest<\/title>\n<meta name=\"description\" content=\"Oferim tractament de residus industrials eficient i segur: reciclatge, valoritzaci\u00f3 i gesti\u00f3 responsable per a la teva empresa.\" \/>\n<meta name=\"robots\" content=\"index, follow, max-snippet:-1, max-image-preview:large, max-video-preview:-1\" \/>\n<link rel=\"canonical\" href=\"https:\/\/corpeverest.com\/ca\/tractament-de-residus\/industrials-i-comercials\/\" \/>\n<meta property=\"og:locale\" content=\"ca_ES\" \/>\n<meta property=\"og:type\" content=\"article\" \/>\n<meta property=\"og:title\" content=\"Tractament de Residus Industrials | Corporaci\u00f3 Everest\" \/>\n<meta property=\"og:description\" content=\"Oferim tractament de residus industrials eficient i segur: reciclatge, valoritzaci\u00f3 i gesti\u00f3 responsable per a la teva empresa.\" \/>\n<meta property=\"og:url\" content=\"https:\/\/corpeverest.com\/ca\/tractament-de-residus\/industrials-i-comercials\/\" \/>\n<meta property=\"og:site_name\" content=\"Corporaci\u00f3n Everest\" \/>\n<meta property=\"article:modified_time\" content=\"2026-01-28T12:34:18+00:00\" \/>\n<meta property=\"og:image\" content=\"https:\/\/corpeverest.com\/wp-content\/uploads\/2023\/06\/cdr.png\" \/>\n<meta name=\"twitter:card\" content=\"summary_large_image\" \/>\n<meta name=\"twitter:label1\" content=\"Temps estimat de lectura\" \/>\n\t<meta name=\"twitter:data1\" content=\"1 minut\" \/>\n<script type=\"application\/ld+json\" class=\"yoast-schema-graph\">{\"@context\":\"https:\/\/schema.org\",\"@graph\":[{\"@type\":\"WebPage\",\"@id\":\"https:\/\/corpeverest.com\/ca\/tractament-de-residus\/industrials-i-comercials\/\",\"url\":\"https:\/\/corpeverest.com\/ca\/tractament-de-residus\/industrials-i-comercials\/\",\"name\":\"Tractament de Residus Industrials | Corporaci\u00f3 Everest\",\"isPartOf\":{\"@id\":\"https:\/\/corpeverest.com\/ca\/#website\"},\"primaryImageOfPage\":{\"@id\":\"https:\/\/corpeverest.com\/ca\/tractament-de-residus\/industrials-i-comercials\/#primaryimage\"},\"image\":{\"@id\":\"https:\/\/corpeverest.com\/ca\/tractament-de-residus\/industrials-i-comercials\/#primaryimage\"},\"thumbnailUrl\":\"https:\/\/corpeverest.com\/wp-content\/uploads\/2023\/06\/cdr.png\",\"datePublished\":\"2025-05-20T18:01:40+00:00\",\"dateModified\":\"2026-01-28T12:34:18+00:00\",\"description\":\"Oferim tractament de residus industrials eficient i segur: reciclatge, valoritzaci\u00f3 i gesti\u00f3 responsable per a la teva empresa.\",\"breadcrumb\":{\"@id\":\"https:\/\/corpeverest.com\/ca\/tractament-de-residus\/industrials-i-comercials\/#breadcrumb\"},\"inLanguage\":\"ca\",\"potentialAction\":[{\"@type\":\"ReadAction\",\"target\":[\"https:\/\/corpeverest.com\/ca\/tractament-de-residus\/industrials-i-comercials\/\"]}]},{\"@type\":\"ImageObject\",\"inLanguage\":\"ca\",\"@id\":\"https:\/\/corpeverest.com\/ca\/tractament-de-residus\/industrials-i-comercials\/#primaryimage\",\"url\":\"https:\/\/corpeverest.com\/wp-content\/uploads\/2023\/06\/cdr.png\",\"contentUrl\":\"https:\/\/corpeverest.com\/wp-content\/uploads\/2023\/06\/cdr.png\"},{\"@type\":\"BreadcrumbList\",\"@id\":\"https:\/\/corpeverest.com\/ca\/tractament-de-residus\/industrials-i-comercials\/#breadcrumb\",\"itemListElement\":[{\"@type\":\"ListItem\",\"position\":1,\"name\":\"Inicio\",\"item\":\"https:\/\/corpeverest.com\/ca\/\"},{\"@type\":\"ListItem\",\"position\":2,\"name\":\"Tractament de residus\",\"item\":\"https:\/\/corpeverest.com\/ca\/tractament-de-residus\/\"},{\"@type\":\"ListItem\",\"position\":3,\"name\":\"Industrials i comercials\"}]},{\"@type\":\"WebSite\",\"@id\":\"https:\/\/corpeverest.com\/ca\/#website\",\"url\":\"https:\/\/corpeverest.com\/ca\/\",\"name\":\"Corporaci\u00f3n Everest\",\"description\":\"\",\"publisher\":{\"@id\":\"https:\/\/corpeverest.com\/ca\/#organization\"},\"potentialAction\":[{\"@type\":\"SearchAction\",\"target\":{\"@type\":\"EntryPoint\",\"urlTemplate\":\"https:\/\/corpeverest.com\/ca\/?s={search_term_string}\"},\"query-input\":{\"@type\":\"PropertyValueSpecification\",\"valueRequired\":true,\"valueName\":\"search_term_string\"}}],\"inLanguage\":\"ca\"},{\"@type\":\"Organization\",\"@id\":\"https:\/\/corpeverest.com\/ca\/#organization\",\"name\":\"Corporaci\u00f3n Everest\",\"url\":\"https:\/\/corpeverest.com\/ca\/\",\"logo\":{\"@type\":\"ImageObject\",\"inLanguage\":\"ca\",\"@id\":\"https:\/\/corpeverest.com\/ca\/#\/schema\/logo\/image\/\",\"url\":\"https:\/\/corpeverest.com\/wp-content\/uploads\/2025\/06\/Logo-Corp.-Everest-8-e1750092926475.png\",\"contentUrl\":\"https:\/\/corpeverest.com\/wp-content\/uploads\/2025\/06\/Logo-Corp.-Everest-8-e1750092926475.png\",\"width\":500,\"height\":180,\"caption\":\"Corporaci\u00f3n Everest\"},\"image\":{\"@id\":\"https:\/\/corpeverest.com\/ca\/#\/schema\/logo\/image\/\"}}]}<\/script>\n<!-- \/ Yoast SEO plugin. -->","yoast_head_json":{"title":"Tractament de Residus Industrials | Corporaci\u00f3 Everest","description":"Oferim tractament de residus industrials eficient i segur: reciclatge, valoritzaci\u00f3 i gesti\u00f3 responsable per a la teva empresa.","robots":{"index":"index","follow":"follow","max-snippet":"max-snippet:-1","max-image-preview":"max-image-preview:large","max-video-preview":"max-video-preview:-1"},"canonical":"https:\/\/corpeverest.com\/ca\/tractament-de-residus\/industrials-i-comercials\/","og_locale":"ca_ES","og_type":"article","og_title":"Tractament de Residus Industrials | Corporaci\u00f3 Everest","og_description":"Oferim tractament de residus industrials eficient i segur: reciclatge, valoritzaci\u00f3 i gesti\u00f3 responsable per a la teva empresa.","og_url":"https:\/\/corpeverest.com\/ca\/tractament-de-residus\/industrials-i-comercials\/","og_site_name":"Corporaci\u00f3n Everest","article_modified_time":"2026-01-28T12:34:18+00:00","og_image":[{"url":"https:\/\/corpeverest.com\/wp-content\/uploads\/2023\/06\/cdr.png","type":"","width":"","height":""}],"twitter_card":"summary_large_image","twitter_misc":{"Temps estimat de lectura":"1 minut"},"schema":{"@context":"https:\/\/schema.org","@graph":[{"@type":"WebPage","@id":"https:\/\/corpeverest.com\/ca\/tractament-de-residus\/industrials-i-comercials\/","url":"https:\/\/corpeverest.com\/ca\/tractament-de-residus\/industrials-i-comercials\/","name":"Tractament de Residus Industrials | Corporaci\u00f3 Everest","isPartOf":{"@id":"https:\/\/corpeverest.com\/ca\/#website"},"primaryImageOfPage":{"@id":"https:\/\/corpeverest.com\/ca\/tractament-de-residus\/industrials-i-comercials\/#primaryimage"},"image":{"@id":"https:\/\/corpeverest.com\/ca\/tractament-de-residus\/industrials-i-comercials\/#primaryimage"},"thumbnailUrl":"https:\/\/corpeverest.com\/wp-content\/uploads\/2023\/06\/cdr.png","datePublished":"2025-05-20T18:01:40+00:00","dateModified":"2026-01-28T12:34:18+00:00","description":"Oferim tractament de residus industrials eficient i segur: reciclatge, valoritzaci\u00f3 i gesti\u00f3 responsable per a la teva empresa.","breadcrumb":{"@id":"https:\/\/corpeverest.com\/ca\/tractament-de-residus\/industrials-i-comercials\/#breadcrumb"},"inLanguage":"ca","potentialAction":[{"@type":"ReadAction","target":["https:\/\/corpeverest.com\/ca\/tractament-de-residus\/industrials-i-comercials\/"]}]},{"@type":"ImageObject","inLanguage":"ca","@id":"https:\/\/corpeverest.com\/ca\/tractament-de-residus\/industrials-i-comercials\/#primaryimage","url":"https:\/\/corpeverest.com\/wp-content\/uploads\/2023\/06\/cdr.png","contentUrl":"https:\/\/corpeverest.com\/wp-content\/uploads\/2023\/06\/cdr.png"},{"@type":"BreadcrumbList","@id":"https:\/\/corpeverest.com\/ca\/tractament-de-residus\/industrials-i-comercials\/#breadcrumb","itemListElement":[{"@type":"ListItem","position":1,"name":"Inicio","item":"https:\/\/corpeverest.com\/ca\/"},{"@type":"ListItem","position":2,"name":"Tractament de residus","item":"https:\/\/corpeverest.com\/ca\/tractament-de-residus\/"},{"@type":"ListItem","position":3,"name":"Industrials i comercials"}]},{"@type":"WebSite","@id":"https:\/\/corpeverest.com\/ca\/#website","url":"https:\/\/corpeverest.com\/ca\/","name":"Corporaci\u00f3n Everest","description":"","publisher":{"@id":"https:\/\/corpeverest.com\/ca\/#organization"},"potentialAction":[{"@type":"SearchAction","target":{"@type":"EntryPoint","urlTemplate":"https:\/\/corpeverest.com\/ca\/?s={search_term_string}"},"query-input":{"@type":"PropertyValueSpecification","valueRequired":true,"valueName":"search_term_string"}}],"inLanguage":"ca"},{"@type":"Organization","@id":"https:\/\/corpeverest.com\/ca\/#organization","name":"Corporaci\u00f3n Everest","url":"https:\/\/corpeverest.com\/ca\/","logo":{"@type":"ImageObject","inLanguage":"ca","@id":"https:\/\/corpeverest.com\/ca\/#\/schema\/logo\/image\/","url":"https:\/\/corpeverest.com\/wp-content\/uploads\/2025\/06\/Logo-Corp.-Everest-8-e1750092926475.png","contentUrl":"https:\/\/corpeverest.com\/wp-content\/uploads\/2025\/06\/Logo-Corp.-Everest-8-e1750092926475.png","width":500,"height":180,"caption":"Corporaci\u00f3n Everest"},"image":{"@id":"https:\/\/corpeverest.com\/ca\/#\/schema\/logo\/image\/"}}]}},"_links":{"self":[{"href":"https:\/\/corpeverest.com\/ca\/wp-json\/wp\/v2\/pages\/2062","targetHints":{"allow":["GET"]}}],"collection":[{"href":"https:\/\/corpeverest.com\/ca\/wp-json\/wp\/v2\/pages"}],"about":[{"href":"https:\/\/corpeverest.com\/ca\/wp-json\/wp\/v2\/types\/page"}],"author":[{"embeddable":true,"href":"https:\/\/corpeverest.com\/ca\/wp-json\/wp\/v2\/users\/2"}],"replies":[{"embeddable":true,"href":"https:\/\/corpeverest.com\/ca\/wp-json\/wp\/v2\/comments?post=2062"}],"version-history":[{"count":8,"href":"https:\/\/corpeverest.com\/ca\/wp-json\/wp\/v2\/pages\/2062\/revisions"}],"predecessor-version":[{"id":2799,"href":"https:\/\/corpeverest.com\/ca\/wp-json\/wp\/v2\/pages\/2062\/revisions\/2799"}],"up":[{"embeddable":true,"href":"https:\/\/corpeverest.com\/ca\/wp-json\/wp\/v2\/pages\/2060"}],"wp:attachment":[{"href":"https:\/\/corpeverest.com\/ca\/wp-json\/wp\/v2\/media?parent=2062"}],"curies":[{"name":"wp","href":"https:\/\/api.w.org\/{rel}","templated":true}]}}