{"id":2060,"date":"2025-05-20T20:01:23","date_gmt":"2025-05-20T18:01:23","guid":{"rendered":"https:\/\/dev.corpeverest.com\/tractament-de-residus\/"},"modified":"2026-01-28T14:34:29","modified_gmt":"2026-01-28T12:34:29","slug":"tractament-de-residus","status":"publish","type":"page","link":"https:\/\/corpeverest.com\/ca\/tractament-de-residus\/","title":{"rendered":"Tractament de residus"},"content":{"rendered":"\n\n  <div class=\"banner has-hover has-video\" id=\"banner-646693290\">\n          <div class=\"banner-inner fill\">\n        <div class=\"banner-bg fill\" >\n                        \t<div class=\"video-overlay no-click fill visible\"><\/div>\n\t<video class=\"video-bg fill visible\" preload playsinline autoplay muted loop>\n\t\t<source src=\"https:\/\/corpeverest.com\/wp-content\/uploads\/2023\/06\/productos-y-servicios.mp4\" type=\"video\/mp4\">\t<\/video>\n            <div class=\"overlay\"><\/div>            \n                    <\/div>\n\t\t\n        <div class=\"banner-layers container\">\n            <div class=\"fill banner-link\"><\/div>            \n\n   <div id=\"text-box-1256443527\" class=\"text-box banner-layer x95 md-x100 lg-x100 y100 md-y50 lg-y50 res-text\">\n                                <div class=\"text-box-content text dark\">\n              \n              <div class=\"text-inner text-right\">\n                  \n\n<h1><strong>Tractament de residus<\/strong><\/h1>\n<div class=\"is-divider divider clearfix\" style=\"max-width:117px;height:13px;background-color:rgb(231, 59, 72);\"><\/div>\n\n\n              <\/div>\n           <\/div>\n                            \n<style>\n#text-box-1256443527 {\n  width: 90%;\n}\n#text-box-1256443527 .text-box-content {\n  font-size: 100%;\n}\n@media (min-width:550px) {\n  #text-box-1256443527 {\n    width: 100%;\n  }\n}\n<\/style>\n    <\/div>\n \n\n        <\/div>\n      <\/div>\n\n            \n<style>\n#banner-646693290 {\n  padding-top: 200px;\n}\n#banner-646693290 .overlay {\n  background-color: rgba(0, 0, 0, 0.2);\n}\n@media (min-width:550px) {\n  #banner-646693290 {\n    padding-top: 400px;\n  }\n}\n<\/style>\n  <\/div>\n\n\n<div class=\"row\"  id=\"row-933737240\">\n\n\n\t<div id=\"col-1472449562\" class=\"col small-12 large-12\"  >\n\t\t\t\t<div class=\"col-inner\"  >\n\t\t\t\n\t\t\t\n\n<p><div class=\"row\"  id=\"row-84018069\"><\/p>\n<p>\n\t<div id=\"col-148433995\" class=\"col small-12 large-12\"  >\n\t\t\t\t<div class=\"col-inner\"  >\n\t\t\t\n\t\t\t<\/p>\n<p><\/p>\n<p><span><span><a href=\"https:\/\/corpeverest.com\/ca\/\">Inicio<\/a><\/span><\/span><br \/>\n<\/p>\n<p>\t\t<\/div>\n\t\t\t\t\t<\/div>\n\n\t<\/p>\n<p><\/div><\/p>\n\n\n\n\t\t<\/div>\n\t\t\t\t\t<\/div>\n\n\t\n\n<\/div>\n\n<div class=\"wp-block-group is-layout-constrained wp-container-core-group-is-layout-d299dc80 wp-block-group-is-layout-constrained\" style=\"padding-bottom:var(--wp--preset--spacing--70)\">\n<div class=\"wp-block-columns are-vertically-aligned-center is-layout-flex wp-container-core-columns-is-layout-9d6595d7 wp-block-columns-is-layout-flex\">\n<div class=\"wp-block-column is-vertically-aligned-center is-layout-flow wp-block-column-is-layout-flow\">\n<h2 class=\"wp-block-heading bottom-line has-primary-color has-text-color has-link-color wp-elements-ef5d3f8251f3088644cba87f011dbdaa\"><strong><strong>Tecnologia i comprom\u00eds ambiental al servei de la valoritzaci\u00f3 de residus industrials i de construcci\u00f3<\/strong><\/strong><\/h2>\n\n\n\n<p align=\"justify\">A Corporaci\u00f3 Everest comptem amb plantes de tractament pr\u00f2pies, equipades amb tecnologia d&#8217;\u00faltima generaci\u00f3, on gestionem residus industrials i de la construcci\u00f3 amb un enfocament en a l&#8217;efici\u00e8ncia operativa, la tra\u00e7abilitat i l&#8217;economia circular. Transformem residus en recursos de segona generaci\u00f3, reduint la petjada ambiental de les empreses que confien en nosaltres. <\/p>\n<\/div>\n\n\n\n<div class=\"wp-block-column is-vertically-aligned-center is-layout-flow wp-block-column-is-layout-flow\">\n<figure class=\"wp-block-image size-large\"><img decoding=\"async\" src=\"https:\/\/corpeverest.com\/wp-content\/uploads\/2025\/05\/compostaje-y-biodigestion.png\" alt=\"\"\/><\/figure>\n<\/div>\n<\/div>\n\n\n\n<div class=\"wp-block-columns are-vertically-aligned-center is-layout-flex wp-container-core-columns-is-layout-9d6595d7 wp-block-columns-is-layout-flex\">\n<div class=\"wp-block-column is-vertically-aligned-center is-layout-flow wp-block-column-is-layout-flow\">\n<figure class=\"wp-block-image size-large\"><img decoding=\"async\" src=\"https:\/\/corpeverest.com\/wp-content\/uploads\/2025\/05\/mision-edited.jpg\" alt=\"\"\/><\/figure>\n<\/div>\n\n\n\n<div class=\"wp-block-column is-vertically-aligned-center is-layout-flow wp-block-column-is-layout-flow\">\n<h2 class=\"wp-block-heading\"><strong>Liderem el tractament i la valoritzaci\u00f3 de residus a Catalunya<\/strong><\/h2>\n\n\n\n<p align=\"justify\">Des de fa m\u00e9s de 50 anys, a Corporaci\u00f3 Everest operem mitjan\u00e7ant un sistema complet i integrat de gesti\u00f3 i tractament de residus. <\/p>\n\n\n\n<p align=\"justify\">El nostre model es basa en la valoraci\u00f3 m\u00e0xima, el compliment normatiu m\u00e9s estricte i la tra\u00e7abilitat total de cada residu que gestionem. Aix\u00f2 ens converteix en el partner ideal per a empreses que busquen una soluci\u00f3 t\u00e8cnica, responsable i sostenible. <\/p>\n<\/div>\n<\/div>\n<\/div>\n\n<div class=\"wp-block-group has-background is-layout-constrained wp-container-core-group-is-layout-f40491d9 wp-block-group-is-layout-constrained\" style=\"background-color:#f9f6f3;padding-top:var(--wp--preset--spacing--80);padding-bottom:var(--wp--preset--spacing--80)\">\n<div class=\"wp-block-columns is-layout-flex wp-container-core-columns-is-layout-9d6595d7 wp-block-columns-is-layout-flex\">\n<div class=\"wp-block-column has-white-background-color has-background is-layout-flow wp-block-column-is-layout-flow\">\n<figure class=\"wp-block-image size-large is-resized is-style-default\" style=\"margin-top:0;margin-right:0;margin-bottom:0;margin-left:0\"><img decoding=\"async\" src=\"https:\/\/corpeverest.com\/wp-content\/uploads\/2025\/05\/conservacion-ambiental-jardin-ninos-300x200.jpg\" alt=\"\" style=\"aspect-ratio:16\/9;object-fit:cover;width:530px\"\/><\/figure>\n\n\n\n<div class=\"wp-block-group is-layout-constrained wp-container-core-group-is-layout-c0482d6a wp-block-group-is-layout-constrained\" style=\"padding-top:var(--wp--preset--spacing--50);padding-right:var(--wp--preset--spacing--50);padding-bottom:var(--wp--preset--spacing--50);padding-left:var(--wp--preset--spacing--50)\">\n<h2 class=\"wp-block-heading has-text-align-center has-primary-color has-text-color has-link-color\"><span style=\"font-size: 100%;\"><strong>Tractament de residus industrials<\/strong><\/span><\/h2>\n\n\n\n<p align=\"justify\">A les nostres plantes <strong>PIDEC i PIRSA<\/strong> , tractem residus procedents de l&#8217;activitat industrial i comercial. Aportem solucions personalitzades per a cada tipus de residu, assegurant el compliment de la normativa i certificant tot el proc\u00e9s. <\/p>\n\n\n\n<div class=\"wp-block-buttons is-content-justification-center is-layout-flex wp-container-core-buttons-is-layout-16018d1d wp-block-buttons-is-layout-flex\">\n<div class=\"wp-block-button\"><a class=\"wp-block-button__link has-white-color has-secondary-background-color has-text-color has-background has-link-color wp-element-button\" href=\"https:\/\/corpeverest.com\/ca\/tractament-de-residus\/industrials-i-comercials\/\" style=\"border-radius:0px\"><strong>SABER-NE M\u00c9S<\/strong><\/a><\/div>\n<\/div>\n<\/div>\n<\/div>\n\n\n\n<div class=\"wp-block-column has-white-background-color has-background is-layout-flow wp-block-column-is-layout-flow\">\n<figure class=\"wp-block-image size-large is-resized\" style=\"margin-top:0;margin-right:0;margin-bottom:0;margin-left:0\"><img decoding=\"async\" src=\"https:\/\/corpeverest.com\/wp-content\/uploads\/2025\/05\/pexels-life-of-pix-2489-300x200.jpg\" alt=\"\" style=\"aspect-ratio:16\/9;object-fit:cover;width:530px\"\/><\/figure>\n\n\n\n<div class=\"wp-block-group is-layout-constrained wp-container-core-group-is-layout-c0482d6a wp-block-group-is-layout-constrained\" style=\"padding-top:var(--wp--preset--spacing--50);padding-right:var(--wp--preset--spacing--50);padding-bottom:var(--wp--preset--spacing--50);padding-left:var(--wp--preset--spacing--50)\">\n<h2 class=\"wp-block-heading has-text-align-center has-primary-color has-text-color has-link-color\"><span style=\"font-size: 95%;\">Tractament de residus de construcci\u00f3<\/span><\/h2>\n<p><!--more--><\/p>\n\n\n\n<p align=\"justify\">A trav\u00e9s de <strong>UTE Castellar<\/strong> i dels nostres processos de valoritzaci\u00f3, transformem residus d&#8217;obra i demolici\u00f3 en recursos \u00fatils, com ara \u00e0rids reciclats. Tamb\u00e9 comptem amb dip\u00f2sit controlat per a residus no reciclables. <\/p>\n\n\n\n<div class=\"wp-block-buttons is-content-justification-center is-layout-flex wp-container-core-buttons-is-layout-16018d1d wp-block-buttons-is-layout-flex\">\n<div class=\"wp-block-button\"><a class=\"wp-block-button__link has-white-color has-secondary-background-color has-text-color has-background has-link-color wp-element-button\" href=\"https:\/\/corpeverest.com\/ca\/tractament-de-residus\/de-la-construccio\/\" style=\"border-radius:0px\"><strong>SABER-NE M\u00c9S<\/strong><\/a><\/div>\n<\/div>\n<\/div>\n<\/div>\n<\/div>\n<\/div>\n\n<div class=\"wp-block-group is-layout-constrained wp-container-core-group-is-layout-983e1a77 wp-block-group-is-layout-constrained\" style=\"padding-top:var(--wp--preset--spacing--70);padding-bottom:var(--wp--preset--spacing--70)\">\n<div class=\"wp-block-columns are-vertically-aligned-center is-layout-flex wp-container-core-columns-is-layout-9d6595d7 wp-block-columns-is-layout-flex\">\n<div class=\"wp-block-column is-vertically-aligned-center is-layout-flow wp-block-column-is-layout-flow\">\n<figure class=\"wp-block-image size-large\"><img decoding=\"async\" src=\"https:\/\/corpeverest.com\/wp-content\/uploads\/2025\/05\/pexels-veeterzy-38136-scaled.jpg\" alt=\"\"\/><\/figure>\n<\/div>\n\n\n\n<div class=\"wp-block-column is-vertically-aligned-center is-layout-flow wp-block-column-is-layout-flow\">\n<h2 class=\"wp-block-heading has-primary-color has-text-color has-link-color\" style=\"text-align: justify;\"><strong>Per qu\u00e8 escollir les nostres plantes de tractament?<\/strong><\/h2>\n\n\n\n<p><\/p>\n\n\n\n<p style=\"text-align: justify;\"><strong>Infraestructura pr\u00f2pia i certificada:<\/strong> amb m\u00e9s de 150.000 m\u00b2 de superf\u00edcie operativa, comptem amb plantes autoritzades i de darrera generaci\u00f3.<\/p>\n<p style=\"text-align: justify;\"><strong>Tecnologia avan\u00e7ada:<\/strong> l\u00ednies de selecci\u00f3 automatitzades per al m\u00e0xim rendiment i efici\u00e8ncia en el tractament de residus.<\/p>\n<p style=\"text-align: justify;\"><strong>Valoritzaci\u00f3 com a prioritat:<\/strong> transformem residus en recursos, evitant l&#8217;abocador.<\/p>\n<p style=\"text-align: justify;\"><strong>Tra\u00e7abilitat i documentaci\u00f3 garantida:<\/strong> cada pas \u00e9s registrat i certificat, complint amb normatives com ISO 9001, ISO 14001 i ISO 45001.<\/p>\n<p style=\"text-align: justify;\"><strong>Adaptabilitat multisectorial:<\/strong> atenem ind\u00fastries, comer\u00e7os, obres i entitats p\u00fabliques a tot Catalunya.<\/p>\n<p style=\"text-align: justify;\"><strong>Comprom\u00eds ambiental real:<\/strong> apliquem els principis de l&#8217;economia circular a cada operaci\u00f3 com a soluci\u00f3.<\/p>\n\n\n\n<p><\/p>\n\n\n\n<p><\/p>\n\n\n\n<p><\/p>\n\n\n\n<p><\/p>\n<\/div>\n<\/div>\n\n\n\n<hr class=\"wp-block-separator has-alpha-channel-opacity\"\/>\n\n\n\n<h2 class=\"wp-block-heading has-text-align-center\"><strong>Demana un diagn\u00f2stic t\u00e8cnic sense comprom\u00eds<\/strong><\/h2>\n\n\n\n<p class=\"has-text-align-center\">A Corporaci\u00f3 Everest us ajudem a definir la millor estrat\u00e8gia per al tractament dels vostres residus, amb enfocament t\u00e8cnic, responsable i alineat als vostres objectius de sostenibilitat.<\/p>\n\n\n\n<div class=\"wp-block-buttons is-content-justification-center is-layout-flex wp-container-core-buttons-is-layout-16018d1d wp-block-buttons-is-layout-flex\">\n<div class=\"wp-block-button is-style-fill\"><a class=\"wp-block-button__link has-secondary-background-color has-background wp-element-button\" href=\"https:\/\/corpeverest.com\/ca\/contacte\/\" style=\"border-radius:0px\"><strong>SOL\u00b7LICITA UNA AVALUACI\u00d3<\/strong><\/a><\/div>\n<\/div>\n<\/div>\n\n<p><\/p>\n","protected":false},"excerpt":{"rendered":"<p>Tractament de residus de construcci\u00f3 Tractament de residus de construcci\u00f3 Tractament de residus de construcci\u00f3 Tractament de residus industrials A les nostres plantes PIDEC i PIRSA , tractem residus procedents de l&#8217;activitat industrial i comercial. Aportem solucions personalitzades per a cada tipus de residu, assegurant el compliment de la normativa i certificant tot el proc\u00e9s. [&#8230;]\n","protected":false},"author":2,"featured_media":0,"parent":0,"menu_order":22,"comment_status":"closed","ping_status":"closed","template":"page-single-page-nav-transparent.php","meta":{"_acf_changed":false,"footnotes":""},"class_list":["post-2060","page","type-page","status-publish","hentry"],"acf":[],"yoast_head":"<!-- This site is optimized with the Yoast SEO plugin v27.0 - https:\/\/yoast.com\/product\/yoast-seo-wordpress\/ -->\n<title>Plantes de tractament de Residus | Corporaci\u00f3 Everest<\/title>\n<meta name=\"description\" content=\"Les nostres plantes de tractament de residus ofereixen solucions sostenibles: reciclatge, valoraci\u00f3 i gesti\u00f3 responsable per a la teva empresa.\" \/>\n<meta name=\"robots\" content=\"index, follow, max-snippet:-1, max-image-preview:large, max-video-preview:-1\" \/>\n<link rel=\"canonical\" href=\"https:\/\/corpeverest.com\/ca\/tractament-de-residus\/\" \/>\n<meta property=\"og:locale\" content=\"ca_ES\" \/>\n<meta property=\"og:type\" content=\"article\" \/>\n<meta property=\"og:title\" content=\"Plantes de tractament de Residus | Corporaci\u00f3 Everest\" \/>\n<meta property=\"og:description\" content=\"Les nostres plantes de tractament de residus ofereixen solucions sostenibles: reciclatge, valoraci\u00f3 i gesti\u00f3 responsable per a la teva empresa.\" \/>\n<meta property=\"og:url\" content=\"https:\/\/corpeverest.com\/ca\/tractament-de-residus\/\" \/>\n<meta property=\"og:site_name\" content=\"Corporaci\u00f3n Everest\" \/>\n<meta property=\"article:modified_time\" content=\"2026-01-28T12:34:29+00:00\" \/>\n<meta property=\"og:image\" content=\"https:\/\/corpeverest.com\/wp-content\/uploads\/2025\/05\/compostaje-y-biodigestion.png\" \/>\n<meta name=\"twitter:card\" content=\"summary_large_image\" \/>\n<meta name=\"twitter:label1\" content=\"Temps estimat de lectura\" \/>\n\t<meta name=\"twitter:data1\" content=\"2 minuts\" \/>\n<script type=\"application\/ld+json\" class=\"yoast-schema-graph\">{\"@context\":\"https:\/\/schema.org\",\"@graph\":[{\"@type\":\"WebPage\",\"@id\":\"https:\/\/corpeverest.com\/ca\/tractament-de-residus\/\",\"url\":\"https:\/\/corpeverest.com\/ca\/tractament-de-residus\/\",\"name\":\"Plantes de tractament de Residus | Corporaci\u00f3 Everest\",\"isPartOf\":{\"@id\":\"https:\/\/corpeverest.com\/ca\/#website\"},\"primaryImageOfPage\":{\"@id\":\"https:\/\/corpeverest.com\/ca\/tractament-de-residus\/#primaryimage\"},\"image\":{\"@id\":\"https:\/\/corpeverest.com\/ca\/tractament-de-residus\/#primaryimage\"},\"thumbnailUrl\":\"https:\/\/corpeverest.com\/wp-content\/uploads\/2025\/05\/compostaje-y-biodigestion.png\",\"datePublished\":\"2025-05-20T18:01:23+00:00\",\"dateModified\":\"2026-01-28T12:34:29+00:00\",\"description\":\"Les nostres plantes de tractament de residus ofereixen solucions sostenibles: reciclatge, valoraci\u00f3 i gesti\u00f3 responsable per a la teva empresa.\",\"breadcrumb\":{\"@id\":\"https:\/\/corpeverest.com\/ca\/tractament-de-residus\/#breadcrumb\"},\"inLanguage\":\"ca\",\"potentialAction\":[{\"@type\":\"ReadAction\",\"target\":[\"https:\/\/corpeverest.com\/ca\/tractament-de-residus\/\"]}]},{\"@type\":\"ImageObject\",\"inLanguage\":\"ca\",\"@id\":\"https:\/\/corpeverest.com\/ca\/tractament-de-residus\/#primaryimage\",\"url\":\"https:\/\/corpeverest.com\/wp-content\/uploads\/2025\/05\/compostaje-y-biodigestion.png\",\"contentUrl\":\"https:\/\/corpeverest.com\/wp-content\/uploads\/2025\/05\/compostaje-y-biodigestion.png\"},{\"@type\":\"BreadcrumbList\",\"@id\":\"https:\/\/corpeverest.com\/ca\/tractament-de-residus\/#breadcrumb\",\"itemListElement\":[{\"@type\":\"ListItem\",\"position\":1,\"name\":\"Inicio\",\"item\":\"https:\/\/corpeverest.com\/ca\/\"},{\"@type\":\"ListItem\",\"position\":2,\"name\":\"Tractament de residus\"}]},{\"@type\":\"WebSite\",\"@id\":\"https:\/\/corpeverest.com\/ca\/#website\",\"url\":\"https:\/\/corpeverest.com\/ca\/\",\"name\":\"Corporaci\u00f3n Everest\",\"description\":\"\",\"publisher\":{\"@id\":\"https:\/\/corpeverest.com\/ca\/#organization\"},\"potentialAction\":[{\"@type\":\"SearchAction\",\"target\":{\"@type\":\"EntryPoint\",\"urlTemplate\":\"https:\/\/corpeverest.com\/ca\/?s={search_term_string}\"},\"query-input\":{\"@type\":\"PropertyValueSpecification\",\"valueRequired\":true,\"valueName\":\"search_term_string\"}}],\"inLanguage\":\"ca\"},{\"@type\":\"Organization\",\"@id\":\"https:\/\/corpeverest.com\/ca\/#organization\",\"name\":\"Corporaci\u00f3n Everest\",\"url\":\"https:\/\/corpeverest.com\/ca\/\",\"logo\":{\"@type\":\"ImageObject\",\"inLanguage\":\"ca\",\"@id\":\"https:\/\/corpeverest.com\/ca\/#\/schema\/logo\/image\/\",\"url\":\"https:\/\/corpeverest.com\/wp-content\/uploads\/2025\/06\/Logo-Corp.-Everest-8-e1750092926475.png\",\"contentUrl\":\"https:\/\/corpeverest.com\/wp-content\/uploads\/2025\/06\/Logo-Corp.-Everest-8-e1750092926475.png\",\"width\":500,\"height\":180,\"caption\":\"Corporaci\u00f3n Everest\"},\"image\":{\"@id\":\"https:\/\/corpeverest.com\/ca\/#\/schema\/logo\/image\/\"}}]}<\/script>\n<!-- \/ Yoast SEO plugin. -->","yoast_head_json":{"title":"Plantes de tractament de Residus | Corporaci\u00f3 Everest","description":"Les nostres plantes de tractament de residus ofereixen solucions sostenibles: reciclatge, valoraci\u00f3 i gesti\u00f3 responsable per a la teva empresa.","robots":{"index":"index","follow":"follow","max-snippet":"max-snippet:-1","max-image-preview":"max-image-preview:large","max-video-preview":"max-video-preview:-1"},"canonical":"https:\/\/corpeverest.com\/ca\/tractament-de-residus\/","og_locale":"ca_ES","og_type":"article","og_title":"Plantes de tractament de Residus | Corporaci\u00f3 Everest","og_description":"Les nostres plantes de tractament de residus ofereixen solucions sostenibles: reciclatge, valoraci\u00f3 i gesti\u00f3 responsable per a la teva empresa.","og_url":"https:\/\/corpeverest.com\/ca\/tractament-de-residus\/","og_site_name":"Corporaci\u00f3n Everest","article_modified_time":"2026-01-28T12:34:29+00:00","og_image":[{"url":"https:\/\/corpeverest.com\/wp-content\/uploads\/2025\/05\/compostaje-y-biodigestion.png","type":"","width":"","height":""}],"twitter_card":"summary_large_image","twitter_misc":{"Temps estimat de lectura":"2 minuts"},"schema":{"@context":"https:\/\/schema.org","@graph":[{"@type":"WebPage","@id":"https:\/\/corpeverest.com\/ca\/tractament-de-residus\/","url":"https:\/\/corpeverest.com\/ca\/tractament-de-residus\/","name":"Plantes de tractament de Residus | Corporaci\u00f3 Everest","isPartOf":{"@id":"https:\/\/corpeverest.com\/ca\/#website"},"primaryImageOfPage":{"@id":"https:\/\/corpeverest.com\/ca\/tractament-de-residus\/#primaryimage"},"image":{"@id":"https:\/\/corpeverest.com\/ca\/tractament-de-residus\/#primaryimage"},"thumbnailUrl":"https:\/\/corpeverest.com\/wp-content\/uploads\/2025\/05\/compostaje-y-biodigestion.png","datePublished":"2025-05-20T18:01:23+00:00","dateModified":"2026-01-28T12:34:29+00:00","description":"Les nostres plantes de tractament de residus ofereixen solucions sostenibles: reciclatge, valoraci\u00f3 i gesti\u00f3 responsable per a la teva empresa.","breadcrumb":{"@id":"https:\/\/corpeverest.com\/ca\/tractament-de-residus\/#breadcrumb"},"inLanguage":"ca","potentialAction":[{"@type":"ReadAction","target":["https:\/\/corpeverest.com\/ca\/tractament-de-residus\/"]}]},{"@type":"ImageObject","inLanguage":"ca","@id":"https:\/\/corpeverest.com\/ca\/tractament-de-residus\/#primaryimage","url":"https:\/\/corpeverest.com\/wp-content\/uploads\/2025\/05\/compostaje-y-biodigestion.png","contentUrl":"https:\/\/corpeverest.com\/wp-content\/uploads\/2025\/05\/compostaje-y-biodigestion.png"},{"@type":"BreadcrumbList","@id":"https:\/\/corpeverest.com\/ca\/tractament-de-residus\/#breadcrumb","itemListElement":[{"@type":"ListItem","position":1,"name":"Inicio","item":"https:\/\/corpeverest.com\/ca\/"},{"@type":"ListItem","position":2,"name":"Tractament de residus"}]},{"@type":"WebSite","@id":"https:\/\/corpeverest.com\/ca\/#website","url":"https:\/\/corpeverest.com\/ca\/","name":"Corporaci\u00f3n Everest","description":"","publisher":{"@id":"https:\/\/corpeverest.com\/ca\/#organization"},"potentialAction":[{"@type":"SearchAction","target":{"@type":"EntryPoint","urlTemplate":"https:\/\/corpeverest.com\/ca\/?s={search_term_string}"},"query-input":{"@type":"PropertyValueSpecification","valueRequired":true,"valueName":"search_term_string"}}],"inLanguage":"ca"},{"@type":"Organization","@id":"https:\/\/corpeverest.com\/ca\/#organization","name":"Corporaci\u00f3n Everest","url":"https:\/\/corpeverest.com\/ca\/","logo":{"@type":"ImageObject","inLanguage":"ca","@id":"https:\/\/corpeverest.com\/ca\/#\/schema\/logo\/image\/","url":"https:\/\/corpeverest.com\/wp-content\/uploads\/2025\/06\/Logo-Corp.-Everest-8-e1750092926475.png","contentUrl":"https:\/\/corpeverest.com\/wp-content\/uploads\/2025\/06\/Logo-Corp.-Everest-8-e1750092926475.png","width":500,"height":180,"caption":"Corporaci\u00f3n Everest"},"image":{"@id":"https:\/\/corpeverest.com\/ca\/#\/schema\/logo\/image\/"}}]}},"_links":{"self":[{"href":"https:\/\/corpeverest.com\/ca\/wp-json\/wp\/v2\/pages\/2060","targetHints":{"allow":["GET"]}}],"collection":[{"href":"https:\/\/corpeverest.com\/ca\/wp-json\/wp\/v2\/pages"}],"about":[{"href":"https:\/\/corpeverest.com\/ca\/wp-json\/wp\/v2\/types\/page"}],"author":[{"embeddable":true,"href":"https:\/\/corpeverest.com\/ca\/wp-json\/wp\/v2\/users\/2"}],"replies":[{"embeddable":true,"href":"https:\/\/corpeverest.com\/ca\/wp-json\/wp\/v2\/comments?post=2060"}],"version-history":[{"count":9,"href":"https:\/\/corpeverest.com\/ca\/wp-json\/wp\/v2\/pages\/2060\/revisions"}],"predecessor-version":[{"id":2810,"href":"https:\/\/corpeverest.com\/ca\/wp-json\/wp\/v2\/pages\/2060\/revisions\/2810"}],"wp:attachment":[{"href":"https:\/\/corpeverest.com\/ca\/wp-json\/wp\/v2\/media?parent=2060"}],"curies":[{"name":"wp","href":"https:\/\/api.w.org\/{rel}","templated":true}]}}