{"id":2054,"date":"2025-05-20T20:02:47","date_gmt":"2025-05-20T18:02:47","guid":{"rendered":"https:\/\/dev.corpeverest.com\/transport-i-gestio-de-residus\/per-a-obres\/"},"modified":"2026-01-28T14:35:17","modified_gmt":"2026-01-28T12:35:17","slug":"per-a-obres","status":"publish","type":"page","link":"https:\/\/corpeverest.com\/ca\/transport-i-gestio-de-residus\/per-a-obres\/","title":{"rendered":"Per a obres"},"content":{"rendered":"\n\n  <div class=\"banner has-hover has-video\" id=\"banner-1275990236\">\n          <div class=\"banner-inner fill\">\n        <div class=\"banner-bg fill\" >\n                        \t<div class=\"video-overlay no-click fill visible\"><\/div>\n\t<video class=\"video-bg fill visible\" preload playsinline autoplay muted loop>\n\t\t<source src=\"https:\/\/corpeverest.com\/wp-content\/uploads\/2023\/06\/productos-y-servicios.mp4\" type=\"video\/mp4\">\t<\/video>\n            <div class=\"overlay\"><\/div>            \n                    <\/div>\n\t\t\n        <div class=\"banner-layers container\">\n            <div class=\"fill banner-link\"><\/div>            \n\n   <div id=\"text-box-581654471\" class=\"text-box banner-layer x95 md-x100 lg-x100 y100 md-y50 lg-y50 res-text\">\n                                <div class=\"text-box-content text dark\">\n              \n              <div class=\"text-inner text-right\">\n                  \n\n<h1><strong>Per a obres<\/strong><\/h1>\n<div class=\"is-divider divider clearfix\" style=\"max-width:117px;height:13px;background-color:rgb(231, 59, 72);\"><\/div>\n\n\n              <\/div>\n           <\/div>\n                            \n<style>\n#text-box-581654471 {\n  width: 90%;\n}\n#text-box-581654471 .text-box-content {\n  font-size: 100%;\n}\n@media (min-width:550px) {\n  #text-box-581654471 {\n    width: 100%;\n  }\n}\n<\/style>\n    <\/div>\n \n\n        <\/div>\n      <\/div>\n\n            \n<style>\n#banner-1275990236 {\n  padding-top: 200px;\n}\n#banner-1275990236 .overlay {\n  background-color: rgba(0, 0, 0, 0.2);\n}\n@media (min-width:550px) {\n  #banner-1275990236 {\n    padding-top: 400px;\n  }\n}\n<\/style>\n  <\/div>\n\n\n<div class=\"row\"  id=\"row-1832836878\">\n\n\n\t<div id=\"col-1988826249\" class=\"col small-12 large-12\"  >\n\t\t\t\t<div class=\"col-inner\"  >\n\t\t\t\n\t\t\t\n\n<p><div class=\"row\"  id=\"row-1913069067\"><\/p>\n<p>\n\t<div id=\"col-1575059794\" class=\"col small-12 large-12\"  >\n\t\t\t\t<div class=\"col-inner\"  >\n\t\t\t\n\t\t\t<\/p>\n<p><\/p>\n<p><span><span><a href=\"https:\/\/corpeverest.com\/ca\/\">Inicio<\/a><\/span><\/span><br \/>\n<\/p>\n<p>\t\t<\/div>\n\t\t\t\t\t<\/div>\n\n\t<\/p>\n<p><\/div><\/p>\n\n\n\n\t\t<\/div>\n\t\t\t\t\t<\/div>\n\n\t\n\n<\/div>\n\n<div class=\"wp-block-group is-layout-constrained wp-container-core-group-is-layout-d299dc80 wp-block-group-is-layout-constrained\" style=\"padding-bottom:var(--wp--preset--spacing--70)\">\n<div class=\"wp-block-columns are-vertically-aligned-center is-layout-flex wp-container-core-columns-is-layout-9d6595d7 wp-block-columns-is-layout-flex\">\n<div class=\"wp-block-column is-vertically-aligned-center is-layout-flow wp-block-column-is-layout-flow\">\n<h2 class=\"wp-block-heading bottom-line has-primary-color has-text-color has-link-color wp-elements-84f4d79bbfc4b0643f456f49e1e723da\"><strong><strong>Gesti\u00f3 de residus de la construcci\u00f3<\/strong><\/strong><\/h2>\n\n\n\n<p><strong>Solucions integrals amb contenidors i instal\u00b7lacions pr\u00f2pies a tot Catalunya<\/strong><\/p>\n\n\n\n<p align=\"justify\">A <strong>Containers Everest,<\/strong> com a part de Corporaci\u00f3 Everest, oferim un servei complet de retirada, transport i gesti\u00f3 de residus d&#8217;obra i construcci\u00f3. Comptem amb una \u00e0mplia flota de contenidors i maquin\u00e0ria pr\u00f2pia, operem a tot Catalunya i gestionem tots els tipus de residus provinents d&#8217;obres (valoritzables i no valoritzables) garantint tra\u00e7abilitat, compliment normatiu i efici\u00e8ncia a cada projecte. <\/p>\n\n\n\n<p><strong>Un \u00fanic prove\u00efdor per a totes les teves obres<\/strong> .<\/p>\n<\/div>\n\n\n\n<div class=\"wp-block-column is-vertically-aligned-center is-layout-flow wp-block-column-is-layout-flow\">\n<figure class=\"wp-block-image size-large\"><img decoding=\"async\" src=\"https:\/\/corpeverest.com\/wp-content\/uploads\/2025\/05\/IMG_0359-scaled.jpeg\" alt=\"\"\/><\/figure>\n<\/div>\n<\/div>\n<\/div>\n\n<div class=\"wp-block-group has-background is-layout-constrained wp-container-core-group-is-layout-f40491d9 wp-block-group-is-layout-constrained\" style=\"background-color:#f9f6f3;padding-top:var(--wp--preset--spacing--80);padding-bottom:var(--wp--preset--spacing--80)\">\n<p class=\"has-text-align-center\">Oferim acords marc per a constructores que busquen un partner fiable, \u00e0gil i amb capacitat per cobrir m\u00faltiples ubicacions. Ens encarreguem de tot el proc\u00e9s de gesti\u00f3 de residus: <\/p>\n\n\n\n<div class=\"wp-block-group is-layout-grid wp-container-core-group-is-layout-13072ab7 wp-block-group-is-layout-grid\" style=\"margin-top:10px;margin-bottom:10px;padding-top:10px;padding-right:10px;padding-bottom:10px;padding-left:10px\">\n<div class=\"wp-block-group has-white-background-color has-background is-layout-constrained wp-container-core-group-is-layout-4c5cf5dc wp-block-group-is-layout-constrained\" style=\"padding-top:var(--wp--preset--spacing--60);padding-right:var(--wp--preset--spacing--60);padding-bottom:var(--wp--preset--spacing--60);padding-left:var(--wp--preset--spacing--60)\">\n<table>\n<tr><td><img decoding=\"async\" src=\"https:\/\/corpeverest.com\/wp-content\/uploads\/2023\/06\/10000-contenedores.svg\" width=\"600\"\/><\/td><td><p align=\"center\">Lliurament i retirada de contenidors a l&#8217;obra, en terminis pactats i amb m\u00e0xima flexibilitat.<\/p><\/td><\/tr><\/table>\n<\/div>\n\n\n\n<div class=\"wp-block-group has-white-background-color has-background is-layout-constrained wp-container-core-group-is-layout-4c5cf5dc wp-block-group-is-layout-constrained\" style=\"padding-top:var(--wp--preset--spacing--60);padding-right:var(--wp--preset--spacing--60);padding-bottom:var(--wp--preset--spacing--60);padding-left:var(--wp--preset--spacing--60)\">\n<table>\n<tr><td><img decoding=\"async\" src=\"https:\/\/corpeverest.com\/wp-content\/uploads\/2023\/06\/camiones.svg\" width=\"600\"\/><\/td><td><p class=\"has-text-align-center\">Transport amb flota pr\u00f2pia, sense dependre de tercers.<\/p><\/td><\/tr><\/table>\n<\/div>\n\n\n\n<div class=\"wp-block-group has-white-background-color has-background is-layout-constrained wp-container-core-group-is-layout-4c5cf5dc wp-block-group-is-layout-constrained\" style=\"padding-top:var(--wp--preset--spacing--60);padding-right:var(--wp--preset--spacing--60);padding-bottom:var(--wp--preset--spacing--60);padding-left:var(--wp--preset--spacing--60)\">\n<table><tr><td><img decoding=\"async\" src=\"https:\/\/corpeverest.com\/wp-content\/uploads\/2023\/06\/seguridad.svg\" width=\"600\"\/><\/td><td><p align=\"center\">Classificaci\u00f3, valoritzaci\u00f3 i tractament dels residus a les nostres pr\u00f2pies plantes.<\/p><\/td><\/tr><\/table>\n<\/div>\n\n\n\n<div class=\"wp-block-group has-white-background-color has-background is-layout-constrained wp-container-core-group-is-layout-4c5cf5dc wp-block-group-is-layout-constrained\" style=\"padding-top:var(--wp--preset--spacing--60);padding-right:var(--wp--preset--spacing--60);padding-bottom:var(--wp--preset--spacing--60);padding-left:var(--wp--preset--spacing--60)\">\n<table>\n<tr><td><img decoding=\"async\" src=\"https:\/\/corpeverest.com\/wp-content\/uploads\/2023\/06\/innovacion.svg\" width=\"600\"\/><\/td><td><p align=\"center\">Assessorament t\u00e8cnic, per ajudar-te a triar la soluci\u00f3 m\u00e9s adequada a cada fase.<\/p><\/td><\/tr><\/table>\n<\/div>\n\n\n\n<div class=\"wp-block-group has-white-background-color has-background is-layout-constrained wp-container-core-group-is-layout-4c5cf5dc wp-block-group-is-layout-constrained\" style=\"padding-top:var(--wp--preset--spacing--60);padding-right:var(--wp--preset--spacing--60);padding-bottom:var(--wp--preset--spacing--60);padding-left:var(--wp--preset--spacing--60)\">\n<table>\n<tr><td><img decoding=\"async\" src=\"https:\/\/corpeverest.com\/wp-content\/uploads\/2023\/06\/sostenibilidad.svg\" width=\"600\"\/><\/td><td><p align=\"center\">Trasllat a dip\u00f2sits controlats, en cas de residus no valoritzables.<\/p><\/td><\/tr><\/table>\n<\/div>\n\n\n\n<div class=\"wp-block-group has-white-background-color has-background is-layout-constrained wp-container-core-group-is-layout-4c5cf5dc wp-block-group-is-layout-constrained\" style=\"padding-top:var(--wp--preset--spacing--60);padding-right:var(--wp--preset--spacing--60);padding-bottom:var(--wp--preset--spacing--60);padding-left:var(--wp--preset--spacing--60)\">\n<table>\n<tr><td><img decoding=\"async\" src=\"https:\/\/corpeverest.com\/wp-content\/uploads\/2023\/06\/educacion.svg\" width=\"600\"\/><\/td><td><p align=\"center\">Documentaci\u00f3 completa conforme a normatives vigents (ISO 9001, ISO 14001, ISO 45001)<\/p><\/td><\/tr><\/table>\n<\/div>\n<\/div>\n\n\n\n<p class=\"has-text-align-center\">Des de saques o big bags fins a contenidors de 12 m\u00b3 per a enderrocs o caixes de fins a 35 m3, ens adaptem a la realitat del teu projecte, sigui quina sigui l&#8217;escala.<\/p>\n<\/div>\n\n<div class=\"wp-block-group is-layout-constrained wp-container-core-group-is-layout-983e1a77 wp-block-group-is-layout-constrained\" style=\"padding-top:var(--wp--preset--spacing--70);padding-bottom:var(--wp--preset--spacing--70)\">\n<div class=\"wp-block-columns are-vertically-aligned-center is-layout-flex wp-container-core-columns-is-layout-9d6595d7 wp-block-columns-is-layout-flex\">\n<div class=\"wp-block-column is-vertically-aligned-center is-layout-flow wp-block-column-is-layout-flow\">\n<figure class=\"wp-block-image size-large\"><img decoding=\"async\" src=\"https:\/\/corpeverest.com\/wp-content\/uploads\/2025\/06\/IMG_0408-scaled.jpeg\" alt=\"\"\/><\/figure>\n<\/div>\n\n\n\n<div class=\"wp-block-column is-vertically-aligned-center is-layout-flow wp-block-column-is-layout-flow\">\n<h2 class=\"wp-block-heading has-primary-color has-text-color has-link-color\" style=\"text-align: justify;\"><strong>Solucions completes per a la gesti\u00f3 de residus a l&#8217;obra<\/strong><\/h2>\n<p style=\"text-align: justify;\"><strong>Proc\u00e9s complet<\/strong> mitjan\u00e7ant mitjans propis i autoritzats: sense subcontractes, amb m\u00e9s control i absoluta tra\u00e7abilitat.<\/p>\n<p style=\"text-align: justify;\"><strong>\u00c0mplia gamma de solucions<\/strong> : contenidors, saques, maquin\u00e0ria, transport.<\/p>\n<p style=\"text-align: justify;\"><strong>Alta capacitat de valoritzaci\u00f3<\/strong> : gestionem de forma sostenible els residus generats.<\/p>\n<p style=\"text-align: justify;\"><strong>Assessorament t\u00e8cnic especialitzat<\/strong> : per optimitzar temps i costos<\/p>\n<p style=\"text-align: justify;\"><strong>Servei a tot Catalunya<\/strong> : amb \u00e0mplia experi\u00e8ncia i resposta \u00e0gil.<\/p>\n<p style=\"text-align: justify;\"><strong>Empresa familiar<\/strong> , amb m\u00e9s de 50 anys de traject\u00f2ria al sector.  <\/p>\n\n\n\n<\/p>\n\n\n\n<ul class=\"wp-block-list\">\n<li><\/li>\n<\/ul>\n<\/div>\n<\/div>\n\n\n\n<div class=\"wp-block-columns are-vertically-aligned-center is-layout-flex wp-container-core-columns-is-layout-9d6595d7 wp-block-columns-is-layout-flex\">\n<div class=\"wp-block-column is-vertically-aligned-center is-layout-flow wp-block-column-is-layout-flow\">\n<h2 class=\"wp-block-heading\"><strong>Tra\u00e7abilitat i sostenibilitat a l&#8217;obra<\/strong><\/h2>\n\n\n\n<p align=\"justify\">A Containers Everest, no nom\u00e9s retirem residus: els transformem en recursos. Gr\u00e0cies a les nostres plantes de tractament i valoritzaci\u00f3, som capa\u00e7os de reduir dr\u00e0sticament la quantitat de residus que acaben en abocadors, contribuint a un model de construcci\u00f3 m\u00e9s responsable i circular. <\/p>\n\n\n\n<p align=\"justify\">Cada moviment queda documentat i certificat, aportant tranquil\u00b7litat i compliment normatiu als nostres clients.<\/p>\n<\/div>\n\n\n\n<div class=\"wp-block-column is-vertically-aligned-center is-layout-flow wp-block-column-is-layout-flow\">\n<figure class=\"wp-block-image size-large\"><img decoding=\"async\" src=\"https:\/\/corpeverest.com\/wp-content\/uploads\/2025\/05\/pexels-umkreisel-app-957024-2-1024x683.jpg\" alt=\"\"\/><\/figure>\n<\/div>\n<\/div>\n\n\n\n<hr class=\"wp-block-separator has-alpha-channel-opacity\"\/>\n\n\n\n<h2 class=\"wp-block-heading has-text-align-center\"><strong>Vols una gesti\u00f3 de residus d\u2019obra eficient?<\/strong><\/h2>\n\n\n\n<p class=\"has-text-align-center\">T&#8217;ajudem a simplificar el proc\u00e9s, complir amb la normativa i construir amb un impacte ambiental menor.<\/p>\n\n\n\n<div class=\"wp-block-buttons is-content-justification-center is-layout-flex wp-container-core-buttons-is-layout-16018d1d wp-block-buttons-is-layout-flex\">\n<div class=\"wp-block-button\"><a class=\"wp-block-button__link has-white-color has-secondary-background-color has-text-color has-background has-link-color wp-element-button\" href=\"https:\/\/corpeverest.com\/ca\/contacte\/\" style=\"border-radius:0px\"><strong>SOL\u00b7LICITA UNA PROPOSTA PERSONALITZADA<\/strong><\/a><\/div>\n<\/div>\n<\/div>\n\n<p><\/p>\n","protected":false},"excerpt":{"rendered":"<p>Gesti\u00f3 de residus de la construcci\u00f3 Solucions integrals amb contenidors i instal\u00b7lacions pr\u00f2pies a tot Catalunya A Containers Everest, com a part de Corporaci\u00f3 Everest, oferim un servei complet de retirada, transport i gesti\u00f3 de residus d&#8217;obra i construcci\u00f3. Comptem amb una \u00e0mplia flota de contenidors i maquin\u00e0ria pr\u00f2pia, operem a tot Catalunya i gestionem [&#8230;]\n","protected":false},"author":2,"featured_media":0,"parent":2048,"menu_order":2,"comment_status":"closed","ping_status":"closed","template":"page-single-page-nav-transparent.php","meta":{"_acf_changed":false,"footnotes":""},"class_list":["post-2054","page","type-page","status-publish","hentry"],"acf":[],"yoast_head":"<!-- This site is optimized with the Yoast SEO plugin v27.0 - https:\/\/yoast.com\/product\/yoast-seo-wordpress\/ -->\n<title>Gesti\u00f3 de Residus per a Obres | Corporaci\u00f3 Everest<\/title>\n<meta name=\"description\" content=\"Gesti\u00f3 de residus per a obres eficient i segura: transport, tractament i reciclatge de runes amb total responsabilitat ambiental.\" \/>\n<meta name=\"robots\" content=\"index, follow, max-snippet:-1, max-image-preview:large, max-video-preview:-1\" \/>\n<link rel=\"canonical\" href=\"https:\/\/corpeverest.com\/ca\/transport-i-gestio-de-residus\/per-a-obres\/\" \/>\n<meta property=\"og:locale\" content=\"ca_ES\" \/>\n<meta property=\"og:type\" content=\"article\" \/>\n<meta property=\"og:title\" content=\"Gesti\u00f3 de Residus per a Obres | Corporaci\u00f3 Everest\" \/>\n<meta property=\"og:description\" content=\"Gesti\u00f3 de residus per a obres eficient i segura: transport, tractament i reciclatge de runes amb total responsabilitat ambiental.\" \/>\n<meta property=\"og:url\" content=\"https:\/\/corpeverest.com\/ca\/transport-i-gestio-de-residus\/per-a-obres\/\" \/>\n<meta property=\"og:site_name\" content=\"Corporaci\u00f3n Everest\" \/>\n<meta property=\"article:modified_time\" content=\"2026-01-28T12:35:17+00:00\" \/>\n<meta property=\"og:image\" content=\"https:\/\/corpeverest.com\/wp-content\/uploads\/2025\/05\/IMG_0359-scaled.jpeg\" \/>\n<meta name=\"twitter:card\" content=\"summary_large_image\" \/>\n<meta name=\"twitter:label1\" content=\"Temps estimat de lectura\" \/>\n\t<meta name=\"twitter:data1\" content=\"2 minuts\" \/>\n<script type=\"application\/ld+json\" class=\"yoast-schema-graph\">{\"@context\":\"https:\/\/schema.org\",\"@graph\":[{\"@type\":\"WebPage\",\"@id\":\"https:\/\/corpeverest.com\/ca\/transport-i-gestio-de-residus\/per-a-obres\/\",\"url\":\"https:\/\/corpeverest.com\/ca\/transport-i-gestio-de-residus\/per-a-obres\/\",\"name\":\"Gesti\u00f3 de Residus per a Obres | Corporaci\u00f3 Everest\",\"isPartOf\":{\"@id\":\"https:\/\/corpeverest.com\/ca\/#website\"},\"primaryImageOfPage\":{\"@id\":\"https:\/\/corpeverest.com\/ca\/transport-i-gestio-de-residus\/per-a-obres\/#primaryimage\"},\"image\":{\"@id\":\"https:\/\/corpeverest.com\/ca\/transport-i-gestio-de-residus\/per-a-obres\/#primaryimage\"},\"thumbnailUrl\":\"https:\/\/corpeverest.com\/wp-content\/uploads\/2025\/05\/IMG_0359-scaled.jpeg\",\"datePublished\":\"2025-05-20T18:02:47+00:00\",\"dateModified\":\"2026-01-28T12:35:17+00:00\",\"description\":\"Gesti\u00f3 de residus per a obres eficient i segura: transport, tractament i reciclatge de runes amb total responsabilitat ambiental.\",\"breadcrumb\":{\"@id\":\"https:\/\/corpeverest.com\/ca\/transport-i-gestio-de-residus\/per-a-obres\/#breadcrumb\"},\"inLanguage\":\"ca\",\"potentialAction\":[{\"@type\":\"ReadAction\",\"target\":[\"https:\/\/corpeverest.com\/ca\/transport-i-gestio-de-residus\/per-a-obres\/\"]}]},{\"@type\":\"ImageObject\",\"inLanguage\":\"ca\",\"@id\":\"https:\/\/corpeverest.com\/ca\/transport-i-gestio-de-residus\/per-a-obres\/#primaryimage\",\"url\":\"https:\/\/corpeverest.com\/wp-content\/uploads\/2025\/05\/IMG_0359-scaled.jpeg\",\"contentUrl\":\"https:\/\/corpeverest.com\/wp-content\/uploads\/2025\/05\/IMG_0359-scaled.jpeg\"},{\"@type\":\"BreadcrumbList\",\"@id\":\"https:\/\/corpeverest.com\/ca\/transport-i-gestio-de-residus\/per-a-obres\/#breadcrumb\",\"itemListElement\":[{\"@type\":\"ListItem\",\"position\":1,\"name\":\"Inicio\",\"item\":\"https:\/\/corpeverest.com\/ca\/\"},{\"@type\":\"ListItem\",\"position\":2,\"name\":\"Transport i gesti\u00f3 de residus\",\"item\":\"https:\/\/corpeverest.com\/ca\/transport-i-gestio-de-residus\/\"},{\"@type\":\"ListItem\",\"position\":3,\"name\":\"Per a obres\"}]},{\"@type\":\"WebSite\",\"@id\":\"https:\/\/corpeverest.com\/ca\/#website\",\"url\":\"https:\/\/corpeverest.com\/ca\/\",\"name\":\"Corporaci\u00f3n Everest\",\"description\":\"\",\"publisher\":{\"@id\":\"https:\/\/corpeverest.com\/ca\/#organization\"},\"potentialAction\":[{\"@type\":\"SearchAction\",\"target\":{\"@type\":\"EntryPoint\",\"urlTemplate\":\"https:\/\/corpeverest.com\/ca\/?s={search_term_string}\"},\"query-input\":{\"@type\":\"PropertyValueSpecification\",\"valueRequired\":true,\"valueName\":\"search_term_string\"}}],\"inLanguage\":\"ca\"},{\"@type\":\"Organization\",\"@id\":\"https:\/\/corpeverest.com\/ca\/#organization\",\"name\":\"Corporaci\u00f3n Everest\",\"url\":\"https:\/\/corpeverest.com\/ca\/\",\"logo\":{\"@type\":\"ImageObject\",\"inLanguage\":\"ca\",\"@id\":\"https:\/\/corpeverest.com\/ca\/#\/schema\/logo\/image\/\",\"url\":\"https:\/\/corpeverest.com\/wp-content\/uploads\/2025\/06\/Logo-Corp.-Everest-8-e1750092926475.png\",\"contentUrl\":\"https:\/\/corpeverest.com\/wp-content\/uploads\/2025\/06\/Logo-Corp.-Everest-8-e1750092926475.png\",\"width\":500,\"height\":180,\"caption\":\"Corporaci\u00f3n Everest\"},\"image\":{\"@id\":\"https:\/\/corpeverest.com\/ca\/#\/schema\/logo\/image\/\"}}]}<\/script>\n<!-- \/ Yoast SEO plugin. -->","yoast_head_json":{"title":"Gesti\u00f3 de Residus per a Obres | Corporaci\u00f3 Everest","description":"Gesti\u00f3 de residus per a obres eficient i segura: transport, tractament i reciclatge de runes amb total responsabilitat ambiental.","robots":{"index":"index","follow":"follow","max-snippet":"max-snippet:-1","max-image-preview":"max-image-preview:large","max-video-preview":"max-video-preview:-1"},"canonical":"https:\/\/corpeverest.com\/ca\/transport-i-gestio-de-residus\/per-a-obres\/","og_locale":"ca_ES","og_type":"article","og_title":"Gesti\u00f3 de Residus per a Obres | Corporaci\u00f3 Everest","og_description":"Gesti\u00f3 de residus per a obres eficient i segura: transport, tractament i reciclatge de runes amb total responsabilitat ambiental.","og_url":"https:\/\/corpeverest.com\/ca\/transport-i-gestio-de-residus\/per-a-obres\/","og_site_name":"Corporaci\u00f3n Everest","article_modified_time":"2026-01-28T12:35:17+00:00","og_image":[{"url":"https:\/\/corpeverest.com\/wp-content\/uploads\/2025\/05\/IMG_0359-scaled.jpeg","type":"","width":"","height":""}],"twitter_card":"summary_large_image","twitter_misc":{"Temps estimat de lectura":"2 minuts"},"schema":{"@context":"https:\/\/schema.org","@graph":[{"@type":"WebPage","@id":"https:\/\/corpeverest.com\/ca\/transport-i-gestio-de-residus\/per-a-obres\/","url":"https:\/\/corpeverest.com\/ca\/transport-i-gestio-de-residus\/per-a-obres\/","name":"Gesti\u00f3 de Residus per a Obres | Corporaci\u00f3 Everest","isPartOf":{"@id":"https:\/\/corpeverest.com\/ca\/#website"},"primaryImageOfPage":{"@id":"https:\/\/corpeverest.com\/ca\/transport-i-gestio-de-residus\/per-a-obres\/#primaryimage"},"image":{"@id":"https:\/\/corpeverest.com\/ca\/transport-i-gestio-de-residus\/per-a-obres\/#primaryimage"},"thumbnailUrl":"https:\/\/corpeverest.com\/wp-content\/uploads\/2025\/05\/IMG_0359-scaled.jpeg","datePublished":"2025-05-20T18:02:47+00:00","dateModified":"2026-01-28T12:35:17+00:00","description":"Gesti\u00f3 de residus per a obres eficient i segura: transport, tractament i reciclatge de runes amb total responsabilitat ambiental.","breadcrumb":{"@id":"https:\/\/corpeverest.com\/ca\/transport-i-gestio-de-residus\/per-a-obres\/#breadcrumb"},"inLanguage":"ca","potentialAction":[{"@type":"ReadAction","target":["https:\/\/corpeverest.com\/ca\/transport-i-gestio-de-residus\/per-a-obres\/"]}]},{"@type":"ImageObject","inLanguage":"ca","@id":"https:\/\/corpeverest.com\/ca\/transport-i-gestio-de-residus\/per-a-obres\/#primaryimage","url":"https:\/\/corpeverest.com\/wp-content\/uploads\/2025\/05\/IMG_0359-scaled.jpeg","contentUrl":"https:\/\/corpeverest.com\/wp-content\/uploads\/2025\/05\/IMG_0359-scaled.jpeg"},{"@type":"BreadcrumbList","@id":"https:\/\/corpeverest.com\/ca\/transport-i-gestio-de-residus\/per-a-obres\/#breadcrumb","itemListElement":[{"@type":"ListItem","position":1,"name":"Inicio","item":"https:\/\/corpeverest.com\/ca\/"},{"@type":"ListItem","position":2,"name":"Transport i gesti\u00f3 de residus","item":"https:\/\/corpeverest.com\/ca\/transport-i-gestio-de-residus\/"},{"@type":"ListItem","position":3,"name":"Per a obres"}]},{"@type":"WebSite","@id":"https:\/\/corpeverest.com\/ca\/#website","url":"https:\/\/corpeverest.com\/ca\/","name":"Corporaci\u00f3n Everest","description":"","publisher":{"@id":"https:\/\/corpeverest.com\/ca\/#organization"},"potentialAction":[{"@type":"SearchAction","target":{"@type":"EntryPoint","urlTemplate":"https:\/\/corpeverest.com\/ca\/?s={search_term_string}"},"query-input":{"@type":"PropertyValueSpecification","valueRequired":true,"valueName":"search_term_string"}}],"inLanguage":"ca"},{"@type":"Organization","@id":"https:\/\/corpeverest.com\/ca\/#organization","name":"Corporaci\u00f3n Everest","url":"https:\/\/corpeverest.com\/ca\/","logo":{"@type":"ImageObject","inLanguage":"ca","@id":"https:\/\/corpeverest.com\/ca\/#\/schema\/logo\/image\/","url":"https:\/\/corpeverest.com\/wp-content\/uploads\/2025\/06\/Logo-Corp.-Everest-8-e1750092926475.png","contentUrl":"https:\/\/corpeverest.com\/wp-content\/uploads\/2025\/06\/Logo-Corp.-Everest-8-e1750092926475.png","width":500,"height":180,"caption":"Corporaci\u00f3n Everest"},"image":{"@id":"https:\/\/corpeverest.com\/ca\/#\/schema\/logo\/image\/"}}]}},"_links":{"self":[{"href":"https:\/\/corpeverest.com\/ca\/wp-json\/wp\/v2\/pages\/2054","targetHints":{"allow":["GET"]}}],"collection":[{"href":"https:\/\/corpeverest.com\/ca\/wp-json\/wp\/v2\/pages"}],"about":[{"href":"https:\/\/corpeverest.com\/ca\/wp-json\/wp\/v2\/types\/page"}],"author":[{"embeddable":true,"href":"https:\/\/corpeverest.com\/ca\/wp-json\/wp\/v2\/users\/2"}],"replies":[{"embeddable":true,"href":"https:\/\/corpeverest.com\/ca\/wp-json\/wp\/v2\/comments?post=2054"}],"version-history":[{"count":10,"href":"https:\/\/corpeverest.com\/ca\/wp-json\/wp\/v2\/pages\/2054\/revisions"}],"predecessor-version":[{"id":2819,"href":"https:\/\/corpeverest.com\/ca\/wp-json\/wp\/v2\/pages\/2054\/revisions\/2819"}],"up":[{"embeddable":true,"href":"https:\/\/corpeverest.com\/ca\/wp-json\/wp\/v2\/pages\/2048"}],"wp:attachment":[{"href":"https:\/\/corpeverest.com\/ca\/wp-json\/wp\/v2\/media?parent=2054"}],"curies":[{"name":"wp","href":"https:\/\/api.w.org\/{rel}","templated":true}]}}