{"id":2050,"date":"2025-05-20T20:02:47","date_gmt":"2025-05-20T18:02:47","guid":{"rendered":"https:\/\/dev.corpeverest.com\/transport-i-gestio-de-residus\/per-a-empreses\/"},"modified":"2026-01-28T14:34:23","modified_gmt":"2026-01-28T12:34:23","slug":"per-a-empreses","status":"publish","type":"page","link":"https:\/\/corpeverest.com\/ca\/transport-i-gestio-de-residus\/per-a-empreses\/","title":{"rendered":"Per a empreses"},"content":{"rendered":"\n\n  <div class=\"banner has-hover has-video\" id=\"banner-943521765\">\n          <div class=\"banner-inner fill\">\n        <div class=\"banner-bg fill\" >\n                        \t<div class=\"video-overlay no-click fill visible\"><\/div>\n\t<video class=\"video-bg fill visible\" preload playsinline autoplay muted loop>\n\t\t<source src=\"https:\/\/corpeverest.com\/wp-content\/uploads\/2023\/06\/productos-y-servicios.mp4\" type=\"video\/mp4\">\t<\/video>\n            <div class=\"overlay\"><\/div>            \n                    <\/div>\n\t\t\n        <div class=\"banner-layers container\">\n            <div class=\"fill banner-link\"><\/div>            \n\n   <div id=\"text-box-707097764\" class=\"text-box banner-layer x95 md-x100 lg-x100 y100 md-y50 lg-y50 res-text\">\n                                <div class=\"text-box-content text dark\">\n              \n              <div class=\"text-inner text-right\">\n                  \n\n<h1><strong>Per a empreses<\/strong><\/h1>\n<div class=\"is-divider divider clearfix\" style=\"max-width:117px;height:13px;background-color:rgb(231, 59, 72);\"><\/div>\n\n\n              <\/div>\n           <\/div>\n                            \n<style>\n#text-box-707097764 {\n  width: 90%;\n}\n#text-box-707097764 .text-box-content {\n  font-size: 100%;\n}\n@media (min-width:550px) {\n  #text-box-707097764 {\n    width: 100%;\n  }\n}\n<\/style>\n    <\/div>\n \n\n        <\/div>\n      <\/div>\n\n            \n<style>\n#banner-943521765 {\n  padding-top: 200px;\n}\n#banner-943521765 .overlay {\n  background-color: rgba(0, 0, 0, 0.2);\n}\n@media (min-width:550px) {\n  #banner-943521765 {\n    padding-top: 400px;\n  }\n}\n<\/style>\n  <\/div>\n\n\n<div class=\"row\"  id=\"row-884072553\">\n\n\n\t<div id=\"col-186946190\" class=\"col small-12 large-12\"  >\n\t\t\t\t<div class=\"col-inner\"  >\n\t\t\t\n\t\t\t\n\n<p><div class=\"row\"  id=\"row-2134211517\"><\/p>\n<p>\n\t<div id=\"col-753881731\" class=\"col small-12 large-12\"  >\n\t\t\t\t<div class=\"col-inner\"  >\n\t\t\t\n\t\t\t<\/p>\n<p><\/p>\n<p><span><span><a href=\"https:\/\/corpeverest.com\/ca\/\">Inicio<\/a><\/span><\/span><br \/>\n<\/p>\n<p>\t\t<\/div>\n\t\t\t\t\t<\/div>\n\n\t<\/p>\n<p><\/div><\/p>\n\n\n\n\t\t<\/div>\n\t\t\t\t\t<\/div>\n\n\t\n\n<\/div>\n\n<div class=\"wp-block-group is-layout-constrained wp-container-core-group-is-layout-d299dc80 wp-block-group-is-layout-constrained\" style=\"padding-bottom:var(--wp--preset--spacing--70)\">\n<div class=\"wp-block-columns are-vertically-aligned-center is-layout-flex wp-container-core-columns-is-layout-9d6595d7 wp-block-columns-is-layout-flex\">\n<div class=\"wp-block-column is-vertically-aligned-center is-layout-flow wp-block-column-is-layout-flow\">\n<h2 class=\"wp-block-heading bottom-line has-primary-color has-text-color has-link-color wp-elements-b25716117af637f31b179220aa1aaf54\"><strong><strong>Gesti\u00f3 integral de residus per a empreses<\/strong><\/strong><\/h2>\n\n\n\n<p style=\"text-align: justify;\" align=\"justify\"><strong><strong>Solucions sostenibles i eficients per a la recollida, el transport i la valoritzaci\u00f3 de residus industrials i comercials<\/strong><\/strong><\/p>\n\n\n\n<p align=\"justify\">A <strong>Foment del Reciclatge<\/strong> , com a part de Corporaci\u00f3 Everest, oferim un servei integral de gesti\u00f3 de residus dissenyat per a empreses que requereixen transpar\u00e8ncia, compliment normatiu i comprom\u00eds ambiental.<\/p>\n\n\n\n<p align=\"justify\">Acompanyem organitzacions de tots els sectors (ind\u00fastria, retail, hoteleria, serveis, entre d&#8217;altres) en la transformaci\u00f3 dels seus residus en recursos de nova generaci\u00f3, gr\u00e0cies a un model de treball basat en la tra\u00e7abilitat total i la m\u00e0xima valoritzaci\u00f3.<\/p>\n<\/div>\n\n\n\n<div class=\"wp-block-column is-vertically-aligned-center is-layout-flow wp-block-column-is-layout-flow\">\n<figure class=\"wp-block-image size-large\"><img decoding=\"async\" src=\"https:\/\/corpeverest.com\/wp-content\/uploads\/2025\/05\/IMG_0859-scaled.jpeg\" alt=\"\"\/><\/figure>\n<\/div>\n<\/div>\n<\/div>\n\n<div class=\"wp-block-group has-background is-layout-constrained wp-container-core-group-is-layout-f40491d9 wp-block-group-is-layout-constrained\" style=\"background-color:#f9f6f3;padding-top:var(--wp--preset--spacing--80);padding-bottom:var(--wp--preset--spacing--80)\">\n<p align=\"justify\">Oferim solucions completes per a la gesti\u00f3 de residus d&#8217;empreses amb un enfocament personalitzat, adaptable a cada necessitat operativa:<\/p>\n\n\n\n<div class=\"wp-block-group is-layout-grid wp-container-core-group-is-layout-11360af4 wp-block-group-is-layout-grid\" style=\"margin-top:10px;margin-bottom:10px;padding-top:10px;padding-right:10px;padding-bottom:10px;padding-left:10px\">\n<div class=\"wp-block-group has-white-background-color has-background wp-container-content-2155ee95 is-layout-constrained wp-container-core-group-is-layout-4c5cf5dc wp-block-group-is-layout-constrained\" style=\"padding-top:var(--wp--preset--spacing--60);padding-right:var(--wp--preset--spacing--60);padding-bottom:var(--wp--preset--spacing--60);padding-left:var(--wp--preset--spacing--60)\">\n<table>\n<tr><td><img decoding=\"async\" src=\"https:\/\/corpeverest.com\/wp-content\/uploads\/2023\/06\/10000-contenedores.svg\" width=\"600\"\/><\/td><td><p align=\"center\">Lliurament i recollida de contenidors, adaptats a tot tipus de residu i espai.<\/p><\/td><\/tr><\/table>\n<\/div>\n\n\n\n<div class=\"wp-block-group has-white-background-color has-background wp-container-content-2155ee95 is-layout-constrained wp-container-core-group-is-layout-4c5cf5dc wp-block-group-is-layout-constrained\" style=\"padding-top:var(--wp--preset--spacing--60);padding-right:var(--wp--preset--spacing--60);padding-bottom:var(--wp--preset--spacing--60);padding-left:var(--wp--preset--spacing--60)\">\n<table>\n<tr><td><img decoding=\"async\" src=\"https:\/\/corpeverest.com\/wp-content\/uploads\/2023\/06\/camiones.svg\" width=\"600\"\/><\/td><td><p class=\"has-text-align-center\">Transport mitjan\u00e7ant mitjans autoritzats, sense intermediaris.<\/p><\/td><\/tr><\/table>\n<\/div>\n\n\n\n<div class=\"wp-block-group has-white-background-color has-background wp-container-content-6df3295e is-layout-constrained wp-container-core-group-is-layout-d4d80e83 wp-block-group-is-layout-constrained\" style=\"padding-top:var(--wp--preset--spacing--60);padding-right:var(--wp--preset--spacing--60);padding-bottom:var(--wp--preset--spacing--60);padding-left:var(--wp--preset--spacing--60)\">\n<table><tr><td><img decoding=\"async\" src=\"https:\/\/corpeverest.com\/wp-content\/uploads\/2023\/06\/seguridad.svg\" width=\"600\"\/><\/td><td><p align=\"center\">Gesti\u00f3 de residus perillosos i destrucci\u00f3 confidencial segura.<\/p><\/td><\/tr><\/table>\n<\/div>\n\n\n\n<div class=\"wp-block-group has-white-background-color has-background is-layout-constrained wp-container-core-group-is-layout-4c5cf5dc wp-block-group-is-layout-constrained\" style=\"padding-top:var(--wp--preset--spacing--60);padding-right:var(--wp--preset--spacing--60);padding-bottom:var(--wp--preset--spacing--60);padding-left:var(--wp--preset--spacing--60)\">\n<table>\n<tr><td><img decoding=\"async\" src=\"https:\/\/corpeverest.com\/wp-content\/uploads\/2023\/06\/sostenibilidad.svg\" width=\"600\"\/><\/td><td><p align=\"center\">Tractament i valoritzaci\u00f3 de tots els residus recollits a les nostres plantes, promovent l&#8217;economia circular.<\/p>\n<\/td><\/tr><\/table>\n<\/div>\n\n\n\n<div class=\"wp-block-group has-white-background-color has-background is-layout-constrained wp-container-core-group-is-layout-4c5cf5dc wp-block-group-is-layout-constrained\" style=\"padding-top:var(--wp--preset--spacing--60);padding-right:var(--wp--preset--spacing--60);padding-bottom:var(--wp--preset--spacing--60);padding-left:var(--wp--preset--spacing--60)\">\n<table>\n<tr><td><img decoding=\"async\" src=\"https:\/\/corpeverest.com\/wp-content\/uploads\/2023\/06\/diversidad-genero.svg\" width=\"600\"\/><\/td><td><p align=\"center\">Assessorament t\u00e8cnic continu per optimitzar els costos, la segregaci\u00f3 i la gesti\u00f3 dels residus.<\/p><\/td><\/tr><\/table>\n<\/div>\n\n\n\n<div class=\"wp-block-group has-white-background-color has-background is-layout-constrained wp-container-core-group-is-layout-4c5cf5dc wp-block-group-is-layout-constrained\" style=\"padding-top:var(--wp--preset--spacing--60);padding-right:var(--wp--preset--spacing--60);padding-bottom:var(--wp--preset--spacing--60);padding-left:var(--wp--preset--spacing--60)\">\n<table>\n<tr><td><img decoding=\"async\" src=\"https:\/\/corpeverest.com\/wp-content\/uploads\/2023\/06\/educacion.svg\" width=\"600\"\/><\/td><td><p align=\"center\">Generaci\u00f3 de documentaci\u00f3 certificada, conforme a ISO 9001, ISO 14001 i ISO 45001.<\/p><\/td><\/tr><\/table>\n<\/div>\n<\/div>\n\n\n\n<p style=\"text-align: justify;\" align=\"justify\">Des de residus comuns fins a fraccions m\u00e9s complexes, gestionem integralment paper, cartr\u00f3, pl\u00e0stics, fusta, rebuig, RAEE, residus perillosos, materials org\u00e0nics i m\u00e9s.<\/p>\n<\/div>\n\n<div class=\"wp-block-group is-layout-constrained wp-container-core-group-is-layout-983e1a77 wp-block-group-is-layout-constrained\" style=\"padding-top:var(--wp--preset--spacing--70);padding-bottom:var(--wp--preset--spacing--70)\">\n<div class=\"wp-block-columns are-vertically-aligned-center is-layout-flex wp-container-core-columns-is-layout-9d6595d7 wp-block-columns-is-layout-flex\">\n<div class=\"wp-block-column is-vertically-aligned-center is-layout-flow wp-block-column-is-layout-flow\">\n<figure class=\"wp-block-image size-large\"><img decoding=\"async\" src=\"https:\/\/corpeverest.com\/wp-content\/uploads\/2025\/05\/pexels-kindelmedia-7054510-scaled.jpg\" alt=\"\"\/><\/figure>\n<\/div>\n\n\n\n<div class=\"wp-block-column is-vertically-aligned-center is-layout-flow wp-block-column-is-layout-flow\">\n<h2 class=\"wp-block-heading has-primary-color has-text-color has-link-color wp-elements-2b1682333795c9c5c9d3cbf5b485e11e\"><strong>Gesti\u00f3 eficient i certificada dels residus gestionats<\/strong>.<\/h2>\n\n\n\n<p align=\"justify\">Els nostres serveis estan dissenyats per a empreses de volum mitj\u00e0-alt que busquen un partner integral en la gesti\u00f3 de residus amb garanties i confian\u00e7a. Atenem especialment a: <\/p>\n\n\n\n<ul class=\"wp-block-list\">\n<li>Ind\u00fastria i manufactura<\/li>\n\n\n\n<li>Cadenes de supermercats<\/li>\n\n\n\n<li>Hotels i grans superf\u00edcies<\/li>\n\n\n\n<li>Centres comercials i log\u00edstics<\/li>\n\n\n\n<li>I m\u00e9s.<\/li>\n<\/ul>\n\n\n\n<p align=\"justify\">Col\u00b7laborem com a partner estrat\u00e8gic, integrant-nos amb els teus processos per oferir un servei fluid, predictible i transparent.<\/p>\n\n\n\n<div style=\"height:100px\" aria-hidden=\"true\" class=\"wp-block-spacer\"><\/div>\n<\/div>\n<\/div>\n\n\n\n<div class=\"wp-block-columns are-vertically-aligned-center is-layout-flex wp-container-core-columns-is-layout-9d6595d7 wp-block-columns-is-layout-flex\">\n<div class=\"wp-block-column is-vertically-aligned-center is-layout-flow wp-block-column-is-layout-flow\">\n<h2 class=\"wp-block-heading\">Tra\u00e7abilitat total i experi\u00e8ncia: all\u00f2 que ens diferencia<\/h2>\n\n\n\n<p style=\"text-align: justify;\" align=\"justify\">En un sector on el compliment normatiu i l&#8217;efici\u00e8ncia s\u00f3n clau, a Foment del Reciclatge marquem la difer\u00e8ncia amb:<\/p>\n<ul>\n<li style=\"list-style-type: none;\">\n<ul>\n<li style=\"font-weight: 400; text-align: justify;\" aria-level=\"1\"><span style=\"font-weight: 400;\">Proc\u00e9s 100% controlat: mitjans, vehicles i plantes pr\u00f2pies.<\/span><\/li>\n<li style=\"font-weight: 400; text-align: justify;\" aria-level=\"1\"><span style=\"font-weight: 400;\">Tra\u00e7abilitat garantida: cada etapa documentada i certificada.<\/span><\/li>\n<li style=\"font-weight: 400; text-align: justify;\" aria-level=\"1\"><span style=\"font-weight: 400;\">M\u00e9s de 50 anys d&#8217;experi\u00e8ncia al sector ambiental.<\/span><\/li>\n<li style=\"font-weight: 400; text-align: justify;\" aria-level=\"1\"><span style=\"font-weight: 400;\">Comprom\u00eds amb l&#8217;economia circular i la reducci\u00f3 de l\u2019empremta de carboni.<\/span><\/li>\n<li style=\"font-weight: 400; text-align: justify;\" aria-level=\"1\"><span style=\"font-weight: 400;\">Atenci\u00f3 t\u00e8cnica personalitzada, amb solucions reals als teus desafiaments.<\/span><\/li>\n<li style=\"font-weight: 400; text-align: justify;\" aria-level=\"1\"><span style=\"font-weight: 400;\">Certificacions oficials: ISO 9001, ISO 14001, ISO 45001.<\/span><\/li>\n<\/ul>\n<\/li>\n<\/ul>\n<p style=\"padding-left: 40px;\" align=\"justify\">\n<\/div>\n\n\n\n<div class=\"wp-block-column is-vertically-aligned-center is-layout-flow wp-block-column-is-layout-flow\">\n<figure class=\"wp-block-image size-large\"><img decoding=\"async\" src=\"https:\/\/corpeverest.com\/wp-content\/uploads\/2025\/06\/marita-kavelashvili-ugnrXk1129g-unsplash-scaled.jpg\" alt=\"\"\/><\/figure>\n<\/div>\n<\/div>\n\n\n\n<hr class=\"wp-block-separator has-alpha-channel-opacity\"\/>\n\n\n\n<h2 class=\"wp-block-heading has-text-align-center\"><strong>Gestionar els residus amb un sol prove\u00efdor no nom\u00e9s simplifica processos: tamb\u00e9 t&#8217;estalvia temps i millora l&#8217;efic\u00e0cia.<\/strong><\/h2>\n\n\n\n<div class=\"wp-block-buttons is-content-justification-center is-layout-flex wp-container-core-buttons-is-layout-16018d1d wp-block-buttons-is-layout-flex\">\n<div class=\"wp-block-button is-style-fill\"><a class=\"wp-block-button__link has-white-color has-secondary-background-color has-text-color has-background has-link-color wp-element-button\" href=\"https:\/\/corpeverest.com\/ca\/contacte\/\" style=\"border-radius:0px\"><strong>SABER-NE M\u00c9S<\/strong><\/a><\/div>\n<\/div>\n<\/div>\n\n<p><\/p>\n","protected":false},"excerpt":{"rendered":"<p>Gesti\u00f3 integral de residus per a empreses Solucions sostenibles i eficients per a la recollida, el transport i la valoritzaci\u00f3 de residus industrials i comercials A Foment del Reciclatge , com a part de Corporaci\u00f3 Everest, oferim un servei integral de gesti\u00f3 de residus dissenyat per a empreses que requereixen transpar\u00e8ncia, compliment normatiu i comprom\u00eds [&#8230;]\n","protected":false},"author":2,"featured_media":0,"parent":2048,"menu_order":1,"comment_status":"closed","ping_status":"closed","template":"page-single-page-nav-transparent.php","meta":{"_acf_changed":false,"footnotes":""},"class_list":["post-2050","page","type-page","status-publish","hentry"],"acf":[],"yoast_head":"<!-- This site is optimized with the Yoast SEO plugin v27.0 - https:\/\/yoast.com\/product\/yoast-seo-wordpress\/ -->\n<title>Gesti\u00f3 de Residus per a Empreses | Corporaci\u00f3 Everest<\/title>\n<meta name=\"description\" content=\"Oferim gesti\u00f3 de residus per a empreses: transport segur, tractament responsable i solucions sostenibles pel teu negoci.\" \/>\n<meta name=\"robots\" content=\"index, follow, max-snippet:-1, max-image-preview:large, max-video-preview:-1\" \/>\n<link rel=\"canonical\" href=\"https:\/\/corpeverest.com\/ca\/transport-i-gestio-de-residus\/per-a-empreses\/\" \/>\n<meta property=\"og:locale\" content=\"ca_ES\" \/>\n<meta property=\"og:type\" content=\"article\" \/>\n<meta property=\"og:title\" content=\"Gesti\u00f3 de Residus per a Empreses | Corporaci\u00f3 Everest\" \/>\n<meta property=\"og:description\" content=\"Oferim gesti\u00f3 de residus per a empreses: transport segur, tractament responsable i solucions sostenibles pel teu negoci.\" \/>\n<meta property=\"og:url\" content=\"https:\/\/corpeverest.com\/ca\/transport-i-gestio-de-residus\/per-a-empreses\/\" \/>\n<meta property=\"og:site_name\" content=\"Corporaci\u00f3n Everest\" \/>\n<meta property=\"article:modified_time\" content=\"2026-01-28T12:34:23+00:00\" \/>\n<meta property=\"og:image\" content=\"https:\/\/corpeverest.com\/wp-content\/uploads\/2025\/05\/IMG_0859-scaled.jpeg\" \/>\n<meta name=\"twitter:card\" content=\"summary_large_image\" \/>\n<meta name=\"twitter:label1\" content=\"Temps estimat de lectura\" \/>\n\t<meta name=\"twitter:data1\" content=\"4 minuts\" \/>\n<script type=\"application\/ld+json\" class=\"yoast-schema-graph\">{\"@context\":\"https:\/\/schema.org\",\"@graph\":[{\"@type\":\"WebPage\",\"@id\":\"https:\/\/corpeverest.com\/ca\/transport-i-gestio-de-residus\/per-a-empreses\/\",\"url\":\"https:\/\/corpeverest.com\/ca\/transport-i-gestio-de-residus\/per-a-empreses\/\",\"name\":\"Gesti\u00f3 de Residus per a Empreses | Corporaci\u00f3 Everest\",\"isPartOf\":{\"@id\":\"https:\/\/corpeverest.com\/ca\/#website\"},\"primaryImageOfPage\":{\"@id\":\"https:\/\/corpeverest.com\/ca\/transport-i-gestio-de-residus\/per-a-empreses\/#primaryimage\"},\"image\":{\"@id\":\"https:\/\/corpeverest.com\/ca\/transport-i-gestio-de-residus\/per-a-empreses\/#primaryimage\"},\"thumbnailUrl\":\"https:\/\/corpeverest.com\/wp-content\/uploads\/2025\/05\/IMG_0859-scaled.jpeg\",\"datePublished\":\"2025-05-20T18:02:47+00:00\",\"dateModified\":\"2026-01-28T12:34:23+00:00\",\"description\":\"Oferim gesti\u00f3 de residus per a empreses: transport segur, tractament responsable i solucions sostenibles pel teu negoci.\",\"breadcrumb\":{\"@id\":\"https:\/\/corpeverest.com\/ca\/transport-i-gestio-de-residus\/per-a-empreses\/#breadcrumb\"},\"inLanguage\":\"ca\",\"potentialAction\":[{\"@type\":\"ReadAction\",\"target\":[\"https:\/\/corpeverest.com\/ca\/transport-i-gestio-de-residus\/per-a-empreses\/\"]}]},{\"@type\":\"ImageObject\",\"inLanguage\":\"ca\",\"@id\":\"https:\/\/corpeverest.com\/ca\/transport-i-gestio-de-residus\/per-a-empreses\/#primaryimage\",\"url\":\"https:\/\/corpeverest.com\/wp-content\/uploads\/2025\/05\/IMG_0859-scaled.jpeg\",\"contentUrl\":\"https:\/\/corpeverest.com\/wp-content\/uploads\/2025\/05\/IMG_0859-scaled.jpeg\"},{\"@type\":\"BreadcrumbList\",\"@id\":\"https:\/\/corpeverest.com\/ca\/transport-i-gestio-de-residus\/per-a-empreses\/#breadcrumb\",\"itemListElement\":[{\"@type\":\"ListItem\",\"position\":1,\"name\":\"Inicio\",\"item\":\"https:\/\/corpeverest.com\/ca\/\"},{\"@type\":\"ListItem\",\"position\":2,\"name\":\"Transport i gesti\u00f3 de residus\",\"item\":\"https:\/\/corpeverest.com\/ca\/transport-i-gestio-de-residus\/\"},{\"@type\":\"ListItem\",\"position\":3,\"name\":\"Per a empreses\"}]},{\"@type\":\"WebSite\",\"@id\":\"https:\/\/corpeverest.com\/ca\/#website\",\"url\":\"https:\/\/corpeverest.com\/ca\/\",\"name\":\"Corporaci\u00f3n Everest\",\"description\":\"\",\"publisher\":{\"@id\":\"https:\/\/corpeverest.com\/ca\/#organization\"},\"potentialAction\":[{\"@type\":\"SearchAction\",\"target\":{\"@type\":\"EntryPoint\",\"urlTemplate\":\"https:\/\/corpeverest.com\/ca\/?s={search_term_string}\"},\"query-input\":{\"@type\":\"PropertyValueSpecification\",\"valueRequired\":true,\"valueName\":\"search_term_string\"}}],\"inLanguage\":\"ca\"},{\"@type\":\"Organization\",\"@id\":\"https:\/\/corpeverest.com\/ca\/#organization\",\"name\":\"Corporaci\u00f3n Everest\",\"url\":\"https:\/\/corpeverest.com\/ca\/\",\"logo\":{\"@type\":\"ImageObject\",\"inLanguage\":\"ca\",\"@id\":\"https:\/\/corpeverest.com\/ca\/#\/schema\/logo\/image\/\",\"url\":\"https:\/\/corpeverest.com\/wp-content\/uploads\/2025\/06\/Logo-Corp.-Everest-8-e1750092926475.png\",\"contentUrl\":\"https:\/\/corpeverest.com\/wp-content\/uploads\/2025\/06\/Logo-Corp.-Everest-8-e1750092926475.png\",\"width\":500,\"height\":180,\"caption\":\"Corporaci\u00f3n Everest\"},\"image\":{\"@id\":\"https:\/\/corpeverest.com\/ca\/#\/schema\/logo\/image\/\"}}]}<\/script>\n<!-- \/ Yoast SEO plugin. -->","yoast_head_json":{"title":"Gesti\u00f3 de Residus per a Empreses | Corporaci\u00f3 Everest","description":"Oferim gesti\u00f3 de residus per a empreses: transport segur, tractament responsable i solucions sostenibles pel teu negoci.","robots":{"index":"index","follow":"follow","max-snippet":"max-snippet:-1","max-image-preview":"max-image-preview:large","max-video-preview":"max-video-preview:-1"},"canonical":"https:\/\/corpeverest.com\/ca\/transport-i-gestio-de-residus\/per-a-empreses\/","og_locale":"ca_ES","og_type":"article","og_title":"Gesti\u00f3 de Residus per a Empreses | Corporaci\u00f3 Everest","og_description":"Oferim gesti\u00f3 de residus per a empreses: transport segur, tractament responsable i solucions sostenibles pel teu negoci.","og_url":"https:\/\/corpeverest.com\/ca\/transport-i-gestio-de-residus\/per-a-empreses\/","og_site_name":"Corporaci\u00f3n Everest","article_modified_time":"2026-01-28T12:34:23+00:00","og_image":[{"url":"https:\/\/corpeverest.com\/wp-content\/uploads\/2025\/05\/IMG_0859-scaled.jpeg","type":"","width":"","height":""}],"twitter_card":"summary_large_image","twitter_misc":{"Temps estimat de lectura":"4 minuts"},"schema":{"@context":"https:\/\/schema.org","@graph":[{"@type":"WebPage","@id":"https:\/\/corpeverest.com\/ca\/transport-i-gestio-de-residus\/per-a-empreses\/","url":"https:\/\/corpeverest.com\/ca\/transport-i-gestio-de-residus\/per-a-empreses\/","name":"Gesti\u00f3 de Residus per a Empreses | Corporaci\u00f3 Everest","isPartOf":{"@id":"https:\/\/corpeverest.com\/ca\/#website"},"primaryImageOfPage":{"@id":"https:\/\/corpeverest.com\/ca\/transport-i-gestio-de-residus\/per-a-empreses\/#primaryimage"},"image":{"@id":"https:\/\/corpeverest.com\/ca\/transport-i-gestio-de-residus\/per-a-empreses\/#primaryimage"},"thumbnailUrl":"https:\/\/corpeverest.com\/wp-content\/uploads\/2025\/05\/IMG_0859-scaled.jpeg","datePublished":"2025-05-20T18:02:47+00:00","dateModified":"2026-01-28T12:34:23+00:00","description":"Oferim gesti\u00f3 de residus per a empreses: transport segur, tractament responsable i solucions sostenibles pel teu negoci.","breadcrumb":{"@id":"https:\/\/corpeverest.com\/ca\/transport-i-gestio-de-residus\/per-a-empreses\/#breadcrumb"},"inLanguage":"ca","potentialAction":[{"@type":"ReadAction","target":["https:\/\/corpeverest.com\/ca\/transport-i-gestio-de-residus\/per-a-empreses\/"]}]},{"@type":"ImageObject","inLanguage":"ca","@id":"https:\/\/corpeverest.com\/ca\/transport-i-gestio-de-residus\/per-a-empreses\/#primaryimage","url":"https:\/\/corpeverest.com\/wp-content\/uploads\/2025\/05\/IMG_0859-scaled.jpeg","contentUrl":"https:\/\/corpeverest.com\/wp-content\/uploads\/2025\/05\/IMG_0859-scaled.jpeg"},{"@type":"BreadcrumbList","@id":"https:\/\/corpeverest.com\/ca\/transport-i-gestio-de-residus\/per-a-empreses\/#breadcrumb","itemListElement":[{"@type":"ListItem","position":1,"name":"Inicio","item":"https:\/\/corpeverest.com\/ca\/"},{"@type":"ListItem","position":2,"name":"Transport i gesti\u00f3 de residus","item":"https:\/\/corpeverest.com\/ca\/transport-i-gestio-de-residus\/"},{"@type":"ListItem","position":3,"name":"Per a empreses"}]},{"@type":"WebSite","@id":"https:\/\/corpeverest.com\/ca\/#website","url":"https:\/\/corpeverest.com\/ca\/","name":"Corporaci\u00f3n Everest","description":"","publisher":{"@id":"https:\/\/corpeverest.com\/ca\/#organization"},"potentialAction":[{"@type":"SearchAction","target":{"@type":"EntryPoint","urlTemplate":"https:\/\/corpeverest.com\/ca\/?s={search_term_string}"},"query-input":{"@type":"PropertyValueSpecification","valueRequired":true,"valueName":"search_term_string"}}],"inLanguage":"ca"},{"@type":"Organization","@id":"https:\/\/corpeverest.com\/ca\/#organization","name":"Corporaci\u00f3n Everest","url":"https:\/\/corpeverest.com\/ca\/","logo":{"@type":"ImageObject","inLanguage":"ca","@id":"https:\/\/corpeverest.com\/ca\/#\/schema\/logo\/image\/","url":"https:\/\/corpeverest.com\/wp-content\/uploads\/2025\/06\/Logo-Corp.-Everest-8-e1750092926475.png","contentUrl":"https:\/\/corpeverest.com\/wp-content\/uploads\/2025\/06\/Logo-Corp.-Everest-8-e1750092926475.png","width":500,"height":180,"caption":"Corporaci\u00f3n Everest"},"image":{"@id":"https:\/\/corpeverest.com\/ca\/#\/schema\/logo\/image\/"}}]}},"_links":{"self":[{"href":"https:\/\/corpeverest.com\/ca\/wp-json\/wp\/v2\/pages\/2050","targetHints":{"allow":["GET"]}}],"collection":[{"href":"https:\/\/corpeverest.com\/ca\/wp-json\/wp\/v2\/pages"}],"about":[{"href":"https:\/\/corpeverest.com\/ca\/wp-json\/wp\/v2\/types\/page"}],"author":[{"embeddable":true,"href":"https:\/\/corpeverest.com\/ca\/wp-json\/wp\/v2\/users\/2"}],"replies":[{"embeddable":true,"href":"https:\/\/corpeverest.com\/ca\/wp-json\/wp\/v2\/comments?post=2050"}],"version-history":[{"count":10,"href":"https:\/\/corpeverest.com\/ca\/wp-json\/wp\/v2\/pages\/2050\/revisions"}],"predecessor-version":[{"id":2805,"href":"https:\/\/corpeverest.com\/ca\/wp-json\/wp\/v2\/pages\/2050\/revisions\/2805"}],"up":[{"embeddable":true,"href":"https:\/\/corpeverest.com\/ca\/wp-json\/wp\/v2\/pages\/2048"}],"wp:attachment":[{"href":"https:\/\/corpeverest.com\/ca\/wp-json\/wp\/v2\/media?parent=2050"}],"curies":[{"name":"wp","href":"https:\/\/api.w.org\/{rel}","templated":true}]}}