{"id":1069,"date":"2023-06-09T11:06:30","date_gmt":"2023-06-09T09:06:30","guid":{"rendered":"https:\/\/www.corpeverest.com\/politica-de-privacitat-i-proteccio-de-dades\/"},"modified":"2025-09-22T15:34:37","modified_gmt":"2025-09-22T13:34:37","slug":"politica-de-privacitat-i-proteccio-de-dades","status":"publish","type":"page","link":"https:\/\/corpeverest.com\/ca\/politica-de-privacitat-i-proteccio-de-dades\/","title":{"rendered":"Pol\u00edtica de Privadesa i Protecci\u00f3 de Dades"},"content":{"rendered":"\n\n  <div class=\"banner has-hover has-video\" id=\"banner-2081486697\">\n          <div class=\"banner-inner fill\">\n        <div class=\"banner-bg fill\" >\n                        \t<div class=\"video-overlay no-click fill hide-for-medium\"><\/div>\n\t<video class=\"video-bg fill hide-for-medium\" preload playsinline autoplay muted loop>\n\t\t<source src=\"https:\/\/corpeverest.com\/wp-content\/uploads\/2023\/06\/paginas-legales.mp4\" type=\"video\/mp4\">\t<\/video>\n            <div class=\"overlay\"><\/div>            \n                    <\/div>\n\t\t\n        <div class=\"banner-layers container\">\n            <div class=\"fill banner-link\"><\/div>            \n\n   <div id=\"text-box-1354047684\" class=\"text-box banner-layer x100 md-x100 lg-x100 y50 md-y50 lg-y50 res-text\">\n                                <div class=\"text-box-content text dark\">\n              \n              <div class=\"text-inner text-right\">\n                  \n\n<h1><strong>Pol\u00edtica de Privadesa i Protecci\u00f3 de Dades<\/strong><\/h1>\n<div class=\"is-divider divider clearfix\" style=\"max-width:117px;height:13px;background-color:rgb(231, 59, 72);\"><\/div>\n\n\n              <\/div>\n           <\/div>\n                            \n<style>\n#text-box-1354047684 {\n  width: 60%;\n}\n#text-box-1354047684 .text-box-content {\n  font-size: 100%;\n}\n@media (min-width:550px) {\n  #text-box-1354047684 {\n    width: 100%;\n  }\n}\n<\/style>\n    <\/div>\n \n\n        <\/div>\n      <\/div>\n\n            \n<style>\n#banner-2081486697 {\n  padding-top: 400px;\n}\n#banner-2081486697 .overlay {\n  background-color: rgba(0, 0, 0, 0.2);\n}\n<\/style>\n  <\/div>\n\n\n<div class=\"row\"  id=\"row-1647506787\">\n\n\n\t<div id=\"col-1332746959\" class=\"col small-12 large-12\"  >\n\t\t\t\t<div class=\"col-inner\"  >\n\t\t\t\n\t\t\t\n\n<h3>RESPONSABLE DEL TRACTAMENT<\/h3>\n<p>En compliment del Reglament General de Protecci\u00f3 de Dades (UE) 2016\/679 i la Llei Org\u00e0nica 3\/2018 de 5 de<br \/> desembre, de Protecci\u00f3 de Dades Personals i garantia dels drets digitals, us informem que el responsable<br \/> del tractament de les vostres dades personals \u00e9s Corpeverest.com, amb domicili social al c\/ Mas Baiona, 58, Pol.Ind. Can Roqueta, 08202 Sabadell (Barcelona). <\/p>\n<h3>FINALITAT<\/h3>\n<p>Les seves dades seran tractades amb una o diverses de les finalitats seg\u00fcents:<\/p>\n<ol>\n<li>En cas que vulgueu rebre informaci\u00f3 sobre els serveis que us ofereix Corpeverest.com i les<br \/> activitats que organitza, la finalitat ser\u00e0 facilitar-li aquesta informaci\u00f3 espec\u00edfica que ha demanat i tamb\u00e9 una altra<br \/> addicional, fins i tot peri\u00f2dica (tipus butllet\u00ed) per qualsevol mitj\u00e0, inclosos els mitjans electr\u00f2nics (e-mail, SMS,<br \/> MMS, xarxes socials, etc.).<\/li>\n<li>En cas que vulgueu contractar qualsevol dels serveis de la marina, la finalitat ser\u00e0 facilitar el<br \/> establiment de la relaci\u00f3 comercial i els processos d&#8217;informaci\u00f3 comercial, pressupost, contractaci\u00f3,<br \/> prestaci\u00f3, comptabilitat, cobrament, atenci\u00f3 al client, etc.<\/li>\n<li>En cas que vost\u00e8 sigui prove\u00efdor de Corpeverest.com, o pretengui ser-ho, la finalitat ser\u00e0 gestionar els seus<br \/> operacions d&#8217;informaci\u00f3 comercial, comanda, adquisici\u00f3 o gaudi dels seus productes i\/o serveis,<br \/> comptabilitat, pagament, servei post venda, etc.<\/li>\n<li>En cas que vulgui optar a algun lloc de treball vacant a Corpeverest.com i vulgui facilitar-nos la seva<br \/> historial professional, la finalitat ser\u00e0 gestionar la candidatura en el proc\u00e9s de selecci\u00f3.<\/li>\n<\/ol>\n<p>Si vost\u00e8 no ens facilita totes les dades sol\u00b7licitades al corresponent formulari, \u00e9s possible que no puguem<br \/> satisfer la vostra sol\u00b7licitud.<\/p>\n<h3>BASE DE LEGITIMACI\u00d3<\/h3>\n<p>Corpeverest.com procedir\u00e0 al tractament de les vostres dades personals perqu\u00e8 es d\u00f3na, almenys, una de les seg\u00fcents<br \/> circumst\u00e0ncies que ho fan leg\u00edtim:<\/p>\n<ol>\n<li>Si heu sol\u00b7licitat informaci\u00f3, perqu\u00e8 vost\u00e8 ha manifestat el seu consentiment, lliure, informat, expr\u00e9s i<br \/> afirmatiu en sol\u00b7licitar aquesta informaci\u00f3 mitjan\u00e7ant un formulari o un correu electr\u00f2nic.<\/li>\n<li>Si sou client o prove\u00efdor de Corpeverest.com, perqu\u00e8 hi ha una relaci\u00f3 contractual amb la marina, de la<br \/> que vost\u00e8 forma part.<\/li>\n<li>En cas que vulgui ser candidat a una vacant a Corpeverest.com i vulgui facilitar-nos el seu historial<br \/> professional, perqu\u00e8 ha manifestat el seu consentiment, lliure, informat, expr\u00e9s i afirmatiu en facilitar els seus<br \/> dades de contacte i el seu curr\u00edculum vitae.<\/li>\n<\/ol>\n<h3>TERMINI DE CONSERVACI\u00d3 DE LES DADES<\/h3>\n<ol>\n<li>En cas que heu sol\u00b7licitat informaci\u00f3, les vostres dades es conservaran fins que sol\u00b7liciteu la seva supressi\u00f3 o<br \/> revoqui el seu consentiment.<\/li>\n<li>En cas que vost\u00e8 sigui client o prove\u00efdor de Corpeverest.com, les seves dades es conservaran fins a 5 anys despr\u00e9s de<br \/> la darrera transacci\u00f3 comercial.<\/li>\n<li>En cas que vost\u00e8 sigui candidat a una vacant a Corpeverest.com i faciliti el seu curr\u00edculum, les vostres dades es<br \/> conservaran mentre duri el proc\u00e9s de selecci\u00f3 i, com a m\u00e0xim, fins a 1 any despr\u00e9s de rebre el vostre historial<br \/> professional.<\/li>\n<\/ol>\n<h3>DESTINATARIS I TRANSFER\u00c8NCIES INTERNACIONALS<\/h3>\n<ol>\n<li>En cas que heu sol\u00b7licitat informaci\u00f3 sobre Corpeverest.com, les vostres dades podran ser comunicades a<br \/> aquells prove\u00efdors necessaris per satisfer la finalitat indicada, com a gestors d&#8217;enviaments de correus electr\u00f2nics, etc.<br \/> Si aquests prove\u00efdors estan situats fora de l&#8217;Espai Econ\u00f2mic Europeu, \u00e9s probable que s&#8217;hagi de fer<br \/> una Transfer\u00e8ncia Internacional de Dades que en tot cas complir\u00e0 amb les previsions establertes al<br \/> Reglament general de protecci\u00f3 de dades.<\/li>\n<li>En cas que sigueu client o prove\u00efdor de Corpeverest.com, les vostres dades podran ser comunicades per obligaci\u00f3<br \/> legal a administracions p\u00fabliques (per exemple: Hisenda), a entitats banc\u00e0ries per procedir al pagament o cobrament<br \/> dels serveis, a empreses prove\u00efdores o col\u00b7laboradores de Corpeverest.com, \u00fanicament amb el prop\u00f2sit de<br \/> satisfer les finalitats indicades. Si aquests prove\u00efdors o mitjans estan situats fora de l&#8217;Espai<br \/> Econ\u00f2mic Europeu, \u00e9s probable que s&#8217;hagi de fer una Transfer\u00e8ncia Internacional de Dades que en tot cas<br \/> complir\u00e0 amb les previsions establertes al Reglament General de Protecci\u00f3 de dades. <\/li>\n<li>En cas que vost\u00e8 sigui un candidat a algun lloc vacant a Corpeverest.com, no est\u00e0 previst comunicar-ne<br \/> dades a tercers, ni tampoc realitzar Transfer\u00e8ncies Internacionals de les vostres dades.<\/li>\n<\/ol>\n<p>Per a un altre tipus de comunicaci\u00f3 de dades personals amb finalitats diferents, es demanar\u00e0 pr\u00e8viament el<br \/> consentiment expr\u00e9s, lliure, informat i afirmatiu per part seva.<\/p>\n<h3>DRETS DELS INTERESSATS<\/h3>\n<p>Vost\u00e8 t\u00e9 dret a revocar qualsevol consentiment que hagi atorgat ia accedir a la informaci\u00f3 que tenim de<br \/> vost\u00e9, a rectificar-la, a suprimir-la, a oposar-se al seu tractament, a sol\u00b7licitar la limitaci\u00f3 del tractament, a demanar<br \/> la portabilitat de les seves dades ja que no es prenguin decisions automatitzades sobre vost\u00e8, inclosa l&#8217;elaboraci\u00f3 de<br \/> perfils. Per aix\u00f2, nom\u00e9s cal comunicar-ho mitjan\u00e7ant escrit signat, adjuntant una fotoc\u00f2pia de qualsevol<br \/> document oficial v\u00e0lid que acrediti la seva identitat (DNI, passaport\u2026), dirigit a: NOM EMPRESA, c\/ Mas Baiona, 58, Pol.Ind. Can Roqueta, 08202 Sabadell (Barcelona), Tel\u00e8fon +34 93 712 04 04. E-mail: info@corpeverest.com. Tamb\u00e9 t\u00e9 dret a presentar una reclamaci\u00f3 davant<br \/> una Autoritat de Control. En cas d&#8217;exercici de drets per mitj\u00e0 de representant, caldr\u00e0 que la<br \/> sol\u00b7licitud s&#8217;acompanyi d&#8217;autoritzaci\u00f3 expressa i c\u00f2pia de DNI, passaport o document oficial equivalent del<br \/> representant i del representat.     <\/p>\n<p>La versi\u00f3 d&#8217;aquest document en espanyol \u00e9s l&#8217;\u00fanica v\u00e0lida amb efectes legals. Qualsevol altra versi\u00f3 \u00e9s una mera<br \/> traducci\u00f3, sense m\u00e9s efectes que els de facilitar-ne la comprensi\u00f3. <\/p>\n\n\t\t<\/div>\n\t\t\t\t\t<\/div>\n\n\t\n\n<\/div>\n\n","protected":false},"excerpt":{"rendered":"","protected":false},"author":2,"featured_media":0,"parent":0,"menu_order":100,"comment_status":"closed","ping_status":"closed","template":"page-single-page-nav-transparent.php","meta":{"_acf_changed":false,"footnotes":""},"class_list":["post-1069","page","type-page","status-publish","hentry"],"acf":[],"yoast_head":"<!-- This site is optimized with the Yoast SEO plugin v27.0 - https:\/\/yoast.com\/product\/yoast-seo-wordpress\/ -->\n<title>Pol\u00edtica de Privadesa i Protecci\u00f3 de Dades - Corporaci\u00f3n Everest<\/title>\n<meta name=\"description\" content=\"Us informem que el responsable del tractament de les vostres dades personals \u00e9s Corpeverest.com, amb domicili social Sabadell (Barcelona).\" \/>\n<meta name=\"robots\" content=\"index, follow, max-snippet:-1, max-image-preview:large, max-video-preview:-1\" \/>\n<link rel=\"canonical\" href=\"https:\/\/corpeverest.com\/ca\/politica-de-privacitat-i-proteccio-de-dades\/\" \/>\n<meta property=\"og:locale\" content=\"ca_ES\" \/>\n<meta property=\"og:type\" content=\"article\" \/>\n<meta property=\"og:title\" content=\"Pol\u00edtica de Privadesa i Protecci\u00f3 de Dades - Corporaci\u00f3n Everest\" \/>\n<meta property=\"og:description\" content=\"Us informem que el responsable del tractament de les vostres dades personals \u00e9s Corpeverest.com, amb domicili social Sabadell (Barcelona).\" \/>\n<meta property=\"og:url\" content=\"https:\/\/corpeverest.com\/ca\/politica-de-privacitat-i-proteccio-de-dades\/\" \/>\n<meta property=\"og:site_name\" content=\"Corporaci\u00f3n Everest\" \/>\n<meta property=\"article:modified_time\" content=\"2025-09-22T13:34:37+00:00\" \/>\n<meta name=\"twitter:card\" content=\"summary_large_image\" \/>\n<meta name=\"twitter:label1\" content=\"Temps estimat de lectura\" \/>\n\t<meta name=\"twitter:data1\" content=\"5 minuts\" \/>\n<script type=\"application\/ld+json\" class=\"yoast-schema-graph\">{\"@context\":\"https:\/\/schema.org\",\"@graph\":[{\"@type\":\"WebPage\",\"@id\":\"https:\/\/corpeverest.com\/ca\/politica-de-privacitat-i-proteccio-de-dades\/\",\"url\":\"https:\/\/corpeverest.com\/ca\/politica-de-privacitat-i-proteccio-de-dades\/\",\"name\":\"Pol\u00edtica de Privadesa i Protecci\u00f3 de Dades - Corporaci\u00f3n Everest\",\"isPartOf\":{\"@id\":\"https:\/\/corpeverest.com\/ca\/#website\"},\"datePublished\":\"2023-06-09T09:06:30+00:00\",\"dateModified\":\"2025-09-22T13:34:37+00:00\",\"description\":\"Us informem que el responsable del tractament de les vostres dades personals \u00e9s Corpeverest.com, amb domicili social Sabadell (Barcelona).\",\"breadcrumb\":{\"@id\":\"https:\/\/corpeverest.com\/ca\/politica-de-privacitat-i-proteccio-de-dades\/#breadcrumb\"},\"inLanguage\":\"ca\",\"potentialAction\":[{\"@type\":\"ReadAction\",\"target\":[\"https:\/\/corpeverest.com\/ca\/politica-de-privacitat-i-proteccio-de-dades\/\"]}]},{\"@type\":\"BreadcrumbList\",\"@id\":\"https:\/\/corpeverest.com\/ca\/politica-de-privacitat-i-proteccio-de-dades\/#breadcrumb\",\"itemListElement\":[{\"@type\":\"ListItem\",\"position\":1,\"name\":\"Inicio\",\"item\":\"https:\/\/corpeverest.com\/ca\/\"},{\"@type\":\"ListItem\",\"position\":2,\"name\":\"Pol\u00edtica de Privadesa i Protecci\u00f3 de Dades\"}]},{\"@type\":\"WebSite\",\"@id\":\"https:\/\/corpeverest.com\/ca\/#website\",\"url\":\"https:\/\/corpeverest.com\/ca\/\",\"name\":\"Corporaci\u00f3n Everest\",\"description\":\"\",\"publisher\":{\"@id\":\"https:\/\/corpeverest.com\/ca\/#organization\"},\"potentialAction\":[{\"@type\":\"SearchAction\",\"target\":{\"@type\":\"EntryPoint\",\"urlTemplate\":\"https:\/\/corpeverest.com\/ca\/?s={search_term_string}\"},\"query-input\":{\"@type\":\"PropertyValueSpecification\",\"valueRequired\":true,\"valueName\":\"search_term_string\"}}],\"inLanguage\":\"ca\"},{\"@type\":\"Organization\",\"@id\":\"https:\/\/corpeverest.com\/ca\/#organization\",\"name\":\"Corporaci\u00f3n Everest\",\"url\":\"https:\/\/corpeverest.com\/ca\/\",\"logo\":{\"@type\":\"ImageObject\",\"inLanguage\":\"ca\",\"@id\":\"https:\/\/corpeverest.com\/ca\/#\/schema\/logo\/image\/\",\"url\":\"https:\/\/corpeverest.com\/wp-content\/uploads\/2025\/06\/Logo-Corp.-Everest-8-e1750092926475.png\",\"contentUrl\":\"https:\/\/corpeverest.com\/wp-content\/uploads\/2025\/06\/Logo-Corp.-Everest-8-e1750092926475.png\",\"width\":500,\"height\":180,\"caption\":\"Corporaci\u00f3n Everest\"},\"image\":{\"@id\":\"https:\/\/corpeverest.com\/ca\/#\/schema\/logo\/image\/\"}}]}<\/script>\n<!-- \/ Yoast SEO plugin. -->","yoast_head_json":{"title":"Pol\u00edtica de Privadesa i Protecci\u00f3 de Dades - Corporaci\u00f3n Everest","description":"Us informem que el responsable del tractament de les vostres dades personals \u00e9s Corpeverest.com, amb domicili social Sabadell (Barcelona).","robots":{"index":"index","follow":"follow","max-snippet":"max-snippet:-1","max-image-preview":"max-image-preview:large","max-video-preview":"max-video-preview:-1"},"canonical":"https:\/\/corpeverest.com\/ca\/politica-de-privacitat-i-proteccio-de-dades\/","og_locale":"ca_ES","og_type":"article","og_title":"Pol\u00edtica de Privadesa i Protecci\u00f3 de Dades - Corporaci\u00f3n Everest","og_description":"Us informem que el responsable del tractament de les vostres dades personals \u00e9s Corpeverest.com, amb domicili social Sabadell (Barcelona).","og_url":"https:\/\/corpeverest.com\/ca\/politica-de-privacitat-i-proteccio-de-dades\/","og_site_name":"Corporaci\u00f3n Everest","article_modified_time":"2025-09-22T13:34:37+00:00","twitter_card":"summary_large_image","twitter_misc":{"Temps estimat de lectura":"5 minuts"},"schema":{"@context":"https:\/\/schema.org","@graph":[{"@type":"WebPage","@id":"https:\/\/corpeverest.com\/ca\/politica-de-privacitat-i-proteccio-de-dades\/","url":"https:\/\/corpeverest.com\/ca\/politica-de-privacitat-i-proteccio-de-dades\/","name":"Pol\u00edtica de Privadesa i Protecci\u00f3 de Dades - Corporaci\u00f3n Everest","isPartOf":{"@id":"https:\/\/corpeverest.com\/ca\/#website"},"datePublished":"2023-06-09T09:06:30+00:00","dateModified":"2025-09-22T13:34:37+00:00","description":"Us informem que el responsable del tractament de les vostres dades personals \u00e9s Corpeverest.com, amb domicili social Sabadell (Barcelona).","breadcrumb":{"@id":"https:\/\/corpeverest.com\/ca\/politica-de-privacitat-i-proteccio-de-dades\/#breadcrumb"},"inLanguage":"ca","potentialAction":[{"@type":"ReadAction","target":["https:\/\/corpeverest.com\/ca\/politica-de-privacitat-i-proteccio-de-dades\/"]}]},{"@type":"BreadcrumbList","@id":"https:\/\/corpeverest.com\/ca\/politica-de-privacitat-i-proteccio-de-dades\/#breadcrumb","itemListElement":[{"@type":"ListItem","position":1,"name":"Inicio","item":"https:\/\/corpeverest.com\/ca\/"},{"@type":"ListItem","position":2,"name":"Pol\u00edtica de Privadesa i Protecci\u00f3 de Dades"}]},{"@type":"WebSite","@id":"https:\/\/corpeverest.com\/ca\/#website","url":"https:\/\/corpeverest.com\/ca\/","name":"Corporaci\u00f3n Everest","description":"","publisher":{"@id":"https:\/\/corpeverest.com\/ca\/#organization"},"potentialAction":[{"@type":"SearchAction","target":{"@type":"EntryPoint","urlTemplate":"https:\/\/corpeverest.com\/ca\/?s={search_term_string}"},"query-input":{"@type":"PropertyValueSpecification","valueRequired":true,"valueName":"search_term_string"}}],"inLanguage":"ca"},{"@type":"Organization","@id":"https:\/\/corpeverest.com\/ca\/#organization","name":"Corporaci\u00f3n Everest","url":"https:\/\/corpeverest.com\/ca\/","logo":{"@type":"ImageObject","inLanguage":"ca","@id":"https:\/\/corpeverest.com\/ca\/#\/schema\/logo\/image\/","url":"https:\/\/corpeverest.com\/wp-content\/uploads\/2025\/06\/Logo-Corp.-Everest-8-e1750092926475.png","contentUrl":"https:\/\/corpeverest.com\/wp-content\/uploads\/2025\/06\/Logo-Corp.-Everest-8-e1750092926475.png","width":500,"height":180,"caption":"Corporaci\u00f3n Everest"},"image":{"@id":"https:\/\/corpeverest.com\/ca\/#\/schema\/logo\/image\/"}}]}},"_links":{"self":[{"href":"https:\/\/corpeverest.com\/ca\/wp-json\/wp\/v2\/pages\/1069","targetHints":{"allow":["GET"]}}],"collection":[{"href":"https:\/\/corpeverest.com\/ca\/wp-json\/wp\/v2\/pages"}],"about":[{"href":"https:\/\/corpeverest.com\/ca\/wp-json\/wp\/v2\/types\/page"}],"author":[{"embeddable":true,"href":"https:\/\/corpeverest.com\/ca\/wp-json\/wp\/v2\/users\/2"}],"replies":[{"embeddable":true,"href":"https:\/\/corpeverest.com\/ca\/wp-json\/wp\/v2\/comments?post=1069"}],"version-history":[{"count":7,"href":"https:\/\/corpeverest.com\/ca\/wp-json\/wp\/v2\/pages\/1069\/revisions"}],"predecessor-version":[{"id":2492,"href":"https:\/\/corpeverest.com\/ca\/wp-json\/wp\/v2\/pages\/1069\/revisions\/2492"}],"wp:attachment":[{"href":"https:\/\/corpeverest.com\/ca\/wp-json\/wp\/v2\/media?parent=1069"}],"curies":[{"name":"wp","href":"https:\/\/api.w.org\/{rel}","templated":true}]}}