{"id":1066,"date":"2023-06-09T15:03:25","date_gmt":"2023-06-09T13:03:25","guid":{"rendered":"https:\/\/www.corpeverest.com\/la-nostra-companyia\/"},"modified":"2025-08-04T11:22:08","modified_gmt":"2025-08-04T09:22:08","slug":"la-nostra-companyia","status":"publish","type":"page","link":"https:\/\/corpeverest.com\/ca\/la-nostra-companyia\/","title":{"rendered":"La nostra empresa"},"content":{"rendered":"\n\n  <div class=\"banner has-hover has-video\" id=\"banner-237183407\">\n          <div class=\"banner-inner fill\">\n        <div class=\"banner-bg fill\" >\n                        \t<div class=\"video-overlay no-click fill visible\"><\/div>\n\t<video class=\"video-bg fill visible\" preload playsinline autoplay muted loop>\n\t\t<source src=\"https:\/\/corpeverest.com\/wp-content\/uploads\/2023\/06\/nuestra-compania.mp4\" type=\"video\/mp4\">\t<\/video>\n            <div class=\"overlay\"><\/div>            \n                    <\/div>\n\t\t\n        <div class=\"banner-layers container\">\n            <div class=\"fill banner-link\"><\/div>            \n\n   <div id=\"text-box-134257166\" class=\"text-box banner-layer x95 md-x100 lg-x100 y100 md-y50 lg-y50 res-text\">\n                                <div class=\"text-box-content text dark\">\n              \n              <div class=\"text-inner text-right\">\n                  \n\n<h1><strong>La nostra empresa<\/strong><\/h1>\n<div class=\"is-divider divider clearfix\" style=\"max-width:117px;height:13px;background-color:rgb(231, 59, 72);\"><\/div>\n\n\n              <\/div>\n           <\/div>\n                            \n<style>\n#text-box-134257166 {\n  width: 90%;\n}\n#text-box-134257166 .text-box-content {\n  font-size: 100%;\n}\n@media (min-width:550px) {\n  #text-box-134257166 {\n    width: 100%;\n  }\n}\n<\/style>\n    <\/div>\n \n\n        <\/div>\n      <\/div>\n\n            \n<style>\n#banner-237183407 {\n  padding-top: 200px;\n}\n#banner-237183407 .overlay {\n  background-color: rgba(0, 0, 0, 0.2);\n}\n@media (min-width:550px) {\n  #banner-237183407 {\n    padding-top: 400px;\n  }\n}\n<\/style>\n  <\/div>\n\n\n<p><div class=\"row\"  id=\"row-1336528880\"><\/p>\n<p>\n\t<div id=\"col-1658428728\" class=\"col small-12 large-12\"  >\n\t\t\t\t<div class=\"col-inner\"  >\n\t\t\t\n\t\t\t<\/p>\n<p><\/p>\n<p><span><span><a href=\"https:\/\/corpeverest.com\/ca\/\">Inicio<\/a><\/span><\/span><br \/>\n<\/p>\n<p>\t\t<\/div>\n\t\t\t\t\t<\/div>\n\n\t<\/p>\n<p><\/div><\/p>\n\n\n<div class=\"row\"  id=\"row-1530382284\">\n\n\n\t<div id=\"col-970104495\" class=\"col medium-5 small-12 large-5\"  data-animate=\"fadeInLeft\">\n\t\t\t\t<div class=\"col-inner\"  >\n\t\t\t\n\t\t\t\n\n<h2>Grup Everest<\/h2>\n<div class=\"is-divider divider clearfix\" style=\"max-width:117px;height:13px;background-color:rgb(231, 59, 72);\"><\/div>\n\n\t<div id=\"gap-287396679\" class=\"gap-element clearfix\" style=\"display:block; height:auto;\">\n\t\t\n<style>\n#gap-287396679 {\n  padding-top: 20px;\n}\n<\/style>\n\t<\/div>\n\t\n\n<p style=\"text-align: justify;\">Corporaci\u00f3 Everest \u00e9s un grup d\u2019empreses amb activitat en el sector dels serveis mediambientals.<\/p>\n<p style=\"text-align: justify;\">El Grup col\u00b7labora amb el sector p\u00fablic i privat (industrial, construcci\u00f3, distribuci\u00f3, gran consum, urb\u00e0), oferint serveis que inclouen:<\/p>\n<ul>\n<li style=\"text-align: justify;\">Recollida i transport de residus<\/li>\n<li style=\"text-align: justify;\">Gesti\u00f3 integral, tractament de residus i reciclatge<\/li>\n<li style=\"text-align: justify;\">Valoritzaci\u00f3 de subproductes (paper, cartr\u00f3, pl\u00e0stic, metalls, fusta)<\/li>\n<li style=\"text-align: justify;\">Elaboraci\u00f3 de combustibles alternatius (CDR\/CSR, biomassa)<\/li>\n<li style=\"text-align: justify;\">Assessorament avan\u00e7at i consultoria<\/li>\n<\/ul>\n<a href=\"https:\/\/corpeverest.com\/ca\/contacte\/\" class=\"button secondary hidden\"  >\n\t\t<span>CONTACTA&apos;NS<\/span>\n\t<\/a>\n\n\n\n\t\t<\/div>\n\t\t\t\t\t<\/div>\n\n\t\n\n\t<div id=\"col-1772002728\" class=\"col medium-7 small-12 large-7\"  data-animate=\"fadeInRight\">\n\t\t\t\t<div class=\"col-inner\"  >\n\t\t\t\n\t\t\t\n\n\t<div id=\"gap-264939153\" class=\"gap-element clearfix\" style=\"display:block; height:auto;\">\n\t\t\n<style>\n#gap-264939153 {\n  padding-top: 40px;\n}\n@media (min-width:550px) {\n  #gap-264939153 {\n    padding-top: 120px;\n  }\n}\n<\/style>\n\t<\/div>\n\t\n\n\n\n\n\t\t<\/div>\n\t\t\t\t\t<\/div>\n\n\t\n\n<\/div>\n<div class=\"row\"  id=\"row-785791134\">\n\n\n\t<div id=\"col-780053691\" class=\"col medium-3 small-12 large-3\"  >\n\t\t\t\t<div class=\"col-inner\"  >\n\t\t\t\n\t\t\t\n\n\n\t\t<div class=\"icon-box featured-box icon-box-top text-left\"  >\n\t\t\t\t\t<div class=\"icon-box-img\" style=\"width: 30px\">\n\t\t\t\t<div class=\"icon\">\n\t\t\t\t\t<div class=\"icon-inner\" >\n\t\t\t\t\t\t<img loading=\"lazy\" decoding=\"async\" width=\"1\" height=\"1\" src=\"https:\/\/corpeverest.com\/wp-content\/uploads\/2023\/07\/location-mark.svg\" class=\"attachment-medium size-medium\" alt=\"\" \/>\t\t\t\t\t<\/div>\n\t\t\t\t<\/div>\n\t\t\t<\/div>\n\t\t\t\t<div class=\"icon-box-text last-reset\">\n\t\t\t\t\t\t\t\t\t\n\n<p><a href=https:\/\/www.google.com\/maps\/place\/Carrer+del+Mas+Baiona,+58,+08202+Sabadell,+Barcelona\/@41.5385394,2.1327502,1061m\/data=!3m2!1e3!4b1!4m6!3m5!1s0x12a495832cfc9bdd:0xa37eb520e2de330f!8m2!3d41.5385394!4d2.1353251!16s%2Fg%2F11c4f9z24m?entry=ttu&#038;g_ep=EgoyMDI1MDYwMy4wIKXMDSoASAFQAw%3D%3D\" target=\"_blank\"><\/p>\n<h4>Oficines Generals i Planta Intercomarcal del Reciclatge (PIRSA)<\/h4>\n<p>C\/ Mas Baiona, 58. PI Can Roqueta.  08202. Sabadell.<\/p>\n<p><\/a><\/p>\n\n\t\t<\/div>\n\t<\/div>\n\t\n\t\n\n\t\t<\/div>\n\t\t\t\t\t<\/div>\n\n\t\n\n\t<div id=\"col-930311428\" class=\"col medium-3 small-12 large-3\"  >\n\t\t\t\t<div class=\"col-inner\"  >\n\t\t\t\n\t\t\t\n\n\n\t\t<div class=\"icon-box featured-box icon-box-top text-left\"  >\n\t\t\t\t\t<div class=\"icon-box-img\" style=\"width: 30px\">\n\t\t\t\t<div class=\"icon\">\n\t\t\t\t\t<div class=\"icon-inner\" >\n\t\t\t\t\t\t<img loading=\"lazy\" decoding=\"async\" width=\"1\" height=\"1\" src=\"https:\/\/corpeverest.com\/wp-content\/uploads\/2023\/07\/location-mark.svg\" class=\"attachment-medium size-medium\" alt=\"\" \/>\t\t\t\t\t<\/div>\n\t\t\t\t<\/div>\n\t\t\t<\/div>\n\t\t\t\t<div class=\"icon-box-text last-reset\">\n\t\t\t\t\t\t\t\t\t\n\n<p><a href=https:\/\/www.google.com\/maps\/place\/Carrer+de+Jovellanos,+100,+08930+Sant+Adri%C3%A0+de+Bes%C3%B2s,+Barcelona\/@41.4281301,2.2073395,523m\/data=!3m2!1e3!4b1!4m6!3m5!1s0x12a4bcb0dcecdff7:0xccf1617561477e1d!8m2!3d41.4281261!4d2.2099144!16s%2Fg%2F11cscdsjhf?authuser=0&#038;entry=ttu&#038;g_ep=EgoyMDI1MDYwMS4wIKXMDSoASAFQAw%3D%3D\" target=\"_blank\"><\/p>\n<h4>Planta Intercomarcal d&#8217;Economia Circular (PIDEC)<\/h4>\n<p>C\/ Jovellanos, 100-150. PI Montsol\u00eds.08930. St Adri\u00e0 de Bes\u00f2s.  <\/p>\n<p><\/a><\/p>\n\t<div id=\"gap-1989219922\" class=\"gap-element clearfix show-for-small\" style=\"display:block; height:auto;\">\n\t\t\n<style>\n#gap-1989219922 {\n  padding-top: 2rem;\n}\n@media (min-width:550px) {\n  #gap-1989219922 {\n    padding-top: 30px;\n  }\n}\n<\/style>\n\t<\/div>\n\t\n\n\n\t\t<\/div>\n\t<\/div>\n\t\n\t\n\n\t\t<\/div>\n\t\t\t\t\t<\/div>\n\n\t\n\n\t<div id=\"col-97612367\" class=\"col medium-3 small-12 large-3\"  >\n\t\t\t\t<div class=\"col-inner\"  >\n\t\t\t\n\t\t\t\n\n\n\t\t<div class=\"icon-box featured-box icon-box-top text-left\"  >\n\t\t\t\t\t<div class=\"icon-box-img\" style=\"width: 30px\">\n\t\t\t\t<div class=\"icon\">\n\t\t\t\t\t<div class=\"icon-inner\" >\n\t\t\t\t\t\t<img loading=\"lazy\" decoding=\"async\" width=\"1\" height=\"1\" src=\"https:\/\/corpeverest.com\/wp-content\/uploads\/2023\/07\/location-mark.svg\" class=\"attachment-medium size-medium\" alt=\"\" \/>\t\t\t\t\t<\/div>\n\t\t\t\t<\/div>\n\t\t\t<\/div>\n\t\t\t\t<div class=\"icon-box-text last-reset\">\n\t\t\t\t\t\t\t\t\t\n\n<p><a href=\"https:\/\/www.google.com\/maps\/place\/Avinguda+de+Can+Roqueta,+35,+08202+Sabadell,+Barcelona\/@41.53782,2.1327057,1061m\/data=!3m2!1e3!4b1!4m6!3m5!1s0x12a4958335bad2d1:0x2b1a13d35c64b05a!8m2!3d41.53782!4d2.1352806!16s%2Fg%2F11bw40w5xf?entry=ttu&#038;g_ep=EgoyMDI1MDYwMy4wIKXMDSoASAFQAw%3D%3D\" target=\"blank\"><\/p>\n<h4>Tractament i Dip\u00f2sit Ecol\u00f2gic<br> Industrial SA<\/h4>\n<p>Av. Can Roqueta, 35. 08202 Sabadell.  <\/p>\n<p><\/a><\/p>\n\n\t\t<\/div>\n\t<\/div>\n\t\n\t\n\n\t\t<\/div>\n\t\t\t\t\t<\/div>\n\n\t\n\n\t<div id=\"col-600801401\" class=\"col medium-3 small-12 large-3\"  >\n\t\t\t\t<div class=\"col-inner\"  >\n\t\t\t\n\t\t\t\n\n\n\t\t<div class=\"icon-box featured-box icon-box-top text-left\"  >\n\t\t\t\t\t<div class=\"icon-box-img\" style=\"width: 30px\">\n\t\t\t\t<div class=\"icon\">\n\t\t\t\t\t<div class=\"icon-inner\" >\n\t\t\t\t\t\t<img loading=\"lazy\" decoding=\"async\" width=\"1\" height=\"1\" src=\"https:\/\/corpeverest.com\/wp-content\/uploads\/2023\/07\/location-mark.svg\" class=\"attachment-medium size-medium\" alt=\"\" \/>\t\t\t\t\t<\/div>\n\t\t\t\t<\/div>\n\t\t\t<\/div>\n\t\t\t\t<div class=\"icon-box-text last-reset\">\n\t\t\t\t\t\t\t\t\t\n\n<p><a href=\"https:\/\/www.google.com\/maps\/place\/Vertedero+de+Castellar\/@41.6145209,2.0485346,1044m\/data=!3m1!1e3!4m6!3m5!1s0x12a4eb63e8b3a0e1:0xe98d2f16208182b3!8m2!3d41.614521!4d2.05254!16s%2Fg%2F11c1vrn3wf?authuser=0&#038;entry=ttu&#038;g_ep=EgoyMDI1MDYwMy4wIKXMDSoASAFQAw%3D%3D\" target=\"BLANK\"><\/p>\n<h4>UTE CASTELLAR<\/h4>\n<p>Crta. C- Km. 2, C-1415a, 08211 Castellar del Vall\u00e8s, Barcelona <\/p>\n<p><\/a><\/p>\n\n\t\t<\/div>\n\t<\/div>\n\t\n\t\n\n\t\t<\/div>\n\t\t\t\t\t<\/div>\n\n\t\n\n<\/div>\n\n\t<section class=\"section\" id=\"section_1806304816\">\n\t\t<div class=\"section-bg fill\" >\n\t\t\t\t\t\t\t\t\t\n\t\t\t\n\n\t\t<\/div>\n\n\t\t\n\n\t\t<div class=\"section-content relative\">\n\t\t\t\n\n<div class=\"row\"  id=\"row-193744148\">\n\n\n\t<div id=\"col-2110007897\" class=\"col small-12 large-12\"  >\n\t\t\t\t<div class=\"col-inner\"  >\n\t\t\t\n\t\t\t\n\n<h2>Instal\u00b7lacions, equips<br> i infraestructura<\/h2>\n<div class=\"is-divider divider clearfix\" style=\"max-width:117px;height:13px;background-color:rgb(231, 59, 72);\"><\/div>\n\n\t<div id=\"gap-852002985\" class=\"gap-element clearfix\" style=\"display:block; height:auto;\">\n\t\t\n<style>\n#gap-852002985 {\n  padding-top: 20px;\n}\n<\/style>\n\t<\/div>\n\t\n\n\n\t\t<\/div>\n\t\t\t\t\t<\/div>\n\n\t\n\n<\/div>\n<div class=\"row align-equal\"  id=\"row-149414688\">\n\n\n\t<div id=\"col-1132562271\" class=\"col medium-4 small-12 large-4\"  data-animate=\"bounceIn\">\n\t\t\t\t<div class=\"col-inner box-shadow-2\" style=\"background-color:rgb(255, 255, 255);\" >\n\t\t\t\n\t\t\t\n\n\t<div class=\"img has-hover iconos-svg x md-x lg-x y md-y lg-y\" id=\"image_1506055224\">\n\t\t\t\t\t\t\t\t<div class=\"img-inner dark\" >\n\t\t\t<img decoding=\"async\" src=\"https:\/\/corpeverest.com\/wp-content\/uploads\/2023\/06\/camiones.svg\" class=\"attachment-original size-original\" alt=\"\" \/>\t\t\t\t\t\t\n\t\t\t\t\t<\/div>\n\t\t\t\t\t\t\t\t\n<style>\n#image_1506055224 {\n  width: 100%;\n}\n<\/style>\n\t<\/div>\n\t\n\n<h3>+220<br> camions<\/h3>\n<p>a la nostra flota<\/p>\n\n\t\t<\/div>\n\t\t\t\t\n<style>\n#col-1132562271 > .col-inner {\n  padding: 35px 35px 10px 35px;\n}\n<\/style>\n\t<\/div>\n\n\t\n\n\t<div id=\"col-1230849683\" class=\"col medium-4 small-12 large-4\"  data-animate=\"bounceIn\">\n\t\t\t\t<div class=\"col-inner box-shadow-2\" style=\"background-color:rgb(255, 255, 255);\" >\n\t\t\t\n\t\t\t\n\n\t<div class=\"img has-hover iconos-svg x md-x lg-x y md-y lg-y\" id=\"image_1941544089\">\n\t\t\t\t\t\t\t\t<div class=\"img-inner dark\" >\n\t\t\t<img decoding=\"async\" src=\"https:\/\/corpeverest.com\/wp-content\/uploads\/2023\/06\/instalacion-valorizacion.svg\" class=\"attachment-original size-original\" alt=\"\" \/>\t\t\t\t\t\t\n\t\t\t\t\t<\/div>\n\t\t\t\t\t\t\t\t\n<style>\n#image_1941544089 {\n  width: 100%;\n}\n<\/style>\n\t<\/div>\n\t\n\n<h3>Instal\u00b7laci\u00f3 de valoritzaci\u00f3<\/h3>\n<p>d&#8217;un total de 11 subproductes i elaboraci\u00f3 de combustibles alternatius (Sabadell)<\/p>\n\n\t\t<\/div>\n\t\t\t\t\n<style>\n#col-1230849683 > .col-inner {\n  padding: 35px 35px 10px 35px;\n}\n<\/style>\n\t<\/div>\n\n\t\n\n\t<div id=\"col-1913605026\" class=\"col medium-4 small-12 large-4\"  data-animate=\"bounceIn\">\n\t\t\t\t<div class=\"col-inner box-shadow-2\" style=\"background-color:rgb(255, 255, 255);\" >\n\t\t\t\n\t\t\t\n\n\t<div class=\"img has-hover iconos-svg x md-x lg-x y md-y lg-y\" id=\"image_1292963154\">\n\t\t\t\t\t\t\t\t<div class=\"img-inner dark\" >\n\t\t\t<img decoding=\"async\" src=\"https:\/\/corpeverest.com\/wp-content\/uploads\/2023\/06\/2-plantas.svg\" class=\"attachment-original size-original\" alt=\"\" \/>\t\t\t\t\t\t\n\t\t\t\t\t<\/div>\n\t\t\t\t\t\t\t\t\n<style>\n#image_1292963154 {\n  width: 100%;\n}\n<\/style>\n\t<\/div>\n\t\n\n<h3>2 Plantes<\/h3>\n<p>per al tractament i la valoritzaci\u00f3 de residus i classificaci\u00f3 d&#8217;envasos. Producci\u00f3 de CDR <\/p>\n\n\t\t<\/div>\n\t\t\t\t\n<style>\n#col-1913605026 > .col-inner {\n  padding: 35px 35px 10px 35px;\n}\n<\/style>\n\t<\/div>\n\n\t\n\n\t<div id=\"col-179714576\" class=\"col medium-4 small-12 large-4\"  data-animate=\"bounceIn\">\n\t\t\t\t<div class=\"col-inner\" style=\"background-color:rgb(255, 255, 255);\" >\n\t\t\t\n\t\t\t\n\n\t<div class=\"img has-hover iconos-svg x md-x lg-x y md-y lg-y\" id=\"image_898123685\">\n\t\t\t\t\t\t\t\t<div class=\"img-inner dark\" >\n\t\t\t<img decoding=\"async\" src=\"https:\/\/corpeverest.com\/wp-content\/uploads\/2023\/06\/10000-contenedores.svg\" class=\"attachment-original size-original\" alt=\"\" \/>\t\t\t\t\t\t\n\t\t\t\t\t<\/div>\n\t\t\t\t\t\t\t\t\n<style>\n#image_898123685 {\n  width: 100%;\n}\n<\/style>\n\t<\/div>\n\t\n\n<h3>10.000<br> contenidors<\/h3>\n<p>i 300 compactadores a casa dels nostres clients<\/p>\n\n\t\t<\/div>\n\t\t\t\t\n<style>\n#col-179714576 > .col-inner {\n  padding: 35px 35px 10px 35px;\n}\n<\/style>\n\t<\/div>\n\n\t\n\n\t<div id=\"col-1037344032\" class=\"col medium-4 small-12 large-4\"  data-animate=\"bounceIn\">\n\t\t\t\t<div class=\"col-inner\" style=\"background-color:rgb(255, 255, 255);\" >\n\t\t\t\n\t\t\t\n\n\t<div class=\"img has-hover iconos-svg x md-x lg-x y md-y lg-y\" id=\"image_1959466759\">\n\t\t\t\t\t\t\t\t<div class=\"img-inner dark\" >\n\t\t\t<img decoding=\"async\" src=\"https:\/\/corpeverest.com\/wp-content\/uploads\/2023\/06\/deposito-controlado-propio.svg\" class=\"attachment-original size-original\" alt=\"\" \/>\t\t\t\t\t\t\n\t\t\t\t\t<\/div>\n\t\t\t\t\t\t\t\t\n<style>\n#image_1959466759 {\n  width: 100%;\n}\n<\/style>\n\t<\/div>\n\t\n\n<h3>Dip\u00f2sit controlat propi<\/h3>\n<p>i de reciclatge d&#8217;\u00e0rids i residus de la construcci\u00f3 (Castellar del Vall\u00e8s)<\/p>\n\n\t\t<\/div>\n\t\t\t\t\n<style>\n#col-1037344032 > .col-inner {\n  padding: 35px 35px 10px 35px;\n}\n<\/style>\n\t<\/div>\n\n\t\n\n\t<div id=\"col-986856971\" class=\"col medium-4 small-12 large-4\"  data-animate=\"bounceIn\">\n\t\t\t\t<div class=\"col-inner\" style=\"background-color:rgb(255, 255, 255);\" >\n\t\t\t\n\t\t\t\n\n\t<div class=\"img has-hover iconos-svg x md-x lg-x y md-y lg-y\" id=\"image_1690656413\">\n\t\t\t\t\t\t\t\t<div class=\"img-inner dark\" >\n\t\t\t<img decoding=\"async\" src=\"https:\/\/corpeverest.com\/wp-content\/uploads\/2023\/06\/152700m2.svg\" class=\"attachment-original size-original\" alt=\"\" \/>\t\t\t\t\t\t\n\t\t\t\t\t<\/div>\n\t\t\t\t\t\t\t\t\n<style>\n#image_1690656413 {\n  width: 100%;\n}\n<\/style>\n\t<\/div>\n\t\n\n<h3>152.700 m\u00b2<\/h3>\n<p>d&#8217;infraestructura a instal\u00b7lacions industrials, tallers i oficines.<\/p>\n\n\t\t<\/div>\n\t\t\t\t\n<style>\n#col-986856971 > .col-inner {\n  padding: 35px 35px 10px 35px;\n}\n<\/style>\n\t<\/div>\n\n\t\n\n<\/div>\n\n\t\t<\/div>\n\n\t\t\n<style>\n#section_1806304816 {\n  padding-top: 30px;\n  padding-bottom: 30px;\n  background-color: rgb(249, 246, 243);\n}\n<\/style>\n\t<\/section>\n\t\n\n\t<section class=\"section\" id=\"section_636374649\">\n\t\t<div class=\"section-bg fill\" >\n\t\t\t\t\t\t\t\t\t\n\t\t\t\n\n\t\t<\/div>\n\n\t\t\n\n\t\t<div class=\"section-content relative\">\n\t\t\t\n\n\t<div id=\"gap-1549110880\" class=\"gap-element clearfix\" style=\"display:block; height:auto;\">\n\t\t\n<style>\n#gap-1549110880 {\n  padding-top: 20px;\n}\n<\/style>\n\t<\/div>\n\t\n\n<div class=\"row align-middle\"  id=\"row-795405827\">\n\n\n\t<div id=\"col-709228900\" class=\"col medium-4 small-12 large-4\"  >\n\t\t\t\t<div class=\"col-inner\"  >\n\t\t\t\n\t\t\t\n\n<h3>La superf\u00edcie total del<br> Grup consta de:<\/h3>\n\n\t\t<\/div>\n\t\t\t\t\t<\/div>\n\n\t\n\n\t<div id=\"col-1196383745\" class=\"col medium-8 small-12 large-8\"  >\n\t\t\t\t<div class=\"col-inner\"  >\n\t\t\t\n\t\t\t\n\n<div class=\"row row-collapse align-middle\"  id=\"row-248014757\">\n\n\n\t<div id=\"col-1145052830\" class=\"col medium-4 small-12 large-4\"  data-animate=\"bounceIn\">\n\t\t\t\t<div class=\"col-inner text-center\" style=\"background-color:rgb(255, 255, 255);\" >\n\t\t\t\n\t\t\t\n\n\t<div class=\"img has-hover iconos-svg x md-x lg-x y md-y lg-y\" id=\"image_160777559\">\n\t\t\t\t\t\t\t\t<div class=\"img-inner dark\" >\n\t\t\t<img decoding=\"async\" src=\"https:\/\/corpeverest.com\/wp-content\/uploads\/2023\/06\/152700m2.svg\" class=\"attachment-original size-original\" alt=\"\" \/>\t\t\t\t\t\t\n\t\t\t\t\t<\/div>\n\t\t\t\t\t\t\t\t\n<style>\n#image_160777559 {\n  width: 100%;\n}\n<\/style>\n\t<\/div>\n\t\n\n<h3>700 m\u00b2<\/h3>\n<p>d&#8217;oficines<\/p>\n\n\t\t<\/div>\n\t\t\t\t\n<style>\n#col-1145052830 > .col-inner {\n  padding: 35px 35px 35px 35px;\n}\n<\/style>\n\t<\/div>\n\n\t\n\n\t<div id=\"col-316168924\" class=\"col medium-4 small-12 large-4\"  data-animate=\"blurIn\">\n\t\t\t\t<div class=\"col-inner text-center\" style=\"background-color:rgb(255, 255, 255);\" >\n\t\t\t\n\t\t\t\n\n\t<div class=\"img has-hover iconos-svg x md-x lg-x y md-y lg-y\" id=\"image_1398259995\">\n\t\t\t\t\t\t\t\t<div class=\"img-inner dark\" >\n\t\t\t<img decoding=\"async\" src=\"https:\/\/corpeverest.com\/wp-content\/uploads\/2023\/06\/talleres.svg\" class=\"attachment-original size-original\" alt=\"\" \/>\t\t\t\t\t\t\n\t\t\t\t\t<\/div>\n\t\t\t\t\t\t\t\t\n<style>\n#image_1398259995 {\n  width: 100%;\n}\n<\/style>\n\t<\/div>\n\t\n\n<h3>2000 m\u00b2<\/h3>\n<p>de tallers<\/p>\n\n\t\t<\/div>\n\t\t\t\t\n<style>\n#col-316168924 > .col-inner {\n  padding: 35px 35px 35px 35px;\n}\n<\/style>\n\t<\/div>\n\n\t\n\n\t<div id=\"col-1340375003\" class=\"col medium-4 small-12 large-4\"  data-animate=\"bounceIn\">\n\t\t\t\t<div class=\"col-inner text-center\" style=\"background-color:rgb(255, 255, 255);\" >\n\t\t\t\n\t\t\t\n\n\t<div class=\"img has-hover iconos-svg x md-x lg-x y md-y lg-y\" id=\"image_412986860\">\n\t\t\t\t\t\t\t\t<div class=\"img-inner dark\" >\n\t\t\t<img decoding=\"async\" src=\"https:\/\/corpeverest.com\/wp-content\/uploads\/2023\/06\/152700m2.svg\" class=\"attachment-original size-original\" alt=\"\" \/>\t\t\t\t\t\t\n\t\t\t\t\t<\/div>\n\t\t\t\t\t\t\t\t\n<style>\n#image_412986860 {\n  width: 100%;\n}\n<\/style>\n\t<\/div>\n\t\n\n<h3>150.000 m\u00b2<\/h3>\n<p>m2 d&#8217;instal\u00b7lacions<\/p>\n\n\t\t<\/div>\n\t\t\t\t\n<style>\n#col-1340375003 > .col-inner {\n  padding: 35px 30px 35px 35px;\n}\n<\/style>\n\t<\/div>\n\n\t\n\n<\/div>\n\n\t\t<\/div>\n\t\t\t\t\t<\/div>\n\n\t\n\n<\/div>\n\n\t\t<\/div>\n\n\t\t\n<style>\n#section_636374649 {\n  padding-top: 30px;\n  padding-bottom: 30px;\n}\n<\/style>\n\t<\/section>\n\t\n\n","protected":false},"excerpt":{"rendered":"","protected":false},"author":2,"featured_media":0,"parent":0,"menu_order":10,"comment_status":"closed","ping_status":"closed","template":"page-single-page-nav-transparent.php","meta":{"_acf_changed":false,"footnotes":""},"class_list":["post-1066","page","type-page","status-publish","hentry"],"acf":[],"yoast_head":"<!-- This site is optimized with the Yoast SEO plugin v27.0 - https:\/\/yoast.com\/product\/yoast-seo-wordpress\/ -->\n<title>La nostra empresa - Corporaci\u00f3n Everest<\/title>\n<meta name=\"description\" content=\"El Grup col\u00b7labora amb el sector p\u00fablic i privat, oferint serveis que inclouen: Recollida i transport de residus, etc.\" \/>\n<meta name=\"robots\" content=\"index, follow, max-snippet:-1, max-image-preview:large, max-video-preview:-1\" \/>\n<link rel=\"canonical\" href=\"https:\/\/corpeverest.com\/ca\/la-nostra-companyia\/\" \/>\n<meta property=\"og:locale\" content=\"ca_ES\" \/>\n<meta property=\"og:type\" content=\"article\" \/>\n<meta property=\"og:title\" content=\"La nostra empresa - Corporaci\u00f3n Everest\" \/>\n<meta property=\"og:description\" content=\"El Grup col\u00b7labora amb el sector p\u00fablic i privat, oferint serveis que inclouen: Recollida i transport de residus, etc.\" \/>\n<meta property=\"og:url\" content=\"https:\/\/corpeverest.com\/ca\/la-nostra-companyia\/\" \/>\n<meta property=\"og:site_name\" content=\"Corporaci\u00f3n Everest\" \/>\n<meta property=\"article:modified_time\" content=\"2025-08-04T09:22:08+00:00\" \/>\n<meta name=\"twitter:card\" content=\"summary_large_image\" \/>\n<meta name=\"twitter:label1\" content=\"Temps estimat de lectura\" \/>\n\t<meta name=\"twitter:data1\" content=\"3 minuts\" \/>\n<script type=\"application\/ld+json\" class=\"yoast-schema-graph\">{\"@context\":\"https:\/\/schema.org\",\"@graph\":[{\"@type\":\"WebPage\",\"@id\":\"https:\/\/corpeverest.com\/ca\/la-nostra-companyia\/\",\"url\":\"https:\/\/corpeverest.com\/ca\/la-nostra-companyia\/\",\"name\":\"La nostra empresa - Corporaci\u00f3n Everest\",\"isPartOf\":{\"@id\":\"https:\/\/corpeverest.com\/ca\/#website\"},\"datePublished\":\"2023-06-09T13:03:25+00:00\",\"dateModified\":\"2025-08-04T09:22:08+00:00\",\"description\":\"El Grup col\u00b7labora amb el sector p\u00fablic i privat, oferint serveis que inclouen: Recollida i transport de residus, etc.\",\"breadcrumb\":{\"@id\":\"https:\/\/corpeverest.com\/ca\/la-nostra-companyia\/#breadcrumb\"},\"inLanguage\":\"ca\",\"potentialAction\":[{\"@type\":\"ReadAction\",\"target\":[\"https:\/\/corpeverest.com\/ca\/la-nostra-companyia\/\"]}]},{\"@type\":\"BreadcrumbList\",\"@id\":\"https:\/\/corpeverest.com\/ca\/la-nostra-companyia\/#breadcrumb\",\"itemListElement\":[{\"@type\":\"ListItem\",\"position\":1,\"name\":\"Inicio\",\"item\":\"https:\/\/corpeverest.com\/ca\/\"},{\"@type\":\"ListItem\",\"position\":2,\"name\":\"La nostra empresa\"}]},{\"@type\":\"WebSite\",\"@id\":\"https:\/\/corpeverest.com\/ca\/#website\",\"url\":\"https:\/\/corpeverest.com\/ca\/\",\"name\":\"Corporaci\u00f3n Everest\",\"description\":\"\",\"publisher\":{\"@id\":\"https:\/\/corpeverest.com\/ca\/#organization\"},\"potentialAction\":[{\"@type\":\"SearchAction\",\"target\":{\"@type\":\"EntryPoint\",\"urlTemplate\":\"https:\/\/corpeverest.com\/ca\/?s={search_term_string}\"},\"query-input\":{\"@type\":\"PropertyValueSpecification\",\"valueRequired\":true,\"valueName\":\"search_term_string\"}}],\"inLanguage\":\"ca\"},{\"@type\":\"Organization\",\"@id\":\"https:\/\/corpeverest.com\/ca\/#organization\",\"name\":\"Corporaci\u00f3n Everest\",\"url\":\"https:\/\/corpeverest.com\/ca\/\",\"logo\":{\"@type\":\"ImageObject\",\"inLanguage\":\"ca\",\"@id\":\"https:\/\/corpeverest.com\/ca\/#\/schema\/logo\/image\/\",\"url\":\"https:\/\/corpeverest.com\/wp-content\/uploads\/2025\/06\/Logo-Corp.-Everest-8-e1750092926475.png\",\"contentUrl\":\"https:\/\/corpeverest.com\/wp-content\/uploads\/2025\/06\/Logo-Corp.-Everest-8-e1750092926475.png\",\"width\":500,\"height\":180,\"caption\":\"Corporaci\u00f3n Everest\"},\"image\":{\"@id\":\"https:\/\/corpeverest.com\/ca\/#\/schema\/logo\/image\/\"}}]}<\/script>\n<!-- \/ Yoast SEO plugin. -->","yoast_head_json":{"title":"La nostra empresa - Corporaci\u00f3n Everest","description":"El Grup col\u00b7labora amb el sector p\u00fablic i privat, oferint serveis que inclouen: Recollida i transport de residus, etc.","robots":{"index":"index","follow":"follow","max-snippet":"max-snippet:-1","max-image-preview":"max-image-preview:large","max-video-preview":"max-video-preview:-1"},"canonical":"https:\/\/corpeverest.com\/ca\/la-nostra-companyia\/","og_locale":"ca_ES","og_type":"article","og_title":"La nostra empresa - Corporaci\u00f3n Everest","og_description":"El Grup col\u00b7labora amb el sector p\u00fablic i privat, oferint serveis que inclouen: Recollida i transport de residus, etc.","og_url":"https:\/\/corpeverest.com\/ca\/la-nostra-companyia\/","og_site_name":"Corporaci\u00f3n Everest","article_modified_time":"2025-08-04T09:22:08+00:00","twitter_card":"summary_large_image","twitter_misc":{"Temps estimat de lectura":"3 minuts"},"schema":{"@context":"https:\/\/schema.org","@graph":[{"@type":"WebPage","@id":"https:\/\/corpeverest.com\/ca\/la-nostra-companyia\/","url":"https:\/\/corpeverest.com\/ca\/la-nostra-companyia\/","name":"La nostra empresa - Corporaci\u00f3n Everest","isPartOf":{"@id":"https:\/\/corpeverest.com\/ca\/#website"},"datePublished":"2023-06-09T13:03:25+00:00","dateModified":"2025-08-04T09:22:08+00:00","description":"El Grup col\u00b7labora amb el sector p\u00fablic i privat, oferint serveis que inclouen: Recollida i transport de residus, etc.","breadcrumb":{"@id":"https:\/\/corpeverest.com\/ca\/la-nostra-companyia\/#breadcrumb"},"inLanguage":"ca","potentialAction":[{"@type":"ReadAction","target":["https:\/\/corpeverest.com\/ca\/la-nostra-companyia\/"]}]},{"@type":"BreadcrumbList","@id":"https:\/\/corpeverest.com\/ca\/la-nostra-companyia\/#breadcrumb","itemListElement":[{"@type":"ListItem","position":1,"name":"Inicio","item":"https:\/\/corpeverest.com\/ca\/"},{"@type":"ListItem","position":2,"name":"La nostra empresa"}]},{"@type":"WebSite","@id":"https:\/\/corpeverest.com\/ca\/#website","url":"https:\/\/corpeverest.com\/ca\/","name":"Corporaci\u00f3n Everest","description":"","publisher":{"@id":"https:\/\/corpeverest.com\/ca\/#organization"},"potentialAction":[{"@type":"SearchAction","target":{"@type":"EntryPoint","urlTemplate":"https:\/\/corpeverest.com\/ca\/?s={search_term_string}"},"query-input":{"@type":"PropertyValueSpecification","valueRequired":true,"valueName":"search_term_string"}}],"inLanguage":"ca"},{"@type":"Organization","@id":"https:\/\/corpeverest.com\/ca\/#organization","name":"Corporaci\u00f3n Everest","url":"https:\/\/corpeverest.com\/ca\/","logo":{"@type":"ImageObject","inLanguage":"ca","@id":"https:\/\/corpeverest.com\/ca\/#\/schema\/logo\/image\/","url":"https:\/\/corpeverest.com\/wp-content\/uploads\/2025\/06\/Logo-Corp.-Everest-8-e1750092926475.png","contentUrl":"https:\/\/corpeverest.com\/wp-content\/uploads\/2025\/06\/Logo-Corp.-Everest-8-e1750092926475.png","width":500,"height":180,"caption":"Corporaci\u00f3n Everest"},"image":{"@id":"https:\/\/corpeverest.com\/ca\/#\/schema\/logo\/image\/"}}]}},"_links":{"self":[{"href":"https:\/\/corpeverest.com\/ca\/wp-json\/wp\/v2\/pages\/1066","targetHints":{"allow":["GET"]}}],"collection":[{"href":"https:\/\/corpeverest.com\/ca\/wp-json\/wp\/v2\/pages"}],"about":[{"href":"https:\/\/corpeverest.com\/ca\/wp-json\/wp\/v2\/types\/page"}],"author":[{"embeddable":true,"href":"https:\/\/corpeverest.com\/ca\/wp-json\/wp\/v2\/users\/2"}],"replies":[{"embeddable":true,"href":"https:\/\/corpeverest.com\/ca\/wp-json\/wp\/v2\/comments?post=1066"}],"version-history":[{"count":11,"href":"https:\/\/corpeverest.com\/ca\/wp-json\/wp\/v2\/pages\/1066\/revisions"}],"predecessor-version":[{"id":2387,"href":"https:\/\/corpeverest.com\/ca\/wp-json\/wp\/v2\/pages\/1066\/revisions\/2387"}],"wp:attachment":[{"href":"https:\/\/corpeverest.com\/ca\/wp-json\/wp\/v2\/media?parent=1066"}],"curies":[{"name":"wp","href":"https:\/\/api.w.org\/{rel}","templated":true}]}}